{"id":9,"date":"2025-12-18T10:10:37","date_gmt":"2025-12-18T09:10:37","guid":{"rendered":"https:\/\/akademien.katholisch.de\/?page_id=9"},"modified":"2026-02-27T11:35:30","modified_gmt":"2026-02-27T10:35:30","slug":"widget-test","status":"publish","type":"page","link":"https:\/\/akademien.katholisch.de\/","title":{"rendered":"Startseite"},"content":{"rendered":"\t\t<div data-elementor-type=\"wp-page\" data-elementor-id=\"9\" class=\"elementor elementor-9\" data-elementor-post-type=\"page\">\n\t\t\t\t<div class=\"elementor-element elementor-element-0c294cf e-flex e-con-boxed e-con e-parent\" data-id=\"0c294cf\" data-element_type=\"container\">\n\t\t\t\t\t<div class=\"e-con-inner\">\n\t\t\t\t<div class=\"elementor-element elementor-element-03ac4be elementor-widget elementor-widget-ucaddon_Standorte_Detail\" data-id=\"03ac4be\" data-element_type=\"widget\" data-widget_type=\"ucaddon_Standorte_Detail.default\">\n\t\t\t\t<div class=\"elementor-widget-container\">\n\t\t\t\t\t\n<!-- start Standorte Detail -->\n<style>\/* widget: Standorte Detail *\/\n\n\/* PANEL *\/\n.ue-loc-panel{ display:none; }\n.ue-loc-panel.is-active{ display:block; }\n\n.ue-loc-grid {\n  display: flex;\n  flex-direction: row;\n}\n\n.ue-loc-sidebar {\n  background:#fbfcfe;\n  border-right:1px solid rgba(10,30,60,.08);\n  display:flex;\n  flex-direction:column;\n  min-height:100%;\n  width: 25%;\n}\n\n.ue-loc-main {\n  width: 75%;\n}\n\n\/* ===== HERO SPLIT ===== *\/\n.ue-hero{ position:relative; border-bottom:1px solid rgba(15,23,42,.08); }\n.ue-hero-row{ display:flex; flex-direction:column; }\n@media (min-width:1200px){\n  .ue-hero-row{ flex-direction:row; }\n}\n\n.ue-hero-media{\n  position:relative;\n  width:100%;\n  height:300px;\n  overflow:hidden;\n  background:#fff;\n}\n@media (min-width:768px){\n  .ue-hero-media{ height:450px; }\n}\n@media (min-width:1200px){\n  .ue-hero-media{ width:66.666%; height:450px; }\n}\n.ue-hero-img{ width:100%; height:100%; object-fit:cover; filter:grayscale(.2); transition:filter .7s ease; }\n.ue-hero-media:hover .ue-hero-img{ filter:grayscale(0); }\n.ue-hero-overlay{ position:absolute; inset:0; background:rgba(7,27,59,.05); }\n\n.ue-hero-contact{\n  width:100%;\n  background:#f8fafc;\n  padding:32px;\n  border-left:1px solid rgba(15,23,42,.12);\n  display:flex;\n  flex-direction:column;\n  justify-content:center;\n  gap:24px;\n}\n@media (min-width:768px){ .ue-hero-contact{ padding:48px; } }\n@media (min-width:1200px){ .ue-hero-contact{ width:33.333%; } }\n\n.ue-contact-kicker{\n  font-size:10px;\n  font-weight:900;\n  letter-spacing:.4em;\n  text-transform:uppercase;\n  color: var(--accent);\n}\n\n.ue-contact-list{ display:grid; gap:22px; }\n\n.ue-contact-item{\n  padding-left:14px;\n  border-left:2px solid transparent;\n  transition:border-color .2s ease;\n}\n.ue-contact-item:hover{ border-left-color: var(--accent); }\n\n.ue-contact-label{\n  font-size:9px;\n  font-weight:900;\n  letter-spacing:.28em;\n  text-transform:uppercase;\n  color: rgba(100,116,139,.9);\n}\n.ue-contact-value{\n  margin-top:4px;\n  font-size:14px;\n  font-weight:700;\n  color: rgba(30,41,59,.95);\n  word-break:break-word;\n}\n.ue-contact-link{\n  margin-top:4px;\n  display:inline-block;\n  font-size:14px;\n  font-weight:800;\n  color: var(--link);\n  text-decoration:none;\n  word-break:break-word;\n}\n.ue-contact-link:hover{ color: var(--navy); }\n\n.ue-hero-accent{\n  position:absolute;\n  left:0; right:0; bottom:0;\n  height:6px;\n  background: var(--accent);\n}\n\n\/* ===== SUBLINE ===== *\/\n.ue-subline-wrap{\n  padding:28px 38px 10px;\n}\n.ue-subline-accent{\n  width:80px;\n  height:3px;\n  background:var(--accent);\n  margin:0 0 12px;\n}\n.ue-subline{\n  font-size:40px;\n  line-height:1.15;\n  font-style:italic;\n  font-weight:900;\n  color: var(--navy);\n}\n\n\/* ===== MAIN CONTENT ===== *\/\n.ue-main{ padding:32px; }\n@media (min-width:768px){ .ue-main{ padding:64px; } }\n@media (min-width:1024px){ .ue-main{ padding:38px; } }\n\n.ue-main-grid{\n  display:grid;\n  grid-template-columns:1fr;\n  gap:64px;\n  align-items:start;\n}\n@media (min-width:1024px){\n  .ue-main-grid{ grid-template-columns: 5fr 7fr; }\n}\n\n\/* Portrait like React *\/\n.ue-portrait{\n  position:relative;\n  width:100%;\n  object-fit:cover;\n  border:4px solid #fff;\n  box-shadow: 0 18px 40px rgba(7,27,59,.18);\n}\n\n@media (max-width: 991px) {\n  .ue-portrait {\n    width: 30%;\n  }\n  .ue-loc-sidebar-foot {\n    display: none;\n  }\n  .ue-hero-media {\n    height: 100%;\n  }\n}\n\n\/* Quote block *\/\n.ue-quote-block{ position:relative; padding-top:16px; }\n.ue-quote-mark{\n  position:absolute;\n  top:-20px;\n  left:-36px;\n  font-size:160px;\n  font-style:italic;\n  font-family:serif;\n  color: rgba(7,27,59,.05);\n  line-height:1;\n  user-select:none;\n}\n.ue-quote{\n  font-size:32px;\n  line-height:1.1;\n  font-style:italic;\n  font-weight:300;\n  color: rgba(30,41,59,.95);\n  margin:0 0 28px;\n}\n@media (min-width:768px){\n  .ue-quote{ font-size:32px; }\n}\n\n.ue-author-line-row{ display:flex; align-items:center; gap:16px; }\n.ue-author-line{ width:48px; height:3px; background: var(--accent); }\n.ue-author{\n  font-size:20px;\n  font-weight:900;\n  text-transform:uppercase;\n  letter-spacing:-0.02em;\n  color: var(--navy);\n}\n.ue-author-role{\n  margin-left:64px;\n  margin-top:6px;\n  font-size:11px;\n  font-weight:800;\n  letter-spacing:.3em;\n  text-transform:uppercase;\n  color: var(--link);\n}\n\n\/* Social + CTA bar *\/\n.ue-social-cta{\n  margin-top:48px;\n  padding-top:48px;\n  border-top:1px solid rgba(15,23,42,.08);\n  display:flex;\n  flex-direction:column;\n  gap:24px;\n}\n@media (min-width:640px){\n  .ue-social-cta{\n    flex-direction:row;\n    align-items:center;\n    justify-content:space-between;\n  }\n}\n\n.ue-social{ display:flex; flex-direction:column; gap:10px; }\n.ue-social-label{\n  font-size:10px;\n  font-weight:900;\n  letter-spacing:.3em;\n  text-transform:uppercase;\n  color: rgba(148,163,184,1);\n}\n.ue-social-icons{ display:flex; gap:8px; }\n\n.ue-iconbtn{\n  width:56px;\n  height:56px;\n  display:flex;\n  align-items:center;\n  justify-content:center;\n  background:#fff;\n  border:1px solid rgba(15,23,42,.12);\n  color: rgba(100,116,139,1);\n  text-decoration:none;\n  transition: background .2s ease, color .2s ease, border-color .2s ease;\n}\n.ue-iconbtn:hover{\n  background: var(--navy);\n  border-color: var(--navy);\n  color:#fff;\n}\n.ue-iconbtn svg{ width:20px; height:20px; fill: currentColor; display:block; }\n\n\/* CTA button *\/\n.ue-cta{\n  width:100%;\n  text-decoration:none;\n  padding:22px 48px;\n  background: var(--navy);\n  color:#fff;\n  display:flex;\n  align-items:center;\n  justify-content:center;\n  gap:18px;\n  font-size:10px;\n  font-weight:900;\n  letter-spacing:.3em;\n  text-transform:uppercase;\n  transition: background .2s ease;\n}\n@media (min-width:640px){\n  .ue-cta{ width:auto; }\n}\n.ue-cta:hover{ background: rgba(7,27,59,.85); }\n.ue-cta-arrow{\n  width:20px;\n  height:20px;\n  transition: transform .2s ease;\n}\n.ue-cta:hover .ue-cta-arrow{ transform: translateX(8px); }\n\n\/* SIDEBAR wie im Screenshot *\/\n.ue-loc-sidebar-head{\n  margin-bottom:34px;\n  padding:26px 20px 0px;\n}\n.ue-loc-sidebar-pretitle{\n  font-size:12px;\n  font-weight:900;\n  letter-spacing:.28em;\n  text-transform:uppercase;\n  color:rgba(10,30,60,.45);\n}\n.ue-loc-sidebar-title{\n  margin-top:10px;\n  font-size:22px;\n  font-weight:900;\n  letter-spacing:.04em;\n  text-transform:uppercase;\n  color:#071b3b;\n}\n\n.ue-loc-nav{\n  display:flex;\n  flex-direction:column;\n}\n\n.ue-loc-navbtn{\n  width:100%;\n  text-align:left;\n  background:transparent;\n  border:0;\n  padding:14px 18px;\n  cursor:pointer;\n  position:relative;\n  border-top:1px solid rgba(10,30,60,.06);\n}\n.ue-loc-navbtn:last-child{\n  border-bottom:1px solid rgba(10,30,60,.06);\n}\n\n.ue-loc-nav-title{\n  display:block;\n  font-size:18px;\n  font-weight:900;\n  text-transform:uppercase;\n  letter-spacing:.02em;\n  color:#0f1f38;\n}\n.ue-loc-nav-sub{\n  display:block;\n  margin-top:8px;\n  font-size:12px;\n  font-weight:900;\n  letter-spacing:.22em;\n  text-transform:uppercase;\n  color:rgba(10,30,60,.38);\n}\n\n.ue-loc-navbtn.is-active{ background:#071b3b; }\n.ue-loc-navbtn.is-active .ue-loc-nav-title{ color:#fff; }\n.ue-loc-navbtn.is-active .ue-loc-nav-sub{ color:rgba(255,255,255,.65); }\n\n.ue-loc-nav-mark{\n  position:absolute;\n  right:18px;\n  top:50%;\n  transform:translateY(-50%);\n  width:4px;\n  height:34px;\n  background:transparent;\n}\n.ue-loc-navbtn.is-active .ue-loc-nav-mark{ background:#12b886; }\n.ue-loc-navbtn:hover:not(.is-active){ background:rgba(7,27,59,.03); }\n\n\/* =========================\n   MOBILE & RESPONSIVE\n   ========================= *\/\n\n\/* Button f\u00fcr Mobile Toggle (Desktop unsichtbar) *\/\n.ue-mobile-toggle {\n  display: none; \n  width: 100%;\n  background: #071b3b; \/* Dunkelblau wie Nav-Active *\/\n  color: #fff;\n  padding: 16px 20px;\n  font-size: 14px;\n  font-weight: 900;\n  text-transform: uppercase;\n  letter-spacing: .1em;\n  border: none;\n  cursor: pointer;\n  justify-content: space-between;\n  align-items: center;\n}\n\n.ue-mobile-toggle .ue-toggle-icon {\n  width: 20px;\n  height: 20px;\n  transition: transform 0.3s ease;\n}\n\n\/* Dreht den Pfeil, wenn ausgeklappt *\/\n.ue-mobile-toggle.is-active .ue-toggle-icon {\n  transform: rotate(180deg);\n}\n\n\/* Tablet & Mobile Breakpoint *\/\n@media (max-width: 991px) {\n  .ue-loc-grid {\n    flex-direction: column; \/* Stapelt Sidebar \u00fcber den Content *\/\n  }\n  \n  .ue-loc-sidebar, \n  .ue-loc-main {\n    width: 100%;\n    border-right: none;\n  }\n  \n  .ue-loc-sidebar {\n    border-bottom: 1px solid rgba(10,30,60,.08);\n  }\n\n  \/* Zeige den Mobile Button *\/\n  .ue-mobile-toggle {\n    display: flex;\n  }\n\n  \/* Verstecke die Liste standardm\u00e4\u00dfig auf Mobile *\/\n  .ue-loc-nav {\n    display: none;\n    flex-direction: column;\n  }\n\n  \/* Zeige die Liste, wenn der Toggle Button geklickt wurde (.is-open wird durch JS gesetzt) *\/\n  .ue-loc-nav.is-open {\n    display: flex;\n  }\n}\n\n\/* ========================= *\/\n\/* INTRO \/ DEFAULT STATE     *\/\n\/* ========================= *\/\n\n.ue-loc-intro{\n  display:none;\n  padding:32px; \n}\n\n@media (min-width:1024px){\n  .ue-loc-intro{ padding:38px; }\n}\n\n.ue-loc-intro.is-active{\n  display:block;\n}\n\n\/* Typografie Titel *\/\n.ue-loc-intro-title{\n  max-width:720px;\n  font-size:28px;\n  line-height:1.2;\n  font-weight:900;\n  text-transform:uppercase;\n  letter-spacing:.04em;\n  color:var(--navy);\n  margin:0 0 28px;\n}\n\n\/* Typografie Text *\/\n.ue-loc-intro-text{\n  max-width:720px;\n  font-size:18px;\n  line-height:1.65;\n  color:rgba(10,30,60,.65);\n}\n\n\/* Typo-Feinschliff f\u00fcr Rich Text *\/\n.ue-loc-intro-text p{ margin:0 0 1em; }\n.ue-loc-intro-text p:last-child{ margin-bottom:0; }\n.ue-loc-intro-text a{ color:var(--link); font-weight:700; text-decoration:none; }\n.ue-loc-intro-text a:hover{ text-decoration:underline; }\n.ue-loc-intro-text strong{ font-weight:900; color:var(--navy); }\n.ue-loc-intro-text em{ font-style:italic; }\n\n\/* Mobile Anpassung Intro *\/\n@media (max-width:768px){\n  .ue-loc-intro{\n    padding:32px 20px;\n  }\n  .ue-loc-intro-title{ font-size:24px; }\n  .ue-loc-intro-text{ font-size:16px; }\n}\n\n\/* =========================\n   RESET \/ HOME BUTTON\n   ========================= *\/\n.ue-loc-resetbtn {\n  width: 100%;\n  text-align: left;\n  background: rgba(10,30,60,.04); \/* Ganz leichtes Grau\/Blau *\/\n  border: 0;\n  border-bottom: 2px solid rgba(10,30,60,.1); \/* Etwas dickerer Trennstrich zu den Akademien *\/\n  padding: 18px 18px;\n  cursor: pointer;\n  display: flex;\n  align-items: center;\n  gap: 12px;\n  transition: background .2s ease;\n}\n\n.ue-loc-resetbtn:hover {\n  background: rgba(10,30,60,.08);\n}\n\n\/* Typografie *\/\n.ue-reset-text {\n  font-size: 11px;\n  font-weight: 900;\n  letter-spacing: .2em;\n  text-transform: uppercase;\n  color: #071b3b;\n}\n\n\/* Pfeil Icon *\/\n.ue-loc-reset-icon {\n  width: 18px;\n  height: 18px;\n  color: #071b3b;\n  transition: transform .2s ease;\n}\n\n\/* Kleiner Effekt: Pfeil schiebt sich beim Hover nach links *\/\n.ue-loc-resetbtn:hover .ue-loc-reset-icon {\n  transform: translateX(-4px);\n}\n\n\/* ===== PANEL HEADER & CLOSE BUTTON ===== *\/\n.ue-panel-header {\n  background: #fff;\n  \/* Das Padding nehmen wir hier raus und geben es dem Button direkt,\n     damit der Hover-Effekt die volle Fl\u00e4che ausf\u00fcllt. *\/\n  padding: 0;\n  border-bottom: 1px solid rgba(15,23,42,.08);\n}\n\n.ue-loc-closebtn {\n  \/* Grundzustand: Transparent und Dunkelblau *\/\n  background: transparent;\n  border: none;\n  cursor: pointer;\n  display: flex;\n  align-items: center;\n  width: 100%; \/* Button nimmt die volle Breite ein *\/\n  gap: 12px; \/* Etwas mehr Abstand zwischen Icon und Text *\/\n  padding: 20px 32px; \/* Gro\u00dfz\u00fcgiges Padding f\u00fcr eine gute Klickfl\u00e4che *\/\n  font-size: 11px;\n  font-weight: 900;\n  letter-spacing: .2em;\n  text-transform: uppercase;\n  color: var(--navy, #071b3b);\n  \/* Ein \u00dcbergang auf 'all' sorgt f\u00fcr einen weichen Farbwechsel *\/\n  transition: all .3s ease;\n}\n\n@media (min-width:768px){\n  \/* Auf Desktop noch etwas mehr Luft *\/\n  .ue-loc-closebtn { padding: 24px 48px; }\n}\n\n.ue-close-icon {\n  width: 20px;\n  height: 20px;\n  transition: transform .3s ease;\n  \/* Wichtig: Das Icon erbt die Farbe des Textes *\/\n  stroke: currentColor;\n  fill: none;\n}\n\n\/* === DER NEUE, SCH\u00d6NERE HOVER-EFFEKT === *\/\n.ue-loc-closebtn:hover {\n  \/* Hintergrund wird Dunkelblau, Text und Icon werden Wei\u00df *\/\n  background: var(--navy, #071b3b);\n  color: #fff;\n}\n\n\/* Der Pfeil bewegt sich beim Hovern sanft nach links *\/\n.ue-loc-closebtn:hover .ue-close-icon {\n  transform: translateX(-6px);\n}\n\n<\/style>\n\n<div class=\"ue-loc-widget\" style=\"\n  --navy: #071b3b;\n  --accent: #12b886;\n  --link: #0b6cff;\n  --soft: #f5f7fb;\n\">\n  <div class=\"ue-loc-grid\">\n\n    <!-- SIDEBAR -->\n    <aside class=\"ue-loc-sidebar\">\n      <div class=\"ue-loc-sidebar-head\">\n        <div class=\"ue-loc-sidebar-pretitle\">\u00dcbersichtskarte<\/div>\n        <div class=\"ue-loc-sidebar-title\">der katholischen Akademien<\/div>\n      <\/div>\n\n      <!-- Navigation (wird per JS bef\u00fcllt) -->\n      <button type=\"button\" class=\"ue-mobile-toggle\" onclick=\"this.nextElementSibling.classList.toggle('is-open'); this.classList.toggle('is-active');\">\n  <span class=\"ue-toggle-text\">Akademie w\u00e4hlen<\/span>\n  <svg class=\"ue-toggle-icon\" viewBox=\"0 0 24 24\" aria-hidden=\"true\">\n    <path d=\"M7 10l5 5 5-5\" fill=\"none\" stroke=\"currentColor\" stroke-width=\"2\" stroke-linecap=\"round\" stroke-linejoin=\"round\"\/>\n  <\/svg>\n<\/button>\n\n<div class=\"ue-loc-nav\">\n  <\/div>\n      <div class=\"ue-loc-nav\" aria-label=\"Standorte\"><\/div>\n\n      <div class=\"ue-loc-sidebar-foot\">\u00a9 Katholische Akademien 2025<\/div>\n    <\/aside>\n\n    <!-- MAIN -->\n    <main class=\"ue-loc-main\">\n\n  <!-- INTRO \/ DEFAULT -->\n  <div class=\"ue-loc-intro is-active\">\n        <div class=\"ue-loc-intro-text\">\n      <div style=\"line-height: 1.6; color: #1a1a1a;\"><h1 style=\"font-size: 42px; font-weight: bold; margin-bottom: 20px;\">Die Katholischen Akademien<\/h1><p style=\"font-size: 16px; margin-bottom: 20px;\"><em>Hier finden Sie die Standorte aller katholischen Akademien im deutschsprachigen Raum \u2013 von Aachen bis Z\u00fcrich. Klicken Sie auf einen Standort, um mehr \u00fcber die jeweilige Akademie zu erfahren.<\/em><\/p><p style=\"font-size: 16px; margin-bottom: 30px;\">Katholische Akademien sind gesellschaftliche Laboratorien. Sie arbeiten an Grenzen, die zugleich Schwellen sind: Religion und Politik, Wissenschaft und Leben, Evangelium und Kultur, Beruf und Ethik. Katholische Akademien erm\u00f6glichen aktuelle Diskussionen an diesen Bruchlinien.<\/p><h3 style=\"font-size: 22px; font-weight: bold; color: #0066b3; margin-bottom: 10px;\">Akademien zeigen auf vielf\u00e4ltige Weise ihr Gesicht.<\/h3><p style=\"font-size: 16px; margin-bottom: 30px;\">Katholische Akademien sind Orte der \u00f6ffentlichen Debatte, Anw\u00e4ltinnen f\u00fcr die christliche Wahrheit in gesellschaftlichen Diskussionen, Denkwerkst\u00e4tten und Kulturstationen der Di\u00f6zesen, St\u00e4tten christlicher Bildung und Foren des gelebten Glaubens.<\/p><h3 style=\"font-size: 22px; font-weight: bold; color: #0066b3; margin-bottom: 10px;\">Katholische Akademien machen den Schatz der biblischen und kirchlichen Tradition sichtbar.<\/h3><p style=\"font-size: 16px; margin-bottom: 30px;\">Katholische Akademien machen die f\u00fcr Europa pr\u00e4gende Kraft des Christentums sichtbar, erinnern an die lebensfreundliche Fremdheit und Provokation der biblischen und kirchlichen \u00dcberlieferung und an den weiten Horizont der Theologie.<\/p><h3 style=\"font-size: 22px; font-weight: bold; color: #0066b3; margin-bottom: 10px;\">Katholische Akademien pflegen die Gespr\u00e4chskultur und die \u00f6kumenische und interreligi\u00f6se Gastfreundschaft.<\/h3><p style=\"font-size: 16px;\">Als Orte des Nachdenkens in den Bereichen Kirche und Religion, Gesellschaft und Politik sowie Kultur und Wissenschaft sind sie in ihrer Gespr\u00e4chskultur der Interdisziplinarit\u00e4t und als Orte \u201ekultureller Diakonie\u201c dem Orientierungswissen verpflichtet. \u00d6kumenische und interreligi\u00f6se Offenheit ist f\u00fcr sie selbstverst\u00e4ndlich.<\/p><\/div>\n    <\/div>\n  <\/div>\n\n  <!-- PANELS -->\n  <div class=\"ue-loc-panels\"><\/div>\n\n  <!-- Items (unsichtbar) -->\n  <div class=\"ue-loc-items\" style=\"display:none;\">\n    <div class=\"ue-loc-item\">\n  <!-- NAV-Button (links) -->\n  <button type=\"button\" class=\"ue-loc-navbtn\">\n    <span class=\"ue-loc-nav-title\">Aachen<\/span>\n    <span class=\"ue-loc-nav-sub\">Akademie<\/span>\n    <span class=\"ue-loc-nav-mark\" aria-hidden=\"true\"><\/span>\n  <\/button>\n\n  <!-- PANEL (rechts) -->\n  <section class=\"ue-loc-panel\">\n\n    <div class=\"ue-panel-header\">\n      <button type=\"button\" class=\"ue-loc-closebtn\" aria-label=\"Zur\u00fcck zur \u00dcbersicht\">\n        <svg class=\"ue-close-icon\" viewBox=\"0 0 24 24\" aria-hidden=\"true\">\n          <path d=\"M19 12H5m7-7l-7 7 7 7\" fill=\"none\" stroke=\"currentColor\" stroke-width=\"2\" stroke-linecap=\"round\" stroke-linejoin=\"round\"\/>\n        <\/svg>\n        <span>Zur\u00fcck zur \u00dcbersicht<\/span>\n      <\/button>\n    <\/div>\n    \n  <!-- HERO \/ TOP SPLIT -->\n  <div class=\"ue-hero\">\n    <div class=\"ue-hero-row\">\n\n      <!-- Header Image -->\n      <div class=\"ue-hero-media\">\n                  <img decoding=\"async\" class=\"ue-hero-img\"\n               src=\"https:\/\/akademien.katholisch.de\/wp-content\/uploads\/2025\/12\/profil_aachen-1-scaled-e1766445471228.jpg\"\n               alt=\"profil_aachen\">\n                <div class=\"ue-hero-overlay\" aria-hidden=\"true\"><\/div>\n      <\/div>\n\n      <!-- Contact Panel -->\n      <div class=\"ue-hero-contact\">\n        <div class=\"ue-contact-kicker\">KONTAKT &amp; ADRESSE<\/div>\n\n        <div class=\"ue-contact-list\">\n                      <div class=\"ue-contact-item\">\n              <div class=\"ue-contact-label\">ANSCHRIFT<\/div>\n              <div class=\"ue-contact-value\">Leonhardstr. 18-20, 52064 Aachen<\/div>\n            <\/div>\n          \n                      <div class=\"ue-contact-item\">\n              <div class=\"ue-contact-label\">TELEFON<\/div>\n                              <a class=\"ue-contact-link\" href=\"tel:0241479960\">0241 \/ 47996 - 0<\/a>\n                          <\/div>\n          \n                      <div class=\"ue-contact-item\">\n              <div class=\"ue-contact-label\">E-MAIL<\/div>\n                              <a class=\"ue-contact-link\" href=\"mailto:akademie@bistum-aachen.de\">akademie@bistum-aachen.de<\/a>\n                          <\/div>\n          \n                      <div class=\"ue-contact-item\">\n              <div class=\"ue-contact-label\">WEBSEITE<\/div>\n                              <a class=\"ue-contact-link\" href=\"https:\/\/www.bak-ac.de\" target=\"_blank\" rel=\"noopener\">www.bak-ac.de<\/a>\n                          <\/div>\n                  <\/div>\n      <\/div>\n\n    <\/div>\n\n    <!-- Accent Line -->\n    <div class=\"ue-hero-accent\" aria-hidden=\"true\"><\/div>\n  <\/div>\n\n  <!-- SUBLINE (dein blauer Titel darunter) -->\n      <div class=\"ue-subline-wrap\">\n      <!--<div class=\"ue-subline-accent\" aria-hidden=\"true\"><\/div>-->\n      <div class=\"ue-subline\">Bisch\u00f6fliche Akademie<\/div>\n    <\/div>\n  \n  <!-- MAIN CONTENT -->\n  <div class=\"ue-main\">\n    <div class=\"ue-main-grid\">\n\n      <!-- Portrait -->\n                  <img decoding=\"async\" class=\"ue-portrait\" src=\"https:\/\/akademien.katholisch.de\/wp-content\/uploads\/2025\/12\/portrait_aachen-1.png\" alt=\"\">\n        \n      <!-- Quote -->\n      <div class=\"ue-quote-col\">\n\n        <div class=\"ue-quote-block\">\n          <div class=\"ue-quote-mark\" aria-hidden=\"true\">\u201c<\/div>\n\n                      <blockquote class=\"ue-quote\">... Orte des Dialogs: innerkirchlich, interreligi\u00f6s, und in Auseinandersetzung mit einer pluralistischen Gesellschaft<\/blockquote>\n          \n          <div class=\"ue-author-stack\">\n            <div class=\"ue-author-line-row\">\n              <span class=\"ue-author-line\" aria-hidden=\"true\"><\/span>\n              <span class=\"ue-author\">Dr. Angela Reinders<\/span>\n            <\/div>\n            <div class=\"ue-author-role\">Akademiedirektorin<\/div>\n          <\/div>\n        <\/div>\n\n        <!-- Social + CTA -->\n        <div class=\"ue-social-cta\">\n                      <div class=\"ue-social\">\n              <div class=\"ue-social-label\">NETZWERK<\/div>\n              <div class=\"ue-social-icons\">\n\n                                  <a class=\"ue-iconbtn\" href=\"http:\/\/de-de.facebook.com\/bak.aachen\" target=\"_blank\" rel=\"noopener\" aria-label=\"Facebook\">\n                    <svg viewBox=\"0 0 24 24\" aria-hidden=\"true\">\n                      <path d=\"M22 12a10 10 0 1 0-11.6 9.9v-7h-2.8V12h2.8V9.8c0-2.8 1.7-4.3 4.2-4.3\n                               1.2 0 2.5.2 2.5.2v2.7h-1.4c-1.4 0-1.8.9-1.8 1.7V12h3.1l-.5 2.9h-2.6v7A10\n                               10 0 0 0 22 12z\"\/>\n                    <\/svg>\n                  <\/a>\n                \n                \n                \n              <\/div>\n            <\/div>\n          \n                      <a class=\"ue-cta\" href=\"https:\/\/www.bak-ac.de\">\n              <span class=\"ue-cta-text\">Mehr Infos<\/span>\n              <svg class=\"ue-cta-arrow\" viewBox=\"0 0 24 24\" aria-hidden=\"true\">\n                <path d=\"M14 5l7 7m0 0l-7 7m7-7H3\" fill=\"none\" stroke=\"currentColor\" stroke-width=\"2.5\" stroke-linecap=\"round\" stroke-linejoin=\"round\"\/>\n              <\/svg>\n            <\/a>\n                  <\/div>\n\n      <\/div>\n    <\/div>\n  <\/div>\n\n<\/section>\n\n\n<\/div>\n<div class=\"ue-loc-item\">\n  <!-- NAV-Button (links) -->\n  <button type=\"button\" class=\"ue-loc-navbtn\">\n    <span class=\"ue-loc-nav-title\">Bensberg<\/span>\n    <span class=\"ue-loc-nav-sub\">Akademie<\/span>\n    <span class=\"ue-loc-nav-mark\" aria-hidden=\"true\"><\/span>\n  <\/button>\n\n  <!-- PANEL (rechts) -->\n  <section class=\"ue-loc-panel\">\n\n    <div class=\"ue-panel-header\">\n      <button type=\"button\" class=\"ue-loc-closebtn\" aria-label=\"Zur\u00fcck zur \u00dcbersicht\">\n        <svg class=\"ue-close-icon\" viewBox=\"0 0 24 24\" aria-hidden=\"true\">\n          <path d=\"M19 12H5m7-7l-7 7 7 7\" fill=\"none\" stroke=\"currentColor\" stroke-width=\"2\" stroke-linecap=\"round\" stroke-linejoin=\"round\"\/>\n        <\/svg>\n        <span>Zur\u00fcck zur \u00dcbersicht<\/span>\n      <\/button>\n    <\/div>\n    \n  <!-- HERO \/ TOP SPLIT -->\n  <div class=\"ue-hero\">\n    <div class=\"ue-hero-row\">\n\n      <!-- Header Image -->\n      <div class=\"ue-hero-media\">\n                  <img decoding=\"async\" class=\"ue-hero-img\"\n               src=\"https:\/\/akademien.katholisch.de\/wp-content\/uploads\/2025\/12\/profil_bensberg.jpg\"\n               alt=\"Archivnummer: 180316-93-000033\">\n                <div class=\"ue-hero-overlay\" aria-hidden=\"true\"><\/div>\n      <\/div>\n\n      <!-- Contact Panel -->\n      <div class=\"ue-hero-contact\">\n        <div class=\"ue-contact-kicker\">KONTAKT &amp; ADRESSE<\/div>\n\n        <div class=\"ue-contact-list\">\n                      <div class=\"ue-contact-item\">\n              <div class=\"ue-contact-label\">ANSCHRIFT<\/div>\n              <div class=\"ue-contact-value\">Overather Stra\u00dfe 51-53, 51429 Bergisch Gladbach<\/div>\n            <\/div>\n          \n                      <div class=\"ue-contact-item\">\n              <div class=\"ue-contact-label\">TELEFON<\/div>\n                              <a class=\"ue-contact-link\" href=\"tel:02204408472\">02204 \/ 40 84 72<\/a>\n                          <\/div>\n          \n                      <div class=\"ue-contact-item\">\n              <div class=\"ue-contact-label\">E-MAIL<\/div>\n                              <a class=\"ue-contact-link\" href=\"mailto:akademie@tma-bensberg.de\">akademie@tma-bensberg.de<\/a>\n                          <\/div>\n          \n                      <div class=\"ue-contact-item\">\n              <div class=\"ue-contact-label\">WEBSEITE<\/div>\n                              <a class=\"ue-contact-link\" href=\"https:\/\/tma-bensberg.de\" target=\"_blank\" rel=\"noopener\">tma-bensberg.de<\/a>\n                          <\/div>\n                  <\/div>\n      <\/div>\n\n    <\/div>\n\n    <!-- Accent Line -->\n    <div class=\"ue-hero-accent\" aria-hidden=\"true\"><\/div>\n  <\/div>\n\n  <!-- SUBLINE (dein blauer Titel darunter) -->\n      <div class=\"ue-subline-wrap\">\n      <!--<div class=\"ue-subline-accent\" aria-hidden=\"true\"><\/div>-->\n      <div class=\"ue-subline\">Thomas-Morus-Akademie Bensberg<\/div>\n    <\/div>\n  \n  <!-- MAIN CONTENT -->\n  <div class=\"ue-main\">\n    <div class=\"ue-main-grid\">\n\n      <!-- Portrait -->\n                  <img decoding=\"async\" class=\"ue-portrait\" src=\"https:\/\/akademien.katholisch.de\/wp-content\/uploads\/2025\/12\/portrait_bensberg.png\" alt=\"\">\n        \n      <!-- Quote -->\n      <div class=\"ue-quote-col\">\n\n        <div class=\"ue-quote-block\">\n          <div class=\"ue-quote-mark\" aria-hidden=\"true\">\u201c<\/div>\n\n                      <blockquote class=\"ue-quote\">Akademien gestalten die Gesellschaft mit, indem sie Raum zur Reflexion, Interpretation und Diskussion gesellschaftlicher, kultureller und kirchlicher Entwicklungen anbieten.<\/blockquote>\n          \n          <div class=\"ue-author-stack\">\n            <div class=\"ue-author-line-row\">\n              <span class=\"ue-author-line\" aria-hidden=\"true\"><\/span>\n              <span class=\"ue-author\">Andrea Hoffmeier<\/span>\n            <\/div>\n            <div class=\"ue-author-role\">Akademiedirektorin<\/div>\n          <\/div>\n        <\/div>\n\n        <!-- Social + CTA -->\n        <div class=\"ue-social-cta\">\n                      <div class=\"ue-social\">\n              <div class=\"ue-social-label\">NETZWERK<\/div>\n              <div class=\"ue-social-icons\">\n\n                                  <a class=\"ue-iconbtn\" href=\"https:\/\/facebook.com\/tmabensberg\" target=\"_blank\" rel=\"noopener\" aria-label=\"Facebook\">\n                    <svg viewBox=\"0 0 24 24\" aria-hidden=\"true\">\n                      <path d=\"M22 12a10 10 0 1 0-11.6 9.9v-7h-2.8V12h2.8V9.8c0-2.8 1.7-4.3 4.2-4.3\n                               1.2 0 2.5.2 2.5.2v2.7h-1.4c-1.4 0-1.8.9-1.8 1.7V12h3.1l-.5 2.9h-2.6v7A10\n                               10 0 0 0 22 12z\"\/>\n                    <\/svg>\n                  <\/a>\n                \n                \n                \n              <\/div>\n            <\/div>\n          \n                      <a class=\"ue-cta\" href=\"https:\/\/tma-bensberg.de\">\n              <span class=\"ue-cta-text\">Mehr Infos<\/span>\n              <svg class=\"ue-cta-arrow\" viewBox=\"0 0 24 24\" aria-hidden=\"true\">\n                <path d=\"M14 5l7 7m0 0l-7 7m7-7H3\" fill=\"none\" stroke=\"currentColor\" stroke-width=\"2.5\" stroke-linecap=\"round\" stroke-linejoin=\"round\"\/>\n              <\/svg>\n            <\/a>\n                  <\/div>\n\n      <\/div>\n    <\/div>\n  <\/div>\n\n<\/section>\n\n\n<\/div>\n<div class=\"ue-loc-item\">\n  <!-- NAV-Button (links) -->\n  <button type=\"button\" class=\"ue-loc-navbtn\">\n    <span class=\"ue-loc-nav-title\">Berlin<\/span>\n    <span class=\"ue-loc-nav-sub\">Akademie<\/span>\n    <span class=\"ue-loc-nav-mark\" aria-hidden=\"true\"><\/span>\n  <\/button>\n\n  <!-- PANEL (rechts) -->\n  <section class=\"ue-loc-panel\">\n\n    <div class=\"ue-panel-header\">\n      <button type=\"button\" class=\"ue-loc-closebtn\" aria-label=\"Zur\u00fcck zur \u00dcbersicht\">\n        <svg class=\"ue-close-icon\" viewBox=\"0 0 24 24\" aria-hidden=\"true\">\n          <path d=\"M19 12H5m7-7l-7 7 7 7\" fill=\"none\" stroke=\"currentColor\" stroke-width=\"2\" stroke-linecap=\"round\" stroke-linejoin=\"round\"\/>\n        <\/svg>\n        <span>Zur\u00fcck zur \u00dcbersicht<\/span>\n      <\/button>\n    <\/div>\n    \n  <!-- HERO \/ TOP SPLIT -->\n  <div class=\"ue-hero\">\n    <div class=\"ue-hero-row\">\n\n      <!-- Header Image -->\n      <div class=\"ue-hero-media\">\n                  <img decoding=\"async\" class=\"ue-hero-img\"\n               src=\"https:\/\/akademien.katholisch.de\/wp-content\/uploads\/2025\/12\/profil_berlin.jpg\"\n               alt=\"Archivnummer: 180316-93-000033\">\n                <div class=\"ue-hero-overlay\" aria-hidden=\"true\"><\/div>\n      <\/div>\n\n      <!-- Contact Panel -->\n      <div class=\"ue-hero-contact\">\n        <div class=\"ue-contact-kicker\">KONTAKT &amp; ADRESSE<\/div>\n\n        <div class=\"ue-contact-list\">\n                      <div class=\"ue-contact-item\">\n              <div class=\"ue-contact-label\">ANSCHRIFT<\/div>\n              <div class=\"ue-contact-value\">Hannoversche Str. 5, 10115 Berlin<\/div>\n            <\/div>\n          \n                      <div class=\"ue-contact-item\">\n              <div class=\"ue-contact-label\">TELEFON<\/div>\n                              <a class=\"ue-contact-link\" href=\"tel:0302830950\">030 \/ 28 30 95 - 0<\/a>\n                          <\/div>\n          \n                      <div class=\"ue-contact-item\">\n              <div class=\"ue-contact-label\">E-MAIL<\/div>\n                              <a class=\"ue-contact-link\" href=\"mailto:information@katholische-akademie-berlin.de\">information@katholische-akademie-berlin.de<\/a>\n                          <\/div>\n          \n                      <div class=\"ue-contact-item\">\n              <div class=\"ue-contact-label\">WEBSEITE<\/div>\n                              <a class=\"ue-contact-link\" href=\"https:\/\/www.katholische-akademie-berlin.de\" target=\"_blank\" rel=\"noopener\">www.katholische-akademie-berlin.de<\/a>\n                          <\/div>\n                  <\/div>\n      <\/div>\n\n    <\/div>\n\n    <!-- Accent Line -->\n    <div class=\"ue-hero-accent\" aria-hidden=\"true\"><\/div>\n  <\/div>\n\n  <!-- SUBLINE (dein blauer Titel darunter) -->\n      <div class=\"ue-subline-wrap\">\n      <!--<div class=\"ue-subline-accent\" aria-hidden=\"true\"><\/div>-->\n      <div class=\"ue-subline\">Katholische Akademie in Berlin e.V.<\/div>\n    <\/div>\n  \n  <!-- MAIN CONTENT -->\n  <div class=\"ue-main\">\n    <div class=\"ue-main-grid\">\n\n      <!-- Portrait -->\n                  <img decoding=\"async\" class=\"ue-portrait\" src=\"https:\/\/akademien.katholisch.de\/wp-content\/uploads\/2025\/12\/portrait_berlin.png\" alt=\"\">\n        \n      <!-- Quote -->\n      <div class=\"ue-quote-col\">\n\n        <div class=\"ue-quote-block\">\n          <div class=\"ue-quote-mark\" aria-hidden=\"true\">\u201c<\/div>\n\n                      <blockquote class=\"ue-quote\">... Kultur, Zeitgeist und Politik der deutschen Gesellschaft im Horizont von Evangelium und Tradition bedenken<\/blockquote>\n          \n          <div class=\"ue-author-stack\">\n            <div class=\"ue-author-line-row\">\n              <span class=\"ue-author-line\" aria-hidden=\"true\"><\/span>\n              <span class=\"ue-author\">Joachim Hake<\/span>\n            <\/div>\n            <div class=\"ue-author-role\">Akademiedirektor <\/div>\n          <\/div>\n        <\/div>\n\n        <!-- Social + CTA -->\n        <div class=\"ue-social-cta\">\n                      <div class=\"ue-social\">\n              <div class=\"ue-social-label\">NETZWERK<\/div>\n              <div class=\"ue-social-icons\">\n\n                                  <a class=\"ue-iconbtn\" href=\"https:\/\/www.facebook.com\/katholischeakademieberlin\/\" target=\"_blank\" rel=\"noopener\" aria-label=\"Facebook\">\n                    <svg viewBox=\"0 0 24 24\" aria-hidden=\"true\">\n                      <path d=\"M22 12a10 10 0 1 0-11.6 9.9v-7h-2.8V12h2.8V9.8c0-2.8 1.7-4.3 4.2-4.3\n                               1.2 0 2.5.2 2.5.2v2.7h-1.4c-1.4 0-1.8.9-1.8 1.7V12h3.1l-.5 2.9h-2.6v7A10\n                               10 0 0 0 22 12z\"\/>\n                    <\/svg>\n                  <\/a>\n                \n                                  <a class=\"ue-iconbtn\" href=\"https:\/\/www.youtube.com\/channel\/UC9VWnnmAktrrqHdorgzYzBg\" target=\"_blank\" rel=\"noopener\" aria-label=\"LinkedIn\">\n                    <svg viewBox=\"0 0 24 24\" aria-hidden=\"true\">\n                      <path d=\"M4.98 3.5C4.98 4.88 3.86 6 2.5 6S0 4.88 0 3.5 1.12 1 2.5 1 4.98 2.12 4.98 3.5zM.5 8.5h4V24h-4zM8.5 8.5h3.8v2.1h.1c.5-1 1.9-2.1 3.9-2.1 4.2 0 5 2.8 5 6.4V24h-4v-6.7c0-1.6 0-3.6-2.2-3.6-2.2 0-2.6 1.7-2.6 3.5V24h-4z\"\/>\n                    <\/svg>\n                  <\/a>\n                \n                                  <a class=\"ue-iconbtn\" href=\"https:\/\/www.instagram.com\/katholischeakademieberlin\/\" target=\"_blank\" rel=\"noopener\" aria-label=\"Instagram\">\n                    <svg viewBox=\"0 0 24 24\" aria-hidden=\"true\">\n                      <path d=\"M12 2.163c3.204 0 3.584.012 4.85.07 3.252.148 4.771 1.691 4.919 4.919.058 1.265.069 1.645.069 4.849 0 3.205-.012 3.584-.069 4.849-.149 3.225-1.664 4.771-4.919 4.919-1.266.058-1.644.07-4.85.07-3.204 0-3.584-.012-4.849-.07-3.26-.149-4.771-1.699-4.919-4.92-.058-1.265-.07-1.644-.07-4.849 0-3.204.013-3.583.07-4.849.149-3.227 1.664-4.771 4.919-4.919 1.266-.057 1.645-.069 4.849-.069zm0-2.163c-3.259 0-3.667.014-4.947.072-4.358.2-6.78 2.618-6.98 6.98-.059 1.281-.073 1.689-.073 4.948 0 3.259.014 3.668.072 4.948.2 4.358 2.618 6.78 6.98 6.98 1.281.058 1.689.072 4.948.072 3.259 0 3.668-.014 4.948-.072 4.354-.2 6.782-2.618 6.979-6.98.059-1.28.073-1.689.073-4.948 0-3.259-.014-3.667-.072-4.947-.196-4.354-2.617-6.78-6.979-6.98-1.281-.059-1.69-.073-4.949-.073z\"\/>\n                    <\/svg>\n                  <\/a>\n                \n              <\/div>\n            <\/div>\n          \n                      <a class=\"ue-cta\" href=\"https:\/\/www.katholische-akademie-berlin.de\">\n              <span class=\"ue-cta-text\">Mehr Infos<\/span>\n              <svg class=\"ue-cta-arrow\" viewBox=\"0 0 24 24\" aria-hidden=\"true\">\n                <path d=\"M14 5l7 7m0 0l-7 7m7-7H3\" fill=\"none\" stroke=\"currentColor\" stroke-width=\"2.5\" stroke-linecap=\"round\" stroke-linejoin=\"round\"\/>\n              <\/svg>\n            <\/a>\n                  <\/div>\n\n      <\/div>\n    <\/div>\n  <\/div>\n\n<\/section>\n\n\n<\/div>\n<div class=\"ue-loc-item\">\n  <!-- NAV-Button (links) -->\n  <button type=\"button\" class=\"ue-loc-navbtn\">\n    <span class=\"ue-loc-nav-title\">Dortmund<\/span>\n    <span class=\"ue-loc-nav-sub\">Akademie<\/span>\n    <span class=\"ue-loc-nav-mark\" aria-hidden=\"true\"><\/span>\n  <\/button>\n\n  <!-- PANEL (rechts) -->\n  <section class=\"ue-loc-panel\">\n\n    <div class=\"ue-panel-header\">\n      <button type=\"button\" class=\"ue-loc-closebtn\" aria-label=\"Zur\u00fcck zur \u00dcbersicht\">\n        <svg class=\"ue-close-icon\" viewBox=\"0 0 24 24\" aria-hidden=\"true\">\n          <path d=\"M19 12H5m7-7l-7 7 7 7\" fill=\"none\" stroke=\"currentColor\" stroke-width=\"2\" stroke-linecap=\"round\" stroke-linejoin=\"round\"\/>\n        <\/svg>\n        <span>Zur\u00fcck zur \u00dcbersicht<\/span>\n      <\/button>\n    <\/div>\n    \n  <!-- HERO \/ TOP SPLIT -->\n  <div class=\"ue-hero\">\n    <div class=\"ue-hero-row\">\n\n      <!-- Header Image -->\n      <div class=\"ue-hero-media\">\n                  <img decoding=\"async\" class=\"ue-hero-img\"\n               src=\"https:\/\/akademien.katholisch.de\/wp-content\/uploads\/2025\/12\/profil_dortmund.jpg\"\n               alt=\"Archivnummer: 180316-93-000033\">\n                <div class=\"ue-hero-overlay\" aria-hidden=\"true\"><\/div>\n      <\/div>\n\n      <!-- Contact Panel -->\n      <div class=\"ue-hero-contact\">\n        <div class=\"ue-contact-kicker\">KONTAKT &amp; ADRESSE<\/div>\n\n        <div class=\"ue-contact-list\">\n                      <div class=\"ue-contact-item\">\n              <div class=\"ue-contact-label\">ANSCHRIFT<\/div>\n              <div class=\"ue-contact-value\">Brackeler Hellweg 144, D-44309 Dortmund<\/div>\n            <\/div>\n          \n                      <div class=\"ue-contact-item\">\n              <div class=\"ue-contact-label\">TELEFON<\/div>\n                              <a class=\"ue-contact-link\" href=\"tel:0231206050\">0231 \/ 20605 - 0<\/a>\n                          <\/div>\n          \n                      <div class=\"ue-contact-item\">\n              <div class=\"ue-contact-label\">E-MAIL<\/div>\n                              <a class=\"ue-contact-link\" href=\"mailto:sozialinstitut@kommende-dortmund.de\">sozialinstitut@kommende-dortmund.de<\/a>\n                          <\/div>\n          \n                      <div class=\"ue-contact-item\">\n              <div class=\"ue-contact-label\">WEBSEITE<\/div>\n                              <a class=\"ue-contact-link\" href=\"https:\/\/www.kommende-dortmund.de\" target=\"_blank\" rel=\"noopener\">www.kommende-dortmund.de<\/a>\n                          <\/div>\n                  <\/div>\n      <\/div>\n\n    <\/div>\n\n    <!-- Accent Line -->\n    <div class=\"ue-hero-accent\" aria-hidden=\"true\"><\/div>\n  <\/div>\n\n  <!-- SUBLINE (dein blauer Titel darunter) -->\n      <div class=\"ue-subline-wrap\">\n      <!--<div class=\"ue-subline-accent\" aria-hidden=\"true\"><\/div>-->\n      <div class=\"ue-subline\">Kommende Dortmund<\/div>\n    <\/div>\n  \n  <!-- MAIN CONTENT -->\n  <div class=\"ue-main\">\n    <div class=\"ue-main-grid\">\n\n      <!-- Portrait -->\n        \n      <!-- Quote -->\n      <div class=\"ue-quote-col\">\n\n        <div class=\"ue-quote-block\">\n          <div class=\"ue-quote-mark\" aria-hidden=\"true\">\u201c<\/div>\n\n          \n          <div class=\"ue-author-stack\">\n            <div class=\"ue-author-line-row\">\n              <span class=\"ue-author-line\" aria-hidden=\"true\"><\/span>\n              <span class=\"ue-author\">Detlef Herbers<\/span>\n            <\/div>\n            <div class=\"ue-author-role\">Akademiedirektor<\/div>\n          <\/div>\n        <\/div>\n\n        <!-- Social + CTA -->\n        <div class=\"ue-social-cta\">\n                      <div class=\"ue-social\">\n              <div class=\"ue-social-label\">NETZWERK<\/div>\n              <div class=\"ue-social-icons\">\n\n                                  <a class=\"ue-iconbtn\" href=\"https:\/\/www.facebook.com\/Akademie.FranzHitzeHaus\" target=\"_blank\" rel=\"noopener\" aria-label=\"Facebook\">\n                    <svg viewBox=\"0 0 24 24\" aria-hidden=\"true\">\n                      <path d=\"M22 12a10 10 0 1 0-11.6 9.9v-7h-2.8V12h2.8V9.8c0-2.8 1.7-4.3 4.2-4.3\n                               1.2 0 2.5.2 2.5.2v2.7h-1.4c-1.4 0-1.8.9-1.8 1.7V12h3.1l-.5 2.9h-2.6v7A10\n                               10 0 0 0 22 12z\"\/>\n                    <\/svg>\n                  <\/a>\n                \n                \n                \n              <\/div>\n            <\/div>\n          \n                      <a class=\"ue-cta\" href=\"https:\/\/www.kommende-dortmund.de\">\n              <span class=\"ue-cta-text\">Mehr Infos<\/span>\n              <svg class=\"ue-cta-arrow\" viewBox=\"0 0 24 24\" aria-hidden=\"true\">\n                <path d=\"M14 5l7 7m0 0l-7 7m7-7H3\" fill=\"none\" stroke=\"currentColor\" stroke-width=\"2.5\" stroke-linecap=\"round\" stroke-linejoin=\"round\"\/>\n              <\/svg>\n            <\/a>\n                  <\/div>\n\n      <\/div>\n    <\/div>\n  <\/div>\n\n<\/section>\n\n\n<\/div>\n<div class=\"ue-loc-item\">\n  <!-- NAV-Button (links) -->\n  <button type=\"button\" class=\"ue-loc-navbtn\">\n    <span class=\"ue-loc-nav-title\">Dresden<\/span>\n    <span class=\"ue-loc-nav-sub\">Akademie<\/span>\n    <span class=\"ue-loc-nav-mark\" aria-hidden=\"true\"><\/span>\n  <\/button>\n\n  <!-- PANEL (rechts) -->\n  <section class=\"ue-loc-panel\">\n\n    <div class=\"ue-panel-header\">\n      <button type=\"button\" class=\"ue-loc-closebtn\" aria-label=\"Zur\u00fcck zur \u00dcbersicht\">\n        <svg class=\"ue-close-icon\" viewBox=\"0 0 24 24\" aria-hidden=\"true\">\n          <path d=\"M19 12H5m7-7l-7 7 7 7\" fill=\"none\" stroke=\"currentColor\" stroke-width=\"2\" stroke-linecap=\"round\" stroke-linejoin=\"round\"\/>\n        <\/svg>\n        <span>Zur\u00fcck zur \u00dcbersicht<\/span>\n      <\/button>\n    <\/div>\n    \n  <!-- HERO \/ TOP SPLIT -->\n  <div class=\"ue-hero\">\n    <div class=\"ue-hero-row\">\n\n      <!-- Header Image -->\n      <div class=\"ue-hero-media\">\n                  <img decoding=\"async\" class=\"ue-hero-img\"\n               src=\"https:\/\/akademien.katholisch.de\/wp-content\/uploads\/2025\/12\/profil_dresden.jpg\"\n               alt=\"Archivnummer: 180316-93-000033\">\n                <div class=\"ue-hero-overlay\" aria-hidden=\"true\"><\/div>\n      <\/div>\n\n      <!-- Contact Panel -->\n      <div class=\"ue-hero-contact\">\n        <div class=\"ue-contact-kicker\">KONTAKT &amp; ADRESSE<\/div>\n\n        <div class=\"ue-contact-list\">\n                      <div class=\"ue-contact-item\">\n              <div class=\"ue-contact-label\">ANSCHRIFT<\/div>\n              <div class=\"ue-contact-value\">Schlo\u00dfstra\u00dfe 24, 01067 Dresden<\/div>\n            <\/div>\n          \n                      <div class=\"ue-contact-item\">\n              <div class=\"ue-contact-label\">TELEFON<\/div>\n                              <a class=\"ue-contact-link\" href=\"tel:+4935131563358\">0351 \/ 31563 - 358<\/a>\n                          <\/div>\n          \n                      <div class=\"ue-contact-item\">\n              <div class=\"ue-contact-label\">E-MAIL<\/div>\n                              <a class=\"ue-contact-link\" href=\"mailto:info.akademie@bddmei.de\">nfo.akademie@bddmei.de<\/a>\n                          <\/div>\n          \n                      <div class=\"ue-contact-item\">\n              <div class=\"ue-contact-label\">WEBSEITE<\/div>\n                              <a class=\"ue-contact-link\" href=\"https:\/\/www.katholische-akademie-dresden.de\" target=\"_blank\" rel=\"noopener\">www.katholische-akademie-dresden.de<\/a>\n                          <\/div>\n                  <\/div>\n      <\/div>\n\n    <\/div>\n\n    <!-- Accent Line -->\n    <div class=\"ue-hero-accent\" aria-hidden=\"true\"><\/div>\n  <\/div>\n\n  <!-- SUBLINE (dein blauer Titel darunter) -->\n      <div class=\"ue-subline-wrap\">\n      <!--<div class=\"ue-subline-accent\" aria-hidden=\"true\"><\/div>-->\n      <div class=\"ue-subline\">Bistumsakademie Dresden-Mei\u00dfen<\/div>\n    <\/div>\n  \n  <!-- MAIN CONTENT -->\n  <div class=\"ue-main\">\n    <div class=\"ue-main-grid\">\n\n      <!-- Portrait -->\n        \n      <!-- Quote -->\n      <div class=\"ue-quote-col\">\n\n        <div class=\"ue-quote-block\">\n          <div class=\"ue-quote-mark\" aria-hidden=\"true\">\u201c<\/div>\n\n          \n          <div class=\"ue-author-stack\">\n            <div class=\"ue-author-line-row\">\n              <span class=\"ue-author-line\" aria-hidden=\"true\"><\/span>\n              <span class=\"ue-author\">Dr. Ulrike Irrgang<\/span>\n            <\/div>\n            <div class=\"ue-author-role\"> Akademiedirektorin<\/div>\n          <\/div>\n        <\/div>\n\n        <!-- Social + CTA -->\n        <div class=\"ue-social-cta\">\n                      <div class=\"ue-social\">\n              <div class=\"ue-social-label\">NETZWERK<\/div>\n              <div class=\"ue-social-icons\">\n\n                                  <a class=\"ue-iconbtn\" href=\"https:\/\/facebook.com\/lebendig.akademisch\" target=\"_blank\" rel=\"noopener\" aria-label=\"Facebook\">\n                    <svg viewBox=\"0 0 24 24\" aria-hidden=\"true\">\n                      <path d=\"M22 12a10 10 0 1 0-11.6 9.9v-7h-2.8V12h2.8V9.8c0-2.8 1.7-4.3 4.2-4.3\n                               1.2 0 2.5.2 2.5.2v2.7h-1.4c-1.4 0-1.8.9-1.8 1.7V12h3.1l-.5 2.9h-2.6v7A10\n                               10 0 0 0 22 12z\"\/>\n                    <\/svg>\n                  <\/a>\n                \n                \n                                  <a class=\"ue-iconbtn\" href=\"www.instagram.com\/lebendig.akademisch\/\" target=\"_blank\" rel=\"noopener\" aria-label=\"Instagram\">\n                    <svg viewBox=\"0 0 24 24\" aria-hidden=\"true\">\n                      <path d=\"M12 2.163c3.204 0 3.584.012 4.85.07 3.252.148 4.771 1.691 4.919 4.919.058 1.265.069 1.645.069 4.849 0 3.205-.012 3.584-.069 4.849-.149 3.225-1.664 4.771-4.919 4.919-1.266.058-1.644.07-4.85.07-3.204 0-3.584-.012-4.849-.07-3.26-.149-4.771-1.699-4.919-4.92-.058-1.265-.07-1.644-.07-4.849 0-3.204.013-3.583.07-4.849.149-3.227 1.664-4.771 4.919-4.919 1.266-.057 1.645-.069 4.849-.069zm0-2.163c-3.259 0-3.667.014-4.947.072-4.358.2-6.78 2.618-6.98 6.98-.059 1.281-.073 1.689-.073 4.948 0 3.259.014 3.668.072 4.948.2 4.358 2.618 6.78 6.98 6.98 1.281.058 1.689.072 4.948.072 3.259 0 3.668-.014 4.948-.072 4.354-.2 6.782-2.618 6.979-6.98.059-1.28.073-1.689.073-4.948 0-3.259-.014-3.667-.072-4.947-.196-4.354-2.617-6.78-6.979-6.98-1.281-.059-1.69-.073-4.949-.073z\"\/>\n                    <\/svg>\n                  <\/a>\n                \n              <\/div>\n            <\/div>\n          \n                      <a class=\"ue-cta\" href=\"https:\/\/www.katholische-akademie-dresden.de\/\">\n              <span class=\"ue-cta-text\">Mehr Infos<\/span>\n              <svg class=\"ue-cta-arrow\" viewBox=\"0 0 24 24\" aria-hidden=\"true\">\n                <path d=\"M14 5l7 7m0 0l-7 7m7-7H3\" fill=\"none\" stroke=\"currentColor\" stroke-width=\"2.5\" stroke-linecap=\"round\" stroke-linejoin=\"round\"\/>\n              <\/svg>\n            <\/a>\n                  <\/div>\n\n      <\/div>\n    <\/div>\n  <\/div>\n\n<\/section>\n\n\n<\/div>\n<div class=\"ue-loc-item\">\n  <!-- NAV-Button (links) -->\n  <button type=\"button\" class=\"ue-loc-navbtn\">\n    <span class=\"ue-loc-nav-title\">Erfurt<\/span>\n    <span class=\"ue-loc-nav-sub\">Akademie<\/span>\n    <span class=\"ue-loc-nav-mark\" aria-hidden=\"true\"><\/span>\n  <\/button>\n\n  <!-- PANEL (rechts) -->\n  <section class=\"ue-loc-panel\">\n\n    <div class=\"ue-panel-header\">\n      <button type=\"button\" class=\"ue-loc-closebtn\" aria-label=\"Zur\u00fcck zur \u00dcbersicht\">\n        <svg class=\"ue-close-icon\" viewBox=\"0 0 24 24\" aria-hidden=\"true\">\n          <path d=\"M19 12H5m7-7l-7 7 7 7\" fill=\"none\" stroke=\"currentColor\" stroke-width=\"2\" stroke-linecap=\"round\" stroke-linejoin=\"round\"\/>\n        <\/svg>\n        <span>Zur\u00fcck zur \u00dcbersicht<\/span>\n      <\/button>\n    <\/div>\n    \n  <!-- HERO \/ TOP SPLIT -->\n  <div class=\"ue-hero\">\n    <div class=\"ue-hero-row\">\n\n      <!-- Header Image -->\n      <div class=\"ue-hero-media\">\n                  <img decoding=\"async\" class=\"ue-hero-img\"\n               src=\"https:\/\/akademien.katholisch.de\/wp-content\/uploads\/2025\/12\/profil_erfurt.jpg\"\n               alt=\"Archivnummer: 180316-93-000033\">\n                <div class=\"ue-hero-overlay\" aria-hidden=\"true\"><\/div>\n      <\/div>\n\n      <!-- Contact Panel -->\n      <div class=\"ue-hero-contact\">\n        <div class=\"ue-contact-kicker\">KONTAKT &amp; ADRESSE<\/div>\n\n        <div class=\"ue-contact-list\">\n                      <div class=\"ue-contact-item\">\n              <div class=\"ue-contact-label\">ANSCHRIFT<\/div>\n              <div class=\"ue-contact-value\">Farbengasse 2, 99084 Erfurt<\/div>\n            <\/div>\n          \n                      <div class=\"ue-contact-item\">\n              <div class=\"ue-contact-label\">TELEFON<\/div>\n                              <a class=\"ue-contact-link\" href=\"tel:+493616572370\">0361 \/ 6572 - 370<\/a>\n                          <\/div>\n          \n                      <div class=\"ue-contact-item\">\n              <div class=\"ue-contact-label\">E-MAIL<\/div>\n                              <a class=\"ue-contact-link\" href=\"mailto:kath.forum@bistum-erfurt.de\">kath.forum@bistum-erfurt.de<\/a>\n                          <\/div>\n          \n                      <div class=\"ue-contact-item\">\n              <div class=\"ue-contact-label\">WEBSEITE<\/div>\n                              <a class=\"ue-contact-link\" href=\"http:\/\/www.bistum-erfurt.de\/kath.forum\" target=\"_blank\" rel=\"noopener\">www.bistum-erfurt.de\/kath.forum<\/a>\n                          <\/div>\n                  <\/div>\n      <\/div>\n\n    <\/div>\n\n    <!-- Accent Line -->\n    <div class=\"ue-hero-accent\" aria-hidden=\"true\"><\/div>\n  <\/div>\n\n  <!-- SUBLINE (dein blauer Titel darunter) -->\n      <div class=\"ue-subline-wrap\">\n      <!--<div class=\"ue-subline-accent\" aria-hidden=\"true\"><\/div>-->\n      <div class=\"ue-subline\">Katholisches Forum im Land Th\u00fcringen<\/div>\n    <\/div>\n  \n  <!-- MAIN CONTENT -->\n  <div class=\"ue-main\">\n    <div class=\"ue-main-grid\">\n\n      <!-- Portrait -->\n                  <img decoding=\"async\" class=\"ue-portrait\" src=\"https:\/\/akademien.katholisch.de\/wp-content\/uploads\/2025\/12\/portrait_erfurt.png\" alt=\"\">\n        \n      <!-- Quote -->\n      <div class=\"ue-quote-col\">\n\n        <div class=\"ue-quote-block\">\n          <div class=\"ue-quote-mark\" aria-hidden=\"true\">\u201c<\/div>\n\n                      <blockquote class=\"ue-quote\">Bewusst ohne eigenes Akademiegeb\u00e4ude suchen wir die Menschen mit ihren Fragen dort, wo sie sind. Wir konfrontieren Kirche mit Wirklichkeit und Wirklichkeit mit Kirche.<\/blockquote>\n          \n          <div class=\"ue-author-stack\">\n            <div class=\"ue-author-line-row\">\n              <span class=\"ue-author-line\" aria-hidden=\"true\"><\/span>\n              <span class=\"ue-author\">Niklas Wagner<\/span>\n            <\/div>\n            <div class=\"ue-author-role\">Akademieleitung<\/div>\n          <\/div>\n        <\/div>\n\n        <!-- Social + CTA -->\n        <div class=\"ue-social-cta\">\n          \n                      <a class=\"ue-cta\" href=\"http:\/\/www.bistum-erfurt.de\/kath.forum\">\n              <span class=\"ue-cta-text\">Mehr Infos<\/span>\n              <svg class=\"ue-cta-arrow\" viewBox=\"0 0 24 24\" aria-hidden=\"true\">\n                <path d=\"M14 5l7 7m0 0l-7 7m7-7H3\" fill=\"none\" stroke=\"currentColor\" stroke-width=\"2.5\" stroke-linecap=\"round\" stroke-linejoin=\"round\"\/>\n              <\/svg>\n            <\/a>\n                  <\/div>\n\n      <\/div>\n    <\/div>\n  <\/div>\n\n<\/section>\n\n\n<\/div>\n<div class=\"ue-loc-item\">\n  <!-- NAV-Button (links) -->\n  <button type=\"button\" class=\"ue-loc-navbtn\">\n    <span class=\"ue-loc-nav-title\">Frankfurt<\/span>\n    <span class=\"ue-loc-nav-sub\">Akademie<\/span>\n    <span class=\"ue-loc-nav-mark\" aria-hidden=\"true\"><\/span>\n  <\/button>\n\n  <!-- PANEL (rechts) -->\n  <section class=\"ue-loc-panel\">\n\n    <div class=\"ue-panel-header\">\n      <button type=\"button\" class=\"ue-loc-closebtn\" aria-label=\"Zur\u00fcck zur \u00dcbersicht\">\n        <svg class=\"ue-close-icon\" viewBox=\"0 0 24 24\" aria-hidden=\"true\">\n          <path d=\"M19 12H5m7-7l-7 7 7 7\" fill=\"none\" stroke=\"currentColor\" stroke-width=\"2\" stroke-linecap=\"round\" stroke-linejoin=\"round\"\/>\n        <\/svg>\n        <span>Zur\u00fcck zur \u00dcbersicht<\/span>\n      <\/button>\n    <\/div>\n    \n  <!-- HERO \/ TOP SPLIT -->\n  <div class=\"ue-hero\">\n    <div class=\"ue-hero-row\">\n\n      <!-- Header Image -->\n      <div class=\"ue-hero-media\">\n                  <img decoding=\"async\" class=\"ue-hero-img\"\n               src=\"https:\/\/akademien.katholisch.de\/wp-content\/uploads\/2025\/12\/profil_frankfurt.jpg\"\n               alt=\"Archivnummer: 180316-93-000033\">\n                <div class=\"ue-hero-overlay\" aria-hidden=\"true\"><\/div>\n      <\/div>\n\n      <!-- Contact Panel -->\n      <div class=\"ue-hero-contact\">\n        <div class=\"ue-contact-kicker\">KONTAKT &amp; ADRESSE<\/div>\n\n        <div class=\"ue-contact-list\">\n                      <div class=\"ue-contact-item\">\n              <div class=\"ue-contact-label\">ANSCHRIFT<\/div>\n              <div class=\"ue-contact-value\">Domplatz 3, 60311 Frankfurt<\/div>\n            <\/div>\n          \n                      <div class=\"ue-contact-item\">\n              <div class=\"ue-contact-label\">TELEFON<\/div>\n                              <a class=\"ue-contact-link\" href=\"tel:0698008718501\">069 \/ 800 87 18 - 501<\/a>\n                          <\/div>\n          \n                      <div class=\"ue-contact-item\">\n              <div class=\"ue-contact-label\">E-MAIL<\/div>\n                              <a class=\"ue-contact-link\" href=\"mailto:hausamdom@bistumlimburg.de\">hausamdom@bistumlimburg.de<\/a>\n                          <\/div>\n          \n                      <div class=\"ue-contact-item\">\n              <div class=\"ue-contact-label\">WEBSEITE<\/div>\n                              <a class=\"ue-contact-link\" href=\"https:\/\/hausamdom-frankfurt.de\" target=\"_blank\" rel=\"noopener\">hausamdom-frankfurt.de<\/a>\n                          <\/div>\n                  <\/div>\n      <\/div>\n\n    <\/div>\n\n    <!-- Accent Line -->\n    <div class=\"ue-hero-accent\" aria-hidden=\"true\"><\/div>\n  <\/div>\n\n  <!-- SUBLINE (dein blauer Titel darunter) -->\n      <div class=\"ue-subline-wrap\">\n      <!--<div class=\"ue-subline-accent\" aria-hidden=\"true\"><\/div>-->\n      <div class=\"ue-subline\">Haus am Dom Frankfurt a. M.<\/div>\n    <\/div>\n  \n  <!-- MAIN CONTENT -->\n  <div class=\"ue-main\">\n    <div class=\"ue-main-grid\">\n\n      <!-- Portrait -->\n                  <img decoding=\"async\" class=\"ue-portrait\" src=\"https:\/\/akademien.katholisch.de\/wp-content\/uploads\/2025\/12\/portrait_frankfurt.png\" alt=\"\">\n        \n      <!-- Quote -->\n      <div class=\"ue-quote-col\">\n\n        <div class=\"ue-quote-block\">\n          <div class=\"ue-quote-mark\" aria-hidden=\"true\">\u201c<\/div>\n\n                      <blockquote class=\"ue-quote\">... Orte der aufmerksamen Anwesenheit und exemplarischen Existenz im Horizont der theologisch reflektierten kirchlichen Tradition<\/blockquote>\n          \n          <div class=\"ue-author-stack\">\n            <div class=\"ue-author-line-row\">\n              <span class=\"ue-author-line\" aria-hidden=\"true\"><\/span>\n              <span class=\"ue-author\">Prof. Dr. Joachim Valentin<\/span>\n            <\/div>\n            <div class=\"ue-author-role\">Akademiedirektor<\/div>\n          <\/div>\n        <\/div>\n\n        <!-- Social + CTA -->\n        <div class=\"ue-social-cta\">\n                      <div class=\"ue-social\">\n              <div class=\"ue-social-label\">NETZWERK<\/div>\n              <div class=\"ue-social-icons\">\n\n                                  <a class=\"ue-iconbtn\" href=\"https:\/\/www.facebook.com\/hausamdom.frankfurt\" target=\"_blank\" rel=\"noopener\" aria-label=\"Facebook\">\n                    <svg viewBox=\"0 0 24 24\" aria-hidden=\"true\">\n                      <path d=\"M22 12a10 10 0 1 0-11.6 9.9v-7h-2.8V12h2.8V9.8c0-2.8 1.7-4.3 4.2-4.3\n                               1.2 0 2.5.2 2.5.2v2.7h-1.4c-1.4 0-1.8.9-1.8 1.7V12h3.1l-.5 2.9h-2.6v7A10\n                               10 0 0 0 22 12z\"\/>\n                    <\/svg>\n                  <\/a>\n                \n                \n                                  <a class=\"ue-iconbtn\" href=\"http:\/\/instagram.com\/hausamdom%20target=\" target=\"_blank\" rel=\"noopener\" aria-label=\"Instagram\">\n                    <svg viewBox=\"0 0 24 24\" aria-hidden=\"true\">\n                      <path d=\"M12 2.163c3.204 0 3.584.012 4.85.07 3.252.148 4.771 1.691 4.919 4.919.058 1.265.069 1.645.069 4.849 0 3.205-.012 3.584-.069 4.849-.149 3.225-1.664 4.771-4.919 4.919-1.266.058-1.644.07-4.85.07-3.204 0-3.584-.012-4.849-.07-3.26-.149-4.771-1.699-4.919-4.92-.058-1.265-.07-1.644-.07-4.849 0-3.204.013-3.583.07-4.849.149-3.227 1.664-4.771 4.919-4.919 1.266-.057 1.645-.069 4.849-.069zm0-2.163c-3.259 0-3.667.014-4.947.072-4.358.2-6.78 2.618-6.98 6.98-.059 1.281-.073 1.689-.073 4.948 0 3.259.014 3.668.072 4.948.2 4.358 2.618 6.78 6.98 6.98 1.281.058 1.689.072 4.948.072 3.259 0 3.668-.014 4.948-.072 4.354-.2 6.782-2.618 6.979-6.98.059-1.28.073-1.689.073-4.948 0-3.259-.014-3.667-.072-4.947-.196-4.354-2.617-6.78-6.979-6.98-1.281-.059-1.69-.073-4.949-.073z\"\/>\n                    <\/svg>\n                  <\/a>\n                \n              <\/div>\n            <\/div>\n          \n                      <a class=\"ue-cta\" href=\"https:\/\/hausamdom-frankfurt.de\">\n              <span class=\"ue-cta-text\">Mehr Infos<\/span>\n              <svg class=\"ue-cta-arrow\" viewBox=\"0 0 24 24\" aria-hidden=\"true\">\n                <path d=\"M14 5l7 7m0 0l-7 7m7-7H3\" fill=\"none\" stroke=\"currentColor\" stroke-width=\"2.5\" stroke-linecap=\"round\" stroke-linejoin=\"round\"\/>\n              <\/svg>\n            <\/a>\n                  <\/div>\n\n      <\/div>\n    <\/div>\n  <\/div>\n\n<\/section>\n\n\n<\/div>\n<div class=\"ue-loc-item\">\n  <!-- NAV-Button (links) -->\n  <button type=\"button\" class=\"ue-loc-navbtn\">\n    <span class=\"ue-loc-nav-title\">Freiburg<\/span>\n    <span class=\"ue-loc-nav-sub\">Akademie<\/span>\n    <span class=\"ue-loc-nav-mark\" aria-hidden=\"true\"><\/span>\n  <\/button>\n\n  <!-- PANEL (rechts) -->\n  <section class=\"ue-loc-panel\">\n\n    <div class=\"ue-panel-header\">\n      <button type=\"button\" class=\"ue-loc-closebtn\" aria-label=\"Zur\u00fcck zur \u00dcbersicht\">\n        <svg class=\"ue-close-icon\" viewBox=\"0 0 24 24\" aria-hidden=\"true\">\n          <path d=\"M19 12H5m7-7l-7 7 7 7\" fill=\"none\" stroke=\"currentColor\" stroke-width=\"2\" stroke-linecap=\"round\" stroke-linejoin=\"round\"\/>\n        <\/svg>\n        <span>Zur\u00fcck zur \u00dcbersicht<\/span>\n      <\/button>\n    <\/div>\n    \n  <!-- HERO \/ TOP SPLIT -->\n  <div class=\"ue-hero\">\n    <div class=\"ue-hero-row\">\n\n      <!-- Header Image -->\n      <div class=\"ue-hero-media\">\n                  <img decoding=\"async\" class=\"ue-hero-img\"\n               src=\"https:\/\/akademien.katholisch.de\/wp-content\/uploads\/2025\/12\/profil_freiburg.jpg\"\n               alt=\"Archivnummer: 180316-93-000033\">\n                <div class=\"ue-hero-overlay\" aria-hidden=\"true\"><\/div>\n      <\/div>\n\n      <!-- Contact Panel -->\n      <div class=\"ue-hero-contact\">\n        <div class=\"ue-contact-kicker\">KONTAKT &amp; ADRESSE<\/div>\n\n        <div class=\"ue-contact-list\">\n                      <div class=\"ue-contact-item\">\n              <div class=\"ue-contact-label\">ANSCHRIFT<\/div>\n              <div class=\"ue-contact-value\">Wintererstra\u00dfe 1, 79104 Freiburg<\/div>\n            <\/div>\n          \n                      <div class=\"ue-contact-item\">\n              <div class=\"ue-contact-label\">TELEFON<\/div>\n                              <a class=\"ue-contact-link\" href=\"tel:0761319180\">0761 \/ 31918 - 0<\/a>\n                          <\/div>\n          \n                      <div class=\"ue-contact-item\">\n              <div class=\"ue-contact-label\">E-MAIL<\/div>\n                              <a class=\"ue-contact-link\" href=\"mailto:mail@katholische-akademie-freiburg.de\">mail@katholische-akademie-freiburg.de<\/a>\n                          <\/div>\n          \n                      <div class=\"ue-contact-item\">\n              <div class=\"ue-contact-label\">WEBSEITE<\/div>\n                              <a class=\"ue-contact-link\" href=\"https:\/\/www.katholische-akademie-freiburg.de\" target=\"_blank\" rel=\"noopener\">www.katholische-akademie-freiburg.de<\/a>\n                          <\/div>\n                  <\/div>\n      <\/div>\n\n    <\/div>\n\n    <!-- Accent Line -->\n    <div class=\"ue-hero-accent\" aria-hidden=\"true\"><\/div>\n  <\/div>\n\n  <!-- SUBLINE (dein blauer Titel darunter) -->\n      <div class=\"ue-subline-wrap\">\n      <!--<div class=\"ue-subline-accent\" aria-hidden=\"true\"><\/div>-->\n      <div class=\"ue-subline\">Katholische Akademie der Erzdi\u00f6zese Freiburg<\/div>\n    <\/div>\n  \n  <!-- MAIN CONTENT -->\n  <div class=\"ue-main\">\n    <div class=\"ue-main-grid\">\n\n      <!-- Portrait -->\n                  <img decoding=\"async\" class=\"ue-portrait\" src=\"https:\/\/akademien.katholisch.de\/wp-content\/uploads\/2025\/12\/portrait_freiburg.png\" alt=\"\">\n        \n      <!-- Quote -->\n      <div class=\"ue-quote-col\">\n\n        <div class=\"ue-quote-block\">\n          <div class=\"ue-quote-mark\" aria-hidden=\"true\">\u201c<\/div>\n\n                      <blockquote class=\"ue-quote\">\u2026 Orte, an denen wichtige, auch f\u00fcr Gesellschaft und Kirche unangenehme Themen in der Freiheit des christlichen Glaubens diskutiert werden<\/blockquote>\n          \n          <div class=\"ue-author-stack\">\n            <div class=\"ue-author-line-row\">\n              <span class=\"ue-author-line\" aria-hidden=\"true\"><\/span>\n              <span class=\"ue-author\">Dr. Karsten Kreutzer<\/span>\n            <\/div>\n            <div class=\"ue-author-role\">Akademiedirektor<\/div>\n          <\/div>\n        <\/div>\n\n        <!-- Social + CTA -->\n        <div class=\"ue-social-cta\">\n                      <div class=\"ue-social\">\n              <div class=\"ue-social-label\">NETZWERK<\/div>\n              <div class=\"ue-social-icons\">\n\n                                  <a class=\"ue-iconbtn\" href=\"https:\/\/www.facebook.com\/KatholischeAkademieFreiburg\" target=\"_blank\" rel=\"noopener\" aria-label=\"Facebook\">\n                    <svg viewBox=\"0 0 24 24\" aria-hidden=\"true\">\n                      <path d=\"M22 12a10 10 0 1 0-11.6 9.9v-7h-2.8V12h2.8V9.8c0-2.8 1.7-4.3 4.2-4.3\n                               1.2 0 2.5.2 2.5.2v2.7h-1.4c-1.4 0-1.8.9-1.8 1.7V12h3.1l-.5 2.9h-2.6v7A10\n                               10 0 0 0 22 12z\"\/>\n                    <\/svg>\n                  <\/a>\n                \n                \n                                  <a class=\"ue-iconbtn\" href=\"https:\/\/www.instagram.com\/katholischeakademiefreiburg\/\" target=\"_blank\" rel=\"noopener\" aria-label=\"Instagram\">\n                    <svg viewBox=\"0 0 24 24\" aria-hidden=\"true\">\n                      <path d=\"M12 2.163c3.204 0 3.584.012 4.85.07 3.252.148 4.771 1.691 4.919 4.919.058 1.265.069 1.645.069 4.849 0 3.205-.012 3.584-.069 4.849-.149 3.225-1.664 4.771-4.919 4.919-1.266.058-1.644.07-4.85.07-3.204 0-3.584-.012-4.849-.07-3.26-.149-4.771-1.699-4.919-4.92-.058-1.265-.07-1.644-.07-4.849 0-3.204.013-3.583.07-4.849.149-3.227 1.664-4.771 4.919-4.919 1.266-.057 1.645-.069 4.849-.069zm0-2.163c-3.259 0-3.667.014-4.947.072-4.358.2-6.78 2.618-6.98 6.98-.059 1.281-.073 1.689-.073 4.948 0 3.259.014 3.668.072 4.948.2 4.358 2.618 6.78 6.98 6.98 1.281.058 1.689.072 4.948.072 3.259 0 3.668-.014 4.948-.072 4.354-.2 6.782-2.618 6.979-6.98.059-1.28.073-1.689.073-4.948 0-3.259-.014-3.667-.072-4.947-.196-4.354-2.617-6.78-6.979-6.98-1.281-.059-1.69-.073-4.949-.073z\"\/>\n                    <\/svg>\n                  <\/a>\n                \n              <\/div>\n            <\/div>\n          \n                      <a class=\"ue-cta\" href=\"https:\/\/www.katholische-akademie-freiburg.de\">\n              <span class=\"ue-cta-text\">Mehr Infos<\/span>\n              <svg class=\"ue-cta-arrow\" viewBox=\"0 0 24 24\" aria-hidden=\"true\">\n                <path d=\"M14 5l7 7m0 0l-7 7m7-7H3\" fill=\"none\" stroke=\"currentColor\" stroke-width=\"2.5\" stroke-linecap=\"round\" stroke-linejoin=\"round\"\/>\n              <\/svg>\n            <\/a>\n                  <\/div>\n\n      <\/div>\n    <\/div>\n  <\/div>\n\n<\/section>\n\n\n<\/div>\n<div class=\"ue-loc-item\">\n  <!-- NAV-Button (links) -->\n  <button type=\"button\" class=\"ue-loc-navbtn\">\n    <span class=\"ue-loc-nav-title\">Freising<\/span>\n    <span class=\"ue-loc-nav-sub\">Akademie<\/span>\n    <span class=\"ue-loc-nav-mark\" aria-hidden=\"true\"><\/span>\n  <\/button>\n\n  <!-- PANEL (rechts) -->\n  <section class=\"ue-loc-panel\">\n\n    <div class=\"ue-panel-header\">\n      <button type=\"button\" class=\"ue-loc-closebtn\" aria-label=\"Zur\u00fcck zur \u00dcbersicht\">\n        <svg class=\"ue-close-icon\" viewBox=\"0 0 24 24\" aria-hidden=\"true\">\n          <path d=\"M19 12H5m7-7l-7 7 7 7\" fill=\"none\" stroke=\"currentColor\" stroke-width=\"2\" stroke-linecap=\"round\" stroke-linejoin=\"round\"\/>\n        <\/svg>\n        <span>Zur\u00fcck zur \u00dcbersicht<\/span>\n      <\/button>\n    <\/div>\n    \n  <!-- HERO \/ TOP SPLIT -->\n  <div class=\"ue-hero\">\n    <div class=\"ue-hero-row\">\n\n      <!-- Header Image -->\n      <div class=\"ue-hero-media\">\n                  <img decoding=\"async\" class=\"ue-hero-img\"\n               src=\"https:\/\/akademien.katholisch.de\/wp-content\/uploads\/2025\/12\/profil_freising.jpg\"\n               alt=\"Archivnummer: 180316-93-000033\">\n                <div class=\"ue-hero-overlay\" aria-hidden=\"true\"><\/div>\n      <\/div>\n\n      <!-- Contact Panel -->\n      <div class=\"ue-hero-contact\">\n        <div class=\"ue-contact-kicker\">KONTAKT &amp; ADRESSE<\/div>\n\n        <div class=\"ue-contact-list\">\n                      <div class=\"ue-contact-item\">\n              <div class=\"ue-contact-label\">ANSCHRIFT<\/div>\n              <div class=\"ue-contact-value\">Untere Domberggasse 2, 85354 Freising<\/div>\n            <\/div>\n          \n                      <div class=\"ue-contact-item\">\n              <div class=\"ue-contact-label\">TELEFON<\/div>\n                              <a class=\"ue-contact-link\" href=\"tel:081611812176\">08161 \/ 181 - 2176<\/a>\n                          <\/div>\n          \n                      <div class=\"ue-contact-item\">\n              <div class=\"ue-contact-label\">E-MAIL<\/div>\n                              <a class=\"ue-contact-link\" href=\"mailto:info@domberg-akademie.de\">info@domberg-akademie.de<\/a>\n                          <\/div>\n          \n                      <div class=\"ue-contact-item\">\n              <div class=\"ue-contact-label\">WEBSEITE<\/div>\n                              <a class=\"ue-contact-link\" href=\"https:\/\/domberg-akademie.de\" target=\"_blank\" rel=\"noopener\">domberg-akademie.de<\/a>\n                          <\/div>\n                  <\/div>\n      <\/div>\n\n    <\/div>\n\n    <!-- Accent Line -->\n    <div class=\"ue-hero-accent\" aria-hidden=\"true\"><\/div>\n  <\/div>\n\n  <!-- SUBLINE (dein blauer Titel darunter) -->\n      <div class=\"ue-subline-wrap\">\n      <!--<div class=\"ue-subline-accent\" aria-hidden=\"true\"><\/div>-->\n      <div class=\"ue-subline\">Domberg-Akademie<\/div>\n    <\/div>\n  \n  <!-- MAIN CONTENT -->\n  <div class=\"ue-main\">\n    <div class=\"ue-main-grid\">\n\n      <!-- Portrait -->\n                  <img decoding=\"async\" class=\"ue-portrait\" src=\"https:\/\/akademien.katholisch.de\/wp-content\/uploads\/2025\/12\/portrait_freising.png\" alt=\"\">\n        \n      <!-- Quote -->\n      <div class=\"ue-quote-col\">\n\n        <div class=\"ue-quote-block\">\n          <div class=\"ue-quote-mark\" aria-hidden=\"true\">\u201c<\/div>\n\n                      <blockquote class=\"ue-quote\">\u2026 Wir m\u00f6chten einen Raum zum Neu-Denken, Neu-Glauben und Neu-Gestalten f\u00fcr Konfrontationen mit christlichen Werten bieten \u2013 ergebnisoffen, erkenntnisintensiv und nah am Menschen.<\/blockquote>\n          \n          <div class=\"ue-author-stack\">\n            <div class=\"ue-author-line-row\">\n              <span class=\"ue-author-line\" aria-hidden=\"true\"><\/span>\n              <span class=\"ue-author\">Dr. Claudia Pfrang<\/span>\n            <\/div>\n            <div class=\"ue-author-role\">Akademiedirektorin<\/div>\n          <\/div>\n        <\/div>\n\n        <!-- Social + CTA -->\n        <div class=\"ue-social-cta\">\n                      <div class=\"ue-social\">\n              <div class=\"ue-social-label\">NETZWERK<\/div>\n              <div class=\"ue-social-icons\">\n\n                                  <a class=\"ue-iconbtn\" href=\"http:\/\/www.facebook.com\/dombergakademie\" target=\"_blank\" rel=\"noopener\" aria-label=\"Facebook\">\n                    <svg viewBox=\"0 0 24 24\" aria-hidden=\"true\">\n                      <path d=\"M22 12a10 10 0 1 0-11.6 9.9v-7h-2.8V12h2.8V9.8c0-2.8 1.7-4.3 4.2-4.3\n                               1.2 0 2.5.2 2.5.2v2.7h-1.4c-1.4 0-1.8.9-1.8 1.7V12h3.1l-.5 2.9h-2.6v7A10\n                               10 0 0 0 22 12z\"\/>\n                    <\/svg>\n                  <\/a>\n                \n                \n                \n              <\/div>\n            <\/div>\n          \n                      <a class=\"ue-cta\" href=\"https:\/\/domberg-akademie.de\">\n              <span class=\"ue-cta-text\">Mehr Infos<\/span>\n              <svg class=\"ue-cta-arrow\" viewBox=\"0 0 24 24\" aria-hidden=\"true\">\n                <path d=\"M14 5l7 7m0 0l-7 7m7-7H3\" fill=\"none\" stroke=\"currentColor\" stroke-width=\"2.5\" stroke-linecap=\"round\" stroke-linejoin=\"round\"\/>\n              <\/svg>\n            <\/a>\n                  <\/div>\n\n      <\/div>\n    <\/div>\n  <\/div>\n\n<\/section>\n\n\n<\/div>\n<div class=\"ue-loc-item\">\n  <!-- NAV-Button (links) -->\n  <button type=\"button\" class=\"ue-loc-navbtn\">\n    <span class=\"ue-loc-nav-title\">Fulda<\/span>\n    <span class=\"ue-loc-nav-sub\">Akademie<\/span>\n    <span class=\"ue-loc-nav-mark\" aria-hidden=\"true\"><\/span>\n  <\/button>\n\n  <!-- PANEL (rechts) -->\n  <section class=\"ue-loc-panel\">\n\n    <div class=\"ue-panel-header\">\n      <button type=\"button\" class=\"ue-loc-closebtn\" aria-label=\"Zur\u00fcck zur \u00dcbersicht\">\n        <svg class=\"ue-close-icon\" viewBox=\"0 0 24 24\" aria-hidden=\"true\">\n          <path d=\"M19 12H5m7-7l-7 7 7 7\" fill=\"none\" stroke=\"currentColor\" stroke-width=\"2\" stroke-linecap=\"round\" stroke-linejoin=\"round\"\/>\n        <\/svg>\n        <span>Zur\u00fcck zur \u00dcbersicht<\/span>\n      <\/button>\n    <\/div>\n    \n  <!-- HERO \/ TOP SPLIT -->\n  <div class=\"ue-hero\">\n    <div class=\"ue-hero-row\">\n\n      <!-- Header Image -->\n      <div class=\"ue-hero-media\">\n                  <img decoding=\"async\" class=\"ue-hero-img\"\n               src=\"https:\/\/akademien.katholisch.de\/wp-content\/uploads\/2025\/12\/profil_fulda.jpg\"\n               alt=\"Archivnummer: 180316-93-000033\">\n                <div class=\"ue-hero-overlay\" aria-hidden=\"true\"><\/div>\n      <\/div>\n\n      <!-- Contact Panel -->\n      <div class=\"ue-hero-contact\">\n        <div class=\"ue-contact-kicker\">KONTAKT &amp; ADRESSE<\/div>\n\n        <div class=\"ue-contact-list\">\n                      <div class=\"ue-contact-item\">\n              <div class=\"ue-contact-label\">ANSCHRIFT<\/div>\n              <div class=\"ue-contact-value\">Neuenberger Str. 3-5, 36041 Fulda<\/div>\n            <\/div>\n          \n                      <div class=\"ue-contact-item\">\n              <div class=\"ue-contact-label\">TELEFON<\/div>\n                              <a class=\"ue-contact-link\" href=\"tel:066183980\">0661 \/ 8398 - 0<\/a>\n                          <\/div>\n          \n                      <div class=\"ue-contact-item\">\n              <div class=\"ue-contact-label\">E-MAIL<\/div>\n                              <a class=\"ue-contact-link\" href=\"mailto:katholische.akademie@bistum-fulda.de\">katholische.akademie@bistum-fulda.de<\/a>\n                          <\/div>\n          \n                      <div class=\"ue-contact-item\">\n              <div class=\"ue-contact-label\">WEBSEITE<\/div>\n                              <a class=\"ue-contact-link\" href=\"https:\/\/www.katholische-akademie-fulda.de\" target=\"_blank\" rel=\"noopener\">www.katholische-akademie-fulda.de<\/a>\n                          <\/div>\n                  <\/div>\n      <\/div>\n\n    <\/div>\n\n    <!-- Accent Line -->\n    <div class=\"ue-hero-accent\" aria-hidden=\"true\"><\/div>\n  <\/div>\n\n  <!-- SUBLINE (dein blauer Titel darunter) -->\n      <div class=\"ue-subline-wrap\">\n      <!--<div class=\"ue-subline-accent\" aria-hidden=\"true\"><\/div>-->\n      <div class=\"ue-subline\">Katholische Akademie des Bistums Fulda<\/div>\n    <\/div>\n  \n  <!-- MAIN CONTENT -->\n  <div class=\"ue-main\">\n    <div class=\"ue-main-grid\">\n\n      <!-- Portrait -->\n                  <img decoding=\"async\" class=\"ue-portrait\" src=\"https:\/\/akademien.katholisch.de\/wp-content\/uploads\/2025\/12\/portrait_fulda.png\" alt=\"\">\n        \n      <!-- Quote -->\n      <div class=\"ue-quote-col\">\n\n        <div class=\"ue-quote-block\">\n          <div class=\"ue-quote-mark\" aria-hidden=\"true\">\u201c<\/div>\n\n                      <blockquote class=\"ue-quote\">... Bildung braucht Orte. Wir schaffen Begegnungen...<\/blockquote>\n          \n          <div class=\"ue-author-stack\">\n            <div class=\"ue-author-line-row\">\n              <span class=\"ue-author-line\" aria-hidden=\"true\"><\/span>\n              <span class=\"ue-author\">Gunter Geiger<\/span>\n            <\/div>\n            <div class=\"ue-author-role\">Akademiedirektor<\/div>\n          <\/div>\n        <\/div>\n\n        <!-- Social + CTA -->\n        <div class=\"ue-social-cta\">\n                      <div class=\"ue-social\">\n              <div class=\"ue-social-label\">NETZWERK<\/div>\n              <div class=\"ue-social-icons\">\n\n                                  <a class=\"ue-iconbtn\" href=\"https:\/\/www.facebook.com\/bonifatiushaus.de\" target=\"_blank\" rel=\"noopener\" aria-label=\"Facebook\">\n                    <svg viewBox=\"0 0 24 24\" aria-hidden=\"true\">\n                      <path d=\"M22 12a10 10 0 1 0-11.6 9.9v-7h-2.8V12h2.8V9.8c0-2.8 1.7-4.3 4.2-4.3\n                               1.2 0 2.5.2 2.5.2v2.7h-1.4c-1.4 0-1.8.9-1.8 1.7V12h3.1l-.5 2.9h-2.6v7A10\n                               10 0 0 0 22 12z\"\/>\n                    <\/svg>\n                  <\/a>\n                \n                \n                                  <a class=\"ue-iconbtn\" href=\"https:\/\/www.instagram.com\/katholische_akademie_fulda\/\" target=\"_blank\" rel=\"noopener\" aria-label=\"Instagram\">\n                    <svg viewBox=\"0 0 24 24\" aria-hidden=\"true\">\n                      <path d=\"M12 2.163c3.204 0 3.584.012 4.85.07 3.252.148 4.771 1.691 4.919 4.919.058 1.265.069 1.645.069 4.849 0 3.205-.012 3.584-.069 4.849-.149 3.225-1.664 4.771-4.919 4.919-1.266.058-1.644.07-4.85.07-3.204 0-3.584-.012-4.849-.07-3.26-.149-4.771-1.699-4.919-4.92-.058-1.265-.07-1.644-.07-4.849 0-3.204.013-3.583.07-4.849.149-3.227 1.664-4.771 4.919-4.919 1.266-.057 1.645-.069 4.849-.069zm0-2.163c-3.259 0-3.667.014-4.947.072-4.358.2-6.78 2.618-6.98 6.98-.059 1.281-.073 1.689-.073 4.948 0 3.259.014 3.668.072 4.948.2 4.358 2.618 6.78 6.98 6.98 1.281.058 1.689.072 4.948.072 3.259 0 3.668-.014 4.948-.072 4.354-.2 6.782-2.618 6.979-6.98.059-1.28.073-1.689.073-4.948 0-3.259-.014-3.667-.072-4.947-.196-4.354-2.617-6.78-6.979-6.98-1.281-.059-1.69-.073-4.949-.073z\"\/>\n                    <\/svg>\n                  <\/a>\n                \n              <\/div>\n            <\/div>\n          \n                      <a class=\"ue-cta\" href=\"https:\/\/www.katholische-akademie-fulda.de\">\n              <span class=\"ue-cta-text\">Mehr Infos<\/span>\n              <svg class=\"ue-cta-arrow\" viewBox=\"0 0 24 24\" aria-hidden=\"true\">\n                <path d=\"M14 5l7 7m0 0l-7 7m7-7H3\" fill=\"none\" stroke=\"currentColor\" stroke-width=\"2.5\" stroke-linecap=\"round\" stroke-linejoin=\"round\"\/>\n              <\/svg>\n            <\/a>\n                  <\/div>\n\n      <\/div>\n    <\/div>\n  <\/div>\n\n<\/section>\n\n\n<\/div>\n<div class=\"ue-loc-item\">\n  <!-- NAV-Button (links) -->\n  <button type=\"button\" class=\"ue-loc-navbtn\">\n    <span class=\"ue-loc-nav-title\">Halle\/Saale<\/span>\n    <span class=\"ue-loc-nav-sub\">Akademie<\/span>\n    <span class=\"ue-loc-nav-mark\" aria-hidden=\"true\"><\/span>\n  <\/button>\n\n  <!-- PANEL (rechts) -->\n  <section class=\"ue-loc-panel\">\n\n    <div class=\"ue-panel-header\">\n      <button type=\"button\" class=\"ue-loc-closebtn\" aria-label=\"Zur\u00fcck zur \u00dcbersicht\">\n        <svg class=\"ue-close-icon\" viewBox=\"0 0 24 24\" aria-hidden=\"true\">\n          <path d=\"M19 12H5m7-7l-7 7 7 7\" fill=\"none\" stroke=\"currentColor\" stroke-width=\"2\" stroke-linecap=\"round\" stroke-linejoin=\"round\"\/>\n        <\/svg>\n        <span>Zur\u00fcck zur \u00dcbersicht<\/span>\n      <\/button>\n    <\/div>\n    \n  <!-- HERO \/ TOP SPLIT -->\n  <div class=\"ue-hero\">\n    <div class=\"ue-hero-row\">\n\n      <!-- Header Image -->\n      <div class=\"ue-hero-media\">\n                  <img decoding=\"async\" class=\"ue-hero-img\"\n               src=\"https:\/\/akademien.katholisch.de\/wp-content\/uploads\/2025\/12\/profil_halle.jpg\"\n               alt=\"Archivnummer: 180316-93-000033\">\n                <div class=\"ue-hero-overlay\" aria-hidden=\"true\"><\/div>\n      <\/div>\n\n      <!-- Contact Panel -->\n      <div class=\"ue-hero-contact\">\n        <div class=\"ue-contact-kicker\">KONTAKT &amp; ADRESSE<\/div>\n\n        <div class=\"ue-contact-list\">\n                      <div class=\"ue-contact-item\">\n              <div class=\"ue-contact-label\">ANSCHRIFT<\/div>\n              <div class=\"ue-contact-value\">An der Moritzkirche 6, 06108 Halle (Saale)<\/div>\n            <\/div>\n          \n                      <div class=\"ue-contact-item\">\n              <div class=\"ue-contact-label\">TELEFON<\/div>\n                              <a class=\"ue-contact-link\" href=\"tel:03452900087\">0345 \/ 29 000 87<\/a>\n                          <\/div>\n          \n                      <div class=\"ue-contact-item\">\n              <div class=\"ue-contact-label\">E-MAIL<\/div>\n                              <a class=\"ue-contact-link\" href=\"mailto:info@katholische-akademie-magdeburg.de\">info@katholische-akademie-magdeburg.de<\/a>\n                          <\/div>\n          \n                      <div class=\"ue-contact-item\">\n              <div class=\"ue-contact-label\">WEBSEITE<\/div>\n                              <a class=\"ue-contact-link\" href=\"https:\/\/www.katholische-akademie-magdeburg.de\" target=\"_blank\" rel=\"noopener\">www.katholische-akademie-magdeburg.de<\/a>\n                          <\/div>\n                  <\/div>\n      <\/div>\n\n    <\/div>\n\n    <!-- Accent Line -->\n    <div class=\"ue-hero-accent\" aria-hidden=\"true\"><\/div>\n  <\/div>\n\n  <!-- SUBLINE (dein blauer Titel darunter) -->\n      <div class=\"ue-subline-wrap\">\n      <!--<div class=\"ue-subline-accent\" aria-hidden=\"true\"><\/div>-->\n      <div class=\"ue-subline\">Katholische Akademie Magdeburg<\/div>\n    <\/div>\n  \n  <!-- MAIN CONTENT -->\n  <div class=\"ue-main\">\n    <div class=\"ue-main-grid\">\n\n      <!-- Portrait -->\n                  <img decoding=\"async\" class=\"ue-portrait\" src=\"https:\/\/akademien.katholisch.de\/wp-content\/uploads\/2025\/12\/portrait_halle.png\" alt=\"\">\n        \n      <!-- Quote -->\n      <div class=\"ue-quote-col\">\n\n        <div class=\"ue-quote-block\">\n          <div class=\"ue-quote-mark\" aria-hidden=\"true\">\u201c<\/div>\n\n                      <blockquote class=\"ue-quote\">... Foren eines offenen Dialogs zwischen Kirche und Gesellschaft und Experimentierfeld f\u00fcr die Begegnung mit religi\u00f6s Suchenden.<\/blockquote>\n          \n          <div class=\"ue-author-stack\">\n            <div class=\"ue-author-line-row\">\n              <span class=\"ue-author-line\" aria-hidden=\"true\"><\/span>\n              <span class=\"ue-author\">Dr. Reinhard Gr\u00fctz<\/span>\n            <\/div>\n            <div class=\"ue-author-role\">Akademiedirektor <\/div>\n          <\/div>\n        <\/div>\n\n        <!-- Social + CTA -->\n        <div class=\"ue-social-cta\">\n                      <div class=\"ue-social\">\n              <div class=\"ue-social-label\">NETZWERK<\/div>\n              <div class=\"ue-social-icons\">\n\n                                  <a class=\"ue-iconbtn\" href=\"https:\/\/www.facebook.com\/KatholischeAkademieMagdeburg\" target=\"_blank\" rel=\"noopener\" aria-label=\"Facebook\">\n                    <svg viewBox=\"0 0 24 24\" aria-hidden=\"true\">\n                      <path d=\"M22 12a10 10 0 1 0-11.6 9.9v-7h-2.8V12h2.8V9.8c0-2.8 1.7-4.3 4.2-4.3\n                               1.2 0 2.5.2 2.5.2v2.7h-1.4c-1.4 0-1.8.9-1.8 1.7V12h3.1l-.5 2.9h-2.6v7A10\n                               10 0 0 0 22 12z\"\/>\n                    <\/svg>\n                  <\/a>\n                \n                \n                                  <a class=\"ue-iconbtn\" href=\"https:\/\/www.instagram.com\/katholischeakademiemagdeburg\/\" target=\"_blank\" rel=\"noopener\" aria-label=\"Instagram\">\n                    <svg viewBox=\"0 0 24 24\" aria-hidden=\"true\">\n                      <path d=\"M12 2.163c3.204 0 3.584.012 4.85.07 3.252.148 4.771 1.691 4.919 4.919.058 1.265.069 1.645.069 4.849 0 3.205-.012 3.584-.069 4.849-.149 3.225-1.664 4.771-4.919 4.919-1.266.058-1.644.07-4.85.07-3.204 0-3.584-.012-4.849-.07-3.26-.149-4.771-1.699-4.919-4.92-.058-1.265-.07-1.644-.07-4.849 0-3.204.013-3.583.07-4.849.149-3.227 1.664-4.771 4.919-4.919 1.266-.057 1.645-.069 4.849-.069zm0-2.163c-3.259 0-3.667.014-4.947.072-4.358.2-6.78 2.618-6.98 6.98-.059 1.281-.073 1.689-.073 4.948 0 3.259.014 3.668.072 4.948.2 4.358 2.618 6.78 6.98 6.98 1.281.058 1.689.072 4.948.072 3.259 0 3.668-.014 4.948-.072 4.354-.2 6.782-2.618 6.979-6.98.059-1.28.073-1.689.073-4.948 0-3.259-.014-3.667-.072-4.947-.196-4.354-2.617-6.78-6.979-6.98-1.281-.059-1.69-.073-4.949-.073z\"\/>\n                    <\/svg>\n                  <\/a>\n                \n              <\/div>\n            <\/div>\n          \n                      <a class=\"ue-cta\" href=\"https:\/\/www.katholische-akademie-magdeburg.de\">\n              <span class=\"ue-cta-text\">Mehr Infos<\/span>\n              <svg class=\"ue-cta-arrow\" viewBox=\"0 0 24 24\" aria-hidden=\"true\">\n                <path d=\"M14 5l7 7m0 0l-7 7m7-7H3\" fill=\"none\" stroke=\"currentColor\" stroke-width=\"2.5\" stroke-linecap=\"round\" stroke-linejoin=\"round\"\/>\n              <\/svg>\n            <\/a>\n                  <\/div>\n\n      <\/div>\n    <\/div>\n  <\/div>\n\n<\/section>\n\n\n<\/div>\n<div class=\"ue-loc-item\">\n  <!-- NAV-Button (links) -->\n  <button type=\"button\" class=\"ue-loc-navbtn\">\n    <span class=\"ue-loc-nav-title\">Hamburg<\/span>\n    <span class=\"ue-loc-nav-sub\">Akademie<\/span>\n    <span class=\"ue-loc-nav-mark\" aria-hidden=\"true\"><\/span>\n  <\/button>\n\n  <!-- PANEL (rechts) -->\n  <section class=\"ue-loc-panel\">\n\n    <div class=\"ue-panel-header\">\n      <button type=\"button\" class=\"ue-loc-closebtn\" aria-label=\"Zur\u00fcck zur \u00dcbersicht\">\n        <svg class=\"ue-close-icon\" viewBox=\"0 0 24 24\" aria-hidden=\"true\">\n          <path d=\"M19 12H5m7-7l-7 7 7 7\" fill=\"none\" stroke=\"currentColor\" stroke-width=\"2\" stroke-linecap=\"round\" stroke-linejoin=\"round\"\/>\n        <\/svg>\n        <span>Zur\u00fcck zur \u00dcbersicht<\/span>\n      <\/button>\n    <\/div>\n    \n  <!-- HERO \/ TOP SPLIT -->\n  <div class=\"ue-hero\">\n    <div class=\"ue-hero-row\">\n\n      <!-- Header Image -->\n      <div class=\"ue-hero-media\">\n                  <img decoding=\"async\" class=\"ue-hero-img\"\n               src=\"https:\/\/akademien.katholisch.de\/wp-content\/uploads\/2025\/12\/profil_hamburg.jpg\"\n               alt=\"Archivnummer: 180316-93-000033\">\n                <div class=\"ue-hero-overlay\" aria-hidden=\"true\"><\/div>\n      <\/div>\n\n      <!-- Contact Panel -->\n      <div class=\"ue-hero-contact\">\n        <div class=\"ue-contact-kicker\">KONTAKT &amp; ADRESSE<\/div>\n\n        <div class=\"ue-contact-list\">\n                      <div class=\"ue-contact-item\">\n              <div class=\"ue-contact-label\">ANSCHRIFT<\/div>\n              <div class=\"ue-contact-value\">Herrengraben 4, 20459 Hamburg<\/div>\n            <\/div>\n          \n                      <div class=\"ue-contact-item\">\n              <div class=\"ue-contact-label\">TELEFON<\/div>\n                              <a class=\"ue-contact-link\" href=\"tel:040369520\">040 \/ 36 95 2 \u2013 0<\/a>\n                          <\/div>\n          \n                      <div class=\"ue-contact-item\">\n              <div class=\"ue-contact-label\">E-MAIL<\/div>\n                              <a class=\"ue-contact-link\" href=\"mailto:programm@kahh.de\">programm@kahh.de<\/a>\n                          <\/div>\n          \n                      <div class=\"ue-contact-item\">\n              <div class=\"ue-contact-label\">WEBSEITE<\/div>\n                              <a class=\"ue-contact-link\" href=\"https:\/\/www.kahh.de\" target=\"_blank\" rel=\"noopener\">www.kahh.de<\/a>\n                          <\/div>\n                  <\/div>\n      <\/div>\n\n    <\/div>\n\n    <!-- Accent Line -->\n    <div class=\"ue-hero-accent\" aria-hidden=\"true\"><\/div>\n  <\/div>\n\n  <!-- SUBLINE (dein blauer Titel darunter) -->\n      <div class=\"ue-subline-wrap\">\n      <!--<div class=\"ue-subline-accent\" aria-hidden=\"true\"><\/div>-->\n      <div class=\"ue-subline\">Katholische Akademie Hamburg<\/div>\n    <\/div>\n  \n  <!-- MAIN CONTENT -->\n  <div class=\"ue-main\">\n    <div class=\"ue-main-grid\">\n\n      <!-- Portrait -->\n                  <img decoding=\"async\" class=\"ue-portrait\" src=\"https:\/\/akademien.katholisch.de\/wp-content\/uploads\/2025\/12\/portrait_hamburg.png\" alt=\"\">\n        \n      <!-- Quote -->\n      <div class=\"ue-quote-col\">\n\n        <div class=\"ue-quote-block\">\n          <div class=\"ue-quote-mark\" aria-hidden=\"true\">\u201c<\/div>\n\n                      <blockquote class=\"ue-quote\">Eine Katholische Akademie ist die Anw\u00e4ltin der Weite Gottes.<\/blockquote>\n          \n          <div class=\"ue-author-stack\">\n            <div class=\"ue-author-line-row\">\n              <span class=\"ue-author-line\" aria-hidden=\"true\"><\/span>\n              <span class=\"ue-author\">Dr. Stephan Loos<\/span>\n            <\/div>\n            <div class=\"ue-author-role\">Akademiedirektor <\/div>\n          <\/div>\n        <\/div>\n\n        <!-- Social + CTA -->\n        <div class=\"ue-social-cta\">\n                      <div class=\"ue-social\">\n              <div class=\"ue-social-label\">NETZWERK<\/div>\n              <div class=\"ue-social-icons\">\n\n                                  <a class=\"ue-iconbtn\" href=\"https:\/\/www.facebook.com\/katholischeakademiehamburg\/\" target=\"_blank\" rel=\"noopener\" aria-label=\"Facebook\">\n                    <svg viewBox=\"0 0 24 24\" aria-hidden=\"true\">\n                      <path d=\"M22 12a10 10 0 1 0-11.6 9.9v-7h-2.8V12h2.8V9.8c0-2.8 1.7-4.3 4.2-4.3\n                               1.2 0 2.5.2 2.5.2v2.7h-1.4c-1.4 0-1.8.9-1.8 1.7V12h3.1l-.5 2.9h-2.6v7A10\n                               10 0 0 0 22 12z\"\/>\n                    <\/svg>\n                  <\/a>\n                \n                \n                                  <a class=\"ue-iconbtn\" href=\"https:\/\/www.instagram.com\/katholischeakademiehamburg\/?hl=de\" target=\"_blank\" rel=\"noopener\" aria-label=\"Instagram\">\n                    <svg viewBox=\"0 0 24 24\" aria-hidden=\"true\">\n                      <path d=\"M12 2.163c3.204 0 3.584.012 4.85.07 3.252.148 4.771 1.691 4.919 4.919.058 1.265.069 1.645.069 4.849 0 3.205-.012 3.584-.069 4.849-.149 3.225-1.664 4.771-4.919 4.919-1.266.058-1.644.07-4.85.07-3.204 0-3.584-.012-4.849-.07-3.26-.149-4.771-1.699-4.919-4.92-.058-1.265-.07-1.644-.07-4.849 0-3.204.013-3.583.07-4.849.149-3.227 1.664-4.771 4.919-4.919 1.266-.057 1.645-.069 4.849-.069zm0-2.163c-3.259 0-3.667.014-4.947.072-4.358.2-6.78 2.618-6.98 6.98-.059 1.281-.073 1.689-.073 4.948 0 3.259.014 3.668.072 4.948.2 4.358 2.618 6.78 6.98 6.98 1.281.058 1.689.072 4.948.072 3.259 0 3.668-.014 4.948-.072 4.354-.2 6.782-2.618 6.979-6.98.059-1.28.073-1.689.073-4.948 0-3.259-.014-3.667-.072-4.947-.196-4.354-2.617-6.78-6.979-6.98-1.281-.059-1.69-.073-4.949-.073z\"\/>\n                    <\/svg>\n                  <\/a>\n                \n              <\/div>\n            <\/div>\n          \n                      <a class=\"ue-cta\" href=\"https:\/\/www.kahh.de\">\n              <span class=\"ue-cta-text\">Mehr Infos<\/span>\n              <svg class=\"ue-cta-arrow\" viewBox=\"0 0 24 24\" aria-hidden=\"true\">\n                <path d=\"M14 5l7 7m0 0l-7 7m7-7H3\" fill=\"none\" stroke=\"currentColor\" stroke-width=\"2.5\" stroke-linecap=\"round\" stroke-linejoin=\"round\"\/>\n              <\/svg>\n            <\/a>\n                  <\/div>\n\n      <\/div>\n    <\/div>\n  <\/div>\n\n<\/section>\n\n\n<\/div>\n<div class=\"ue-loc-item\">\n  <!-- NAV-Button (links) -->\n  <button type=\"button\" class=\"ue-loc-navbtn\">\n    <span class=\"ue-loc-nav-title\">Hannhover<\/span>\n    <span class=\"ue-loc-nav-sub\">Akademie<\/span>\n    <span class=\"ue-loc-nav-mark\" aria-hidden=\"true\"><\/span>\n  <\/button>\n\n  <!-- PANEL (rechts) -->\n  <section class=\"ue-loc-panel\">\n\n    <div class=\"ue-panel-header\">\n      <button type=\"button\" class=\"ue-loc-closebtn\" aria-label=\"Zur\u00fcck zur \u00dcbersicht\">\n        <svg class=\"ue-close-icon\" viewBox=\"0 0 24 24\" aria-hidden=\"true\">\n          <path d=\"M19 12H5m7-7l-7 7 7 7\" fill=\"none\" stroke=\"currentColor\" stroke-width=\"2\" stroke-linecap=\"round\" stroke-linejoin=\"round\"\/>\n        <\/svg>\n        <span>Zur\u00fcck zur \u00dcbersicht<\/span>\n      <\/button>\n    <\/div>\n    \n  <!-- HERO \/ TOP SPLIT -->\n  <div class=\"ue-hero\">\n    <div class=\"ue-hero-row\">\n\n      <!-- Header Image -->\n      <div class=\"ue-hero-media\">\n                  <img decoding=\"async\" class=\"ue-hero-img\"\n               src=\"https:\/\/akademien.katholisch.de\/wp-content\/uploads\/2025\/12\/profil_hannover-1.jpg\"\n               alt=\"Archivnummer: 180316-93-000033\">\n                <div class=\"ue-hero-overlay\" aria-hidden=\"true\"><\/div>\n      <\/div>\n\n      <!-- Contact Panel -->\n      <div class=\"ue-hero-contact\">\n        <div class=\"ue-contact-kicker\">KONTAKT &amp; ADRESSE<\/div>\n\n        <div class=\"ue-contact-list\">\n                      <div class=\"ue-contact-item\">\n              <div class=\"ue-contact-label\">ANSCHRIFT<\/div>\n              <div class=\"ue-contact-value\">Calenberger Esplanade 6, 30169 Hannover<\/div>\n            <\/div>\n          \n                      <div class=\"ue-contact-item\">\n              <div class=\"ue-contact-label\">TELEFON<\/div>\n                              <a class=\"ue-contact-link\" href=\"tel:051160949440\">0511 \/ 6094944 - 0<\/a>\n                          <\/div>\n          \n                      <div class=\"ue-contact-item\">\n              <div class=\"ue-contact-label\">E-MAIL<\/div>\n                              <a class=\"ue-contact-link\" href=\"mailto:info@kath-akademie-hannover.de\">info@kath-akademie-hannover.de<\/a>\n                          <\/div>\n          \n                      <div class=\"ue-contact-item\">\n              <div class=\"ue-contact-label\">WEBSEITE<\/div>\n                              <a class=\"ue-contact-link\" href=\"https:\/\/www.kath-akademie-hannover.de\" target=\"_blank\" rel=\"noopener\">www.kath-akademie-hannover.de<\/a>\n                          <\/div>\n                  <\/div>\n      <\/div>\n\n    <\/div>\n\n    <!-- Accent Line -->\n    <div class=\"ue-hero-accent\" aria-hidden=\"true\"><\/div>\n  <\/div>\n\n  <!-- SUBLINE (dein blauer Titel darunter) -->\n      <div class=\"ue-subline-wrap\">\n      <!--<div class=\"ue-subline-accent\" aria-hidden=\"true\"><\/div>-->\n      <div class=\"ue-subline\">Katholische Akademie Hannover<\/div>\n    <\/div>\n  \n  <!-- MAIN CONTENT -->\n  <div class=\"ue-main\">\n    <div class=\"ue-main-grid\">\n\n      <!-- Portrait -->\n                  <img decoding=\"async\" class=\"ue-portrait\" src=\"https:\/\/akademien.katholisch.de\/wp-content\/uploads\/2025\/12\/portrait_hannover-1.png\" alt=\"\">\n        \n      <!-- Quote -->\n      <div class=\"ue-quote-col\">\n\n        <div class=\"ue-quote-block\">\n          <div class=\"ue-quote-mark\" aria-hidden=\"true\">\u201c<\/div>\n\n          \n          <div class=\"ue-author-stack\">\n            <div class=\"ue-author-line-row\">\n              <span class=\"ue-author-line\" aria-hidden=\"true\"><\/span>\n              <span class=\"ue-author\">Thomas Harling<\/span>\n            <\/div>\n            <div class=\"ue-author-role\">Akademiedirektor <\/div>\n          <\/div>\n        <\/div>\n\n        <!-- Social + CTA -->\n        <div class=\"ue-social-cta\">\n                      <div class=\"ue-social\">\n              <div class=\"ue-social-label\">NETZWERK<\/div>\n              <div class=\"ue-social-icons\">\n\n                                  <a class=\"ue-iconbtn\" href=\"https:\/\/www.facebook.com\/akademiestjakobushaus\/\" target=\"_blank\" rel=\"noopener\" aria-label=\"Facebook\">\n                    <svg viewBox=\"0 0 24 24\" aria-hidden=\"true\">\n                      <path d=\"M22 12a10 10 0 1 0-11.6 9.9v-7h-2.8V12h2.8V9.8c0-2.8 1.7-4.3 4.2-4.3\n                               1.2 0 2.5.2 2.5.2v2.7h-1.4c-1.4 0-1.8.9-1.8 1.7V12h3.1l-.5 2.9h-2.6v7A10\n                               10 0 0 0 22 12z\"\/>\n                    <\/svg>\n                  <\/a>\n                \n                \n                                  <a class=\"ue-iconbtn\" href=\"https:\/\/instagram.com\/katholischeakademiehannover?igshid=YmMyMTA2M2Y=\" target=\"_blank\" rel=\"noopener\" aria-label=\"Instagram\">\n                    <svg viewBox=\"0 0 24 24\" aria-hidden=\"true\">\n                      <path d=\"M12 2.163c3.204 0 3.584.012 4.85.07 3.252.148 4.771 1.691 4.919 4.919.058 1.265.069 1.645.069 4.849 0 3.205-.012 3.584-.069 4.849-.149 3.225-1.664 4.771-4.919 4.919-1.266.058-1.644.07-4.85.07-3.204 0-3.584-.012-4.849-.07-3.26-.149-4.771-1.699-4.919-4.92-.058-1.265-.07-1.644-.07-4.849 0-3.204.013-3.583.07-4.849.149-3.227 1.664-4.771 4.919-4.919 1.266-.057 1.645-.069 4.849-.069zm0-2.163c-3.259 0-3.667.014-4.947.072-4.358.2-6.78 2.618-6.98 6.98-.059 1.281-.073 1.689-.073 4.948 0 3.259.014 3.668.072 4.948.2 4.358 2.618 6.78 6.98 6.98 1.281.058 1.689.072 4.948.072 3.259 0 3.668-.014 4.948-.072 4.354-.2 6.782-2.618 6.979-6.98.059-1.28.073-1.689.073-4.948 0-3.259-.014-3.667-.072-4.947-.196-4.354-2.617-6.78-6.979-6.98-1.281-.059-1.69-.073-4.949-.073z\"\/>\n                    <\/svg>\n                  <\/a>\n                \n              <\/div>\n            <\/div>\n          \n                      <a class=\"ue-cta\" href=\"https:\/\/www.kath-akademie-hannover.de\">\n              <span class=\"ue-cta-text\">Mehr Infos<\/span>\n              <svg class=\"ue-cta-arrow\" viewBox=\"0 0 24 24\" aria-hidden=\"true\">\n                <path d=\"M14 5l7 7m0 0l-7 7m7-7H3\" fill=\"none\" stroke=\"currentColor\" stroke-width=\"2.5\" stroke-linecap=\"round\" stroke-linejoin=\"round\"\/>\n              <\/svg>\n            <\/a>\n                  <\/div>\n\n      <\/div>\n    <\/div>\n  <\/div>\n\n<\/section>\n\n\n<\/div>\n<div class=\"ue-loc-item\">\n  <!-- NAV-Button (links) -->\n  <button type=\"button\" class=\"ue-loc-navbtn\">\n    <span class=\"ue-loc-nav-title\">Lingen<\/span>\n    <span class=\"ue-loc-nav-sub\">Akademie<\/span>\n    <span class=\"ue-loc-nav-mark\" aria-hidden=\"true\"><\/span>\n  <\/button>\n\n  <!-- PANEL (rechts) -->\n  <section class=\"ue-loc-panel\">\n\n    <div class=\"ue-panel-header\">\n      <button type=\"button\" class=\"ue-loc-closebtn\" aria-label=\"Zur\u00fcck zur \u00dcbersicht\">\n        <svg class=\"ue-close-icon\" viewBox=\"0 0 24 24\" aria-hidden=\"true\">\n          <path d=\"M19 12H5m7-7l-7 7 7 7\" fill=\"none\" stroke=\"currentColor\" stroke-width=\"2\" stroke-linecap=\"round\" stroke-linejoin=\"round\"\/>\n        <\/svg>\n        <span>Zur\u00fcck zur \u00dcbersicht<\/span>\n      <\/button>\n    <\/div>\n    \n  <!-- HERO \/ TOP SPLIT -->\n  <div class=\"ue-hero\">\n    <div class=\"ue-hero-row\">\n\n      <!-- Header Image -->\n      <div class=\"ue-hero-media\">\n                  <img decoding=\"async\" class=\"ue-hero-img\"\n               src=\"https:\/\/akademien.katholisch.de\/wp-content\/uploads\/2025\/12\/profil_lingen.jpg\"\n               alt=\"Archivnummer: 180316-93-000033\">\n                <div class=\"ue-hero-overlay\" aria-hidden=\"true\"><\/div>\n      <\/div>\n\n      <!-- Contact Panel -->\n      <div class=\"ue-hero-contact\">\n        <div class=\"ue-contact-kicker\">KONTAKT &amp; ADRESSE<\/div>\n\n        <div class=\"ue-contact-list\">\n                      <div class=\"ue-contact-item\">\n              <div class=\"ue-contact-label\">ANSCHRIFT<\/div>\n              <div class=\"ue-contact-value\">Gerhard-Kues-Str. 16, 49808 Lingen (Ems)<\/div>\n            <\/div>\n          \n                      <div class=\"ue-contact-item\">\n              <div class=\"ue-contact-label\">TELEFON<\/div>\n                              <a class=\"ue-contact-link\" href=\"tel:051160949440\">0511 \/ 6094944 - 0<\/a>\n                          <\/div>\n          \n                      <div class=\"ue-contact-item\">\n              <div class=\"ue-contact-label\">E-MAIL<\/div>\n                              <a class=\"ue-contact-link\" href=\"mailto:info@lwh.de\">info@lwh.de<\/a>\n                          <\/div>\n          \n                      <div class=\"ue-contact-item\">\n              <div class=\"ue-contact-label\">WEBSEITE<\/div>\n                              <a class=\"ue-contact-link\" href=\"https:\/\/www.lwh.de\" target=\"_blank\" rel=\"noopener\">www.lwh.de<\/a>\n                          <\/div>\n                  <\/div>\n      <\/div>\n\n    <\/div>\n\n    <!-- Accent Line -->\n    <div class=\"ue-hero-accent\" aria-hidden=\"true\"><\/div>\n  <\/div>\n\n  <!-- SUBLINE (dein blauer Titel darunter) -->\n      <div class=\"ue-subline-wrap\">\n      <!--<div class=\"ue-subline-accent\" aria-hidden=\"true\"><\/div>-->\n      <div class=\"ue-subline\">Ludwig-Windthorst-Haus<\/div>\n    <\/div>\n  \n  <!-- MAIN CONTENT -->\n  <div class=\"ue-main\">\n    <div class=\"ue-main-grid\">\n\n      <!-- Portrait -->\n                  <img decoding=\"async\" class=\"ue-portrait\" src=\"https:\/\/akademien.katholisch.de\/wp-content\/uploads\/2025\/12\/portrait_lingen.png\" alt=\"\">\n        \n      <!-- Quote -->\n      <div class=\"ue-quote-col\">\n\n        <div class=\"ue-quote-block\">\n          <div class=\"ue-quote-mark\" aria-hidden=\"true\">\u201c<\/div>\n\n                      <blockquote class=\"ue-quote\">Begegnung, Bildung, Diskussion, Erkenntnis - kurzum: Hier lebt das Wort.<\/blockquote>\n          \n          <div class=\"ue-author-stack\">\n            <div class=\"ue-author-line-row\">\n              <span class=\"ue-author-line\" aria-hidden=\"true\"><\/span>\n              <span class=\"ue-author\">Marcel Speker<\/span>\n            <\/div>\n            <div class=\"ue-author-role\">Akademiedirektor <\/div>\n          <\/div>\n        <\/div>\n\n        <!-- Social + CTA -->\n        <div class=\"ue-social-cta\">\n                      <div class=\"ue-social\">\n              <div class=\"ue-social-label\">NETZWERK<\/div>\n              <div class=\"ue-social-icons\">\n\n                                  <a class=\"ue-iconbtn\" href=\"https:\/\/www.facebook.com\/lwh.lingen\" target=\"_blank\" rel=\"noopener\" aria-label=\"Facebook\">\n                    <svg viewBox=\"0 0 24 24\" aria-hidden=\"true\">\n                      <path d=\"M22 12a10 10 0 1 0-11.6 9.9v-7h-2.8V12h2.8V9.8c0-2.8 1.7-4.3 4.2-4.3\n                               1.2 0 2.5.2 2.5.2v2.7h-1.4c-1.4 0-1.8.9-1.8 1.7V12h3.1l-.5 2.9h-2.6v7A10\n                               10 0 0 0 22 12z\"\/>\n                    <\/svg>\n                  <\/a>\n                \n                \n                                  <a class=\"ue-iconbtn\" href=\"https:\/\/www.instagram.com\/lwhlingen\/\" target=\"_blank\" rel=\"noopener\" aria-label=\"Instagram\">\n                    <svg viewBox=\"0 0 24 24\" aria-hidden=\"true\">\n                      <path d=\"M12 2.163c3.204 0 3.584.012 4.85.07 3.252.148 4.771 1.691 4.919 4.919.058 1.265.069 1.645.069 4.849 0 3.205-.012 3.584-.069 4.849-.149 3.225-1.664 4.771-4.919 4.919-1.266.058-1.644.07-4.85.07-3.204 0-3.584-.012-4.849-.07-3.26-.149-4.771-1.699-4.919-4.92-.058-1.265-.07-1.644-.07-4.849 0-3.204.013-3.583.07-4.849.149-3.227 1.664-4.771 4.919-4.919 1.266-.057 1.645-.069 4.849-.069zm0-2.163c-3.259 0-3.667.014-4.947.072-4.358.2-6.78 2.618-6.98 6.98-.059 1.281-.073 1.689-.073 4.948 0 3.259.014 3.668.072 4.948.2 4.358 2.618 6.78 6.98 6.98 1.281.058 1.689.072 4.948.072 3.259 0 3.668-.014 4.948-.072 4.354-.2 6.782-2.618 6.979-6.98.059-1.28.073-1.689.073-4.948 0-3.259-.014-3.667-.072-4.947-.196-4.354-2.617-6.78-6.979-6.98-1.281-.059-1.69-.073-4.949-.073z\"\/>\n                    <\/svg>\n                  <\/a>\n                \n              <\/div>\n            <\/div>\n          \n                      <a class=\"ue-cta\" href=\"https:\/\/www.lwh.de\">\n              <span class=\"ue-cta-text\">Mehr Infos<\/span>\n              <svg class=\"ue-cta-arrow\" viewBox=\"0 0 24 24\" aria-hidden=\"true\">\n                <path d=\"M14 5l7 7m0 0l-7 7m7-7H3\" fill=\"none\" stroke=\"currentColor\" stroke-width=\"2.5\" stroke-linecap=\"round\" stroke-linejoin=\"round\"\/>\n              <\/svg>\n            <\/a>\n                  <\/div>\n\n      <\/div>\n    <\/div>\n  <\/div>\n\n<\/section>\n\n\n<\/div>\n<div class=\"ue-loc-item\">\n  <!-- NAV-Button (links) -->\n  <button type=\"button\" class=\"ue-loc-navbtn\">\n    <span class=\"ue-loc-nav-title\">Mainz<\/span>\n    <span class=\"ue-loc-nav-sub\">Akademie<\/span>\n    <span class=\"ue-loc-nav-mark\" aria-hidden=\"true\"><\/span>\n  <\/button>\n\n  <!-- PANEL (rechts) -->\n  <section class=\"ue-loc-panel\">\n\n    <div class=\"ue-panel-header\">\n      <button type=\"button\" class=\"ue-loc-closebtn\" aria-label=\"Zur\u00fcck zur \u00dcbersicht\">\n        <svg class=\"ue-close-icon\" viewBox=\"0 0 24 24\" aria-hidden=\"true\">\n          <path d=\"M19 12H5m7-7l-7 7 7 7\" fill=\"none\" stroke=\"currentColor\" stroke-width=\"2\" stroke-linecap=\"round\" stroke-linejoin=\"round\"\/>\n        <\/svg>\n        <span>Zur\u00fcck zur \u00dcbersicht<\/span>\n      <\/button>\n    <\/div>\n    \n  <!-- HERO \/ TOP SPLIT -->\n  <div class=\"ue-hero\">\n    <div class=\"ue-hero-row\">\n\n      <!-- Header Image -->\n      <div class=\"ue-hero-media\">\n                  <img decoding=\"async\" class=\"ue-hero-img\"\n               src=\"https:\/\/akademien.katholisch.de\/wp-content\/uploads\/2025\/12\/profil_mainz.jpg\"\n               alt=\"Archivnummer: 180316-93-000033\">\n                <div class=\"ue-hero-overlay\" aria-hidden=\"true\"><\/div>\n      <\/div>\n\n      <!-- Contact Panel -->\n      <div class=\"ue-hero-contact\">\n        <div class=\"ue-contact-kicker\">KONTAKT &amp; ADRESSE<\/div>\n\n        <div class=\"ue-contact-list\">\n                      <div class=\"ue-contact-item\">\n              <div class=\"ue-contact-label\">ANSCHRIFT<\/div>\n              <div class=\"ue-contact-value\">Grebenstr. 24-26, 55116 Mainz<\/div>\n            <\/div>\n          \n                      <div class=\"ue-contact-item\">\n              <div class=\"ue-contact-label\">TELEFON<\/div>\n                              <a class=\"ue-contact-link\" href=\"tel:061312570\">06131 \/ 257 - 0<\/a>\n                          <\/div>\n          \n                      <div class=\"ue-contact-item\">\n              <div class=\"ue-contact-label\">E-MAIL<\/div>\n                              <a class=\"ue-contact-link\" href=\"mailto:ebh.rezeption@bistum-mainz.de\">ebh.rezeption@bistum-mainz.de<\/a>\n                          <\/div>\n          \n                      <div class=\"ue-contact-item\">\n              <div class=\"ue-contact-label\">WEBSEITE<\/div>\n                              <a class=\"ue-contact-link\" href=\"https:\/\/bistummainz.de\/haus\/erbacher-hof\" target=\"_blank\" rel=\"noopener\">bistummainz.de\/haus\/erbacher-hof<\/a>\n                          <\/div>\n                  <\/div>\n      <\/div>\n\n    <\/div>\n\n    <!-- Accent Line -->\n    <div class=\"ue-hero-accent\" aria-hidden=\"true\"><\/div>\n  <\/div>\n\n  <!-- SUBLINE (dein blauer Titel darunter) -->\n      <div class=\"ue-subline-wrap\">\n      <!--<div class=\"ue-subline-accent\" aria-hidden=\"true\"><\/div>-->\n      <div class=\"ue-subline\">Erbacher Hof Mainz<\/div>\n    <\/div>\n  \n  <!-- MAIN CONTENT -->\n  <div class=\"ue-main\">\n    <div class=\"ue-main-grid\">\n\n      <!-- Portrait -->\n        \n      <!-- Quote -->\n      <div class=\"ue-quote-col\">\n\n        <div class=\"ue-quote-block\">\n          <div class=\"ue-quote-mark\" aria-hidden=\"true\">\u201c<\/div>\n\n          \n          <div class=\"ue-author-stack\">\n            <div class=\"ue-author-line-row\">\n              <span class=\"ue-author-line\" aria-hidden=\"true\"><\/span>\n              <span class=\"ue-author\">PD Dr. Marita Liebermann und Dr. Andreas Linsenmann<\/span>\n            <\/div>\n            <div class=\"ue-author-role\">Akademiedirektorin und Akademiedirektor<\/div>\n          <\/div>\n        <\/div>\n\n        <!-- Social + CTA -->\n        <div class=\"ue-social-cta\">\n          \n                      <a class=\"ue-cta\" href=\"https:\/\/bistummainz.de\/haus\/erbacher-hof\">\n              <span class=\"ue-cta-text\">Mehr Infos<\/span>\n              <svg class=\"ue-cta-arrow\" viewBox=\"0 0 24 24\" aria-hidden=\"true\">\n                <path d=\"M14 5l7 7m0 0l-7 7m7-7H3\" fill=\"none\" stroke=\"currentColor\" stroke-width=\"2.5\" stroke-linecap=\"round\" stroke-linejoin=\"round\"\/>\n              <\/svg>\n            <\/a>\n                  <\/div>\n\n      <\/div>\n    <\/div>\n  <\/div>\n\n<\/section>\n\n\n<\/div>\n<div class=\"ue-loc-item\">\n  <!-- NAV-Button (links) -->\n  <button type=\"button\" class=\"ue-loc-navbtn\">\n    <span class=\"ue-loc-nav-title\">M\u00fclheim<\/span>\n    <span class=\"ue-loc-nav-sub\">Akademie<\/span>\n    <span class=\"ue-loc-nav-mark\" aria-hidden=\"true\"><\/span>\n  <\/button>\n\n  <!-- PANEL (rechts) -->\n  <section class=\"ue-loc-panel\">\n\n    <div class=\"ue-panel-header\">\n      <button type=\"button\" class=\"ue-loc-closebtn\" aria-label=\"Zur\u00fcck zur \u00dcbersicht\">\n        <svg class=\"ue-close-icon\" viewBox=\"0 0 24 24\" aria-hidden=\"true\">\n          <path d=\"M19 12H5m7-7l-7 7 7 7\" fill=\"none\" stroke=\"currentColor\" stroke-width=\"2\" stroke-linecap=\"round\" stroke-linejoin=\"round\"\/>\n        <\/svg>\n        <span>Zur\u00fcck zur \u00dcbersicht<\/span>\n      <\/button>\n    <\/div>\n    \n  <!-- HERO \/ TOP SPLIT -->\n  <div class=\"ue-hero\">\n    <div class=\"ue-hero-row\">\n\n      <!-- Header Image -->\n      <div class=\"ue-hero-media\">\n                  <img decoding=\"async\" class=\"ue-hero-img\"\n               src=\"https:\/\/akademien.katholisch.de\/wp-content\/uploads\/2025\/12\/profil_muelheim-1.jpg\"\n               alt=\"profil_muelheim\">\n                <div class=\"ue-hero-overlay\" aria-hidden=\"true\"><\/div>\n      <\/div>\n\n      <!-- Contact Panel -->\n      <div class=\"ue-hero-contact\">\n        <div class=\"ue-contact-kicker\">KONTAKT &amp; ADRESSE<\/div>\n\n        <div class=\"ue-contact-list\">\n                      <div class=\"ue-contact-item\">\n              <div class=\"ue-contact-label\">ANSCHRIFT<\/div>\n              <div class=\"ue-contact-value\">Falkenweg 6, 45478 M\u00fclheim an der Ruhr<\/div>\n            <\/div>\n          \n                      <div class=\"ue-contact-item\">\n              <div class=\"ue-contact-label\">TELEFON<\/div>\n                              <a class=\"ue-contact-link\" href=\"tel:0208999190\">0208 \/ 999 19 - 0<\/a>\n                          <\/div>\n          \n                      <div class=\"ue-contact-item\">\n              <div class=\"ue-contact-label\">E-MAIL<\/div>\n                              <a class=\"ue-contact-link\" href=\"mailto:die.wolfsburg@bistum-essen.de\">die.wolfsburg@bistum-essen.de<\/a>\n                          <\/div>\n          \n                      <div class=\"ue-contact-item\">\n              <div class=\"ue-contact-label\">WEBSEITE<\/div>\n                              <a class=\"ue-contact-link\" href=\"https:\/\/www.die-wolfsburg.de\" target=\"_blank\" rel=\"noopener\">www.die-wolfsburg.de<\/a>\n                          <\/div>\n                  <\/div>\n      <\/div>\n\n    <\/div>\n\n    <!-- Accent Line -->\n    <div class=\"ue-hero-accent\" aria-hidden=\"true\"><\/div>\n  <\/div>\n\n  <!-- SUBLINE (dein blauer Titel darunter) -->\n      <div class=\"ue-subline-wrap\">\n      <!--<div class=\"ue-subline-accent\" aria-hidden=\"true\"><\/div>-->\n      <div class=\"ue-subline\">Katholische Akademie Die Wolfsburg<\/div>\n    <\/div>\n  \n  <!-- MAIN CONTENT -->\n  <div class=\"ue-main\">\n    <div class=\"ue-main-grid\">\n\n      <!-- Portrait -->\n                  <img decoding=\"async\" class=\"ue-portrait\" src=\"https:\/\/akademien.katholisch.de\/wp-content\/uploads\/2025\/12\/portrait_muelheim-1.png\" alt=\"\">\n        \n      <!-- Quote -->\n      <div class=\"ue-quote-col\">\n\n        <div class=\"ue-quote-block\">\n          <div class=\"ue-quote-mark\" aria-hidden=\"true\">\u201c<\/div>\n\n                      <blockquote class=\"ue-quote\">Akademien sind anregende Denkumgebungen. Sie leben von der Aufmerksamkeit f\u00fcr Menschen und Themen, vom Perspektivwechsel, der Diversit\u00e4t und vom Aufbrechen festgefahrener Denkmuster.<\/blockquote>\n          \n          <div class=\"ue-author-stack\">\n            <div class=\"ue-author-line-row\">\n              <span class=\"ue-author-line\" aria-hidden=\"true\"><\/span>\n              <span class=\"ue-author\">Dr. Judith Wolf<\/span>\n            <\/div>\n            <div class=\"ue-author-role\">Akademiedirektorin<\/div>\n          <\/div>\n        <\/div>\n\n        <!-- Social + CTA -->\n        <div class=\"ue-social-cta\">\n                      <div class=\"ue-social\">\n              <div class=\"ue-social-label\">NETZWERK<\/div>\n              <div class=\"ue-social-icons\">\n\n                                  <a class=\"ue-iconbtn\" href=\"http:\/\/www.facebook.com\/die.wolfsburg\" target=\"_blank\" rel=\"noopener\" aria-label=\"Facebook\">\n                    <svg viewBox=\"0 0 24 24\" aria-hidden=\"true\">\n                      <path d=\"M22 12a10 10 0 1 0-11.6 9.9v-7h-2.8V12h2.8V9.8c0-2.8 1.7-4.3 4.2-4.3\n                               1.2 0 2.5.2 2.5.2v2.7h-1.4c-1.4 0-1.8.9-1.8 1.7V12h3.1l-.5 2.9h-2.6v7A10\n                               10 0 0 0 22 12z\"\/>\n                    <\/svg>\n                  <\/a>\n                \n                \n                                  <a class=\"ue-iconbtn\" href=\"https:\/\/www.instagram.com\/diewolfsburg\/\" target=\"_blank\" rel=\"noopener\" aria-label=\"Instagram\">\n                    <svg viewBox=\"0 0 24 24\" aria-hidden=\"true\">\n                      <path d=\"M12 2.163c3.204 0 3.584.012 4.85.07 3.252.148 4.771 1.691 4.919 4.919.058 1.265.069 1.645.069 4.849 0 3.205-.012 3.584-.069 4.849-.149 3.225-1.664 4.771-4.919 4.919-1.266.058-1.644.07-4.85.07-3.204 0-3.584-.012-4.849-.07-3.26-.149-4.771-1.699-4.919-4.92-.058-1.265-.07-1.644-.07-4.849 0-3.204.013-3.583.07-4.849.149-3.227 1.664-4.771 4.919-4.919 1.266-.057 1.645-.069 4.849-.069zm0-2.163c-3.259 0-3.667.014-4.947.072-4.358.2-6.78 2.618-6.98 6.98-.059 1.281-.073 1.689-.073 4.948 0 3.259.014 3.668.072 4.948.2 4.358 2.618 6.78 6.98 6.98 1.281.058 1.689.072 4.948.072 3.259 0 3.668-.014 4.948-.072 4.354-.2 6.782-2.618 6.979-6.98.059-1.28.073-1.689.073-4.948 0-3.259-.014-3.667-.072-4.947-.196-4.354-2.617-6.78-6.979-6.98-1.281-.059-1.69-.073-4.949-.073z\"\/>\n                    <\/svg>\n                  <\/a>\n                \n              <\/div>\n            <\/div>\n          \n                      <a class=\"ue-cta\" href=\"https:\/\/www.die-wolfsburg.de\">\n              <span class=\"ue-cta-text\">Mehr Infos<\/span>\n              <svg class=\"ue-cta-arrow\" viewBox=\"0 0 24 24\" aria-hidden=\"true\">\n                <path d=\"M14 5l7 7m0 0l-7 7m7-7H3\" fill=\"none\" stroke=\"currentColor\" stroke-width=\"2.5\" stroke-linecap=\"round\" stroke-linejoin=\"round\"\/>\n              <\/svg>\n            <\/a>\n                  <\/div>\n\n      <\/div>\n    <\/div>\n  <\/div>\n\n<\/section>\n\n\n<\/div>\n<div class=\"ue-loc-item\">\n  <!-- NAV-Button (links) -->\n  <button type=\"button\" class=\"ue-loc-navbtn\">\n    <span class=\"ue-loc-nav-title\">M\u00fcnchen<\/span>\n    <span class=\"ue-loc-nav-sub\">Akademie<\/span>\n    <span class=\"ue-loc-nav-mark\" aria-hidden=\"true\"><\/span>\n  <\/button>\n\n  <!-- PANEL (rechts) -->\n  <section class=\"ue-loc-panel\">\n\n    <div class=\"ue-panel-header\">\n      <button type=\"button\" class=\"ue-loc-closebtn\" aria-label=\"Zur\u00fcck zur \u00dcbersicht\">\n        <svg class=\"ue-close-icon\" viewBox=\"0 0 24 24\" aria-hidden=\"true\">\n          <path d=\"M19 12H5m7-7l-7 7 7 7\" fill=\"none\" stroke=\"currentColor\" stroke-width=\"2\" stroke-linecap=\"round\" stroke-linejoin=\"round\"\/>\n        <\/svg>\n        <span>Zur\u00fcck zur \u00dcbersicht<\/span>\n      <\/button>\n    <\/div>\n    \n  <!-- HERO \/ TOP SPLIT -->\n  <div class=\"ue-hero\">\n    <div class=\"ue-hero-row\">\n\n      <!-- Header Image -->\n      <div class=\"ue-hero-media\">\n                  <img decoding=\"async\" class=\"ue-hero-img\"\n               src=\"https:\/\/akademien.katholisch.de\/wp-content\/uploads\/2025\/12\/profil_muenchen.jpg\"\n               alt=\"Archivnummer: 180316-93-000033\">\n                <div class=\"ue-hero-overlay\" aria-hidden=\"true\"><\/div>\n      <\/div>\n\n      <!-- Contact Panel -->\n      <div class=\"ue-hero-contact\">\n        <div class=\"ue-contact-kicker\">KONTAKT &amp; ADRESSE<\/div>\n\n        <div class=\"ue-contact-list\">\n                      <div class=\"ue-contact-item\">\n              <div class=\"ue-contact-label\">ANSCHRIFT<\/div>\n              <div class=\"ue-contact-value\">Mandlstr. 23, 80802 M\u00fcnchen<\/div>\n            <\/div>\n          \n                      <div class=\"ue-contact-item\">\n              <div class=\"ue-contact-label\">TELEFON<\/div>\n                              <a class=\"ue-contact-link\" href=\"tel:089381020\">089 \/ 38 102 - 0<\/a>\n                          <\/div>\n          \n                      <div class=\"ue-contact-item\">\n              <div class=\"ue-contact-label\">E-MAIL<\/div>\n                              <a class=\"ue-contact-link\" href=\"mailto:info@kath-akademie-bayern.de\">info@kath-akademie-bayern.de<\/a>\n                          <\/div>\n          \n                      <div class=\"ue-contact-item\">\n              <div class=\"ue-contact-label\">WEBSEITE<\/div>\n                              <a class=\"ue-contact-link\" href=\"https:\/\/www.kath-akademie-bayern.de\" target=\"_blank\" rel=\"noopener\">www.kath-akademie-bayern.de<\/a>\n                          <\/div>\n                  <\/div>\n      <\/div>\n\n    <\/div>\n\n    <!-- Accent Line -->\n    <div class=\"ue-hero-accent\" aria-hidden=\"true\"><\/div>\n  <\/div>\n\n  <!-- SUBLINE (dein blauer Titel darunter) -->\n      <div class=\"ue-subline-wrap\">\n      <!--<div class=\"ue-subline-accent\" aria-hidden=\"true\"><\/div>-->\n      <div class=\"ue-subline\">Katholische Akademie in Bayern<\/div>\n    <\/div>\n  \n  <!-- MAIN CONTENT -->\n  <div class=\"ue-main\">\n    <div class=\"ue-main-grid\">\n\n      <!-- Portrait -->\n                  <img decoding=\"async\" class=\"ue-portrait\" src=\"https:\/\/akademien.katholisch.de\/wp-content\/uploads\/2025\/12\/portrait_muenchen.png\" alt=\"\">\n        \n      <!-- Quote -->\n      <div class=\"ue-quote-col\">\n\n        <div class=\"ue-quote-block\">\n          <div class=\"ue-quote-mark\" aria-hidden=\"true\">\u201c<\/div>\n\n                      <blockquote class=\"ue-quote\">Kirche braucht Debatte: katholisch mit Blick auf das Ganze und akademisch im Vertrauen auf die Kraft der Argumente.<\/blockquote>\n          \n          <div class=\"ue-author-stack\">\n            <div class=\"ue-author-line-row\">\n              <span class=\"ue-author-line\" aria-hidden=\"true\"><\/span>\n              <span class=\"ue-author\">PD Dr. Achim Budde<\/span>\n            <\/div>\n            <div class=\"ue-author-role\">Akademiedirektor<\/div>\n          <\/div>\n        <\/div>\n\n        <!-- Social + CTA -->\n        <div class=\"ue-social-cta\">\n                      <div class=\"ue-social\">\n              <div class=\"ue-social-label\">NETZWERK<\/div>\n              <div class=\"ue-social-icons\">\n\n                                  <a class=\"ue-iconbtn\" href=\"https:\/\/www.facebook.com\/katholische.akademie.bayern\/\" target=\"_blank\" rel=\"noopener\" aria-label=\"Facebook\">\n                    <svg viewBox=\"0 0 24 24\" aria-hidden=\"true\">\n                      <path d=\"M22 12a10 10 0 1 0-11.6 9.9v-7h-2.8V12h2.8V9.8c0-2.8 1.7-4.3 4.2-4.3\n                               1.2 0 2.5.2 2.5.2v2.7h-1.4c-1.4 0-1.8.9-1.8 1.7V12h3.1l-.5 2.9h-2.6v7A10\n                               10 0 0 0 22 12z\"\/>\n                    <\/svg>\n                  <\/a>\n                \n                \n                \n              <\/div>\n            <\/div>\n          \n                      <a class=\"ue-cta\" href=\"https:\/\/www.kath-akademie-bayern.de\">\n              <span class=\"ue-cta-text\">Mehr Infos<\/span>\n              <svg class=\"ue-cta-arrow\" viewBox=\"0 0 24 24\" aria-hidden=\"true\">\n                <path d=\"M14 5l7 7m0 0l-7 7m7-7H3\" fill=\"none\" stroke=\"currentColor\" stroke-width=\"2.5\" stroke-linecap=\"round\" stroke-linejoin=\"round\"\/>\n              <\/svg>\n            <\/a>\n                  <\/div>\n\n      <\/div>\n    <\/div>\n  <\/div>\n\n<\/section>\n\n\n<\/div>\n<div class=\"ue-loc-item\">\n  <!-- NAV-Button (links) -->\n  <button type=\"button\" class=\"ue-loc-navbtn\">\n    <span class=\"ue-loc-nav-title\">M\u00fcnster<\/span>\n    <span class=\"ue-loc-nav-sub\">Akademie<\/span>\n    <span class=\"ue-loc-nav-mark\" aria-hidden=\"true\"><\/span>\n  <\/button>\n\n  <!-- PANEL (rechts) -->\n  <section class=\"ue-loc-panel\">\n\n    <div class=\"ue-panel-header\">\n      <button type=\"button\" class=\"ue-loc-closebtn\" aria-label=\"Zur\u00fcck zur \u00dcbersicht\">\n        <svg class=\"ue-close-icon\" viewBox=\"0 0 24 24\" aria-hidden=\"true\">\n          <path d=\"M19 12H5m7-7l-7 7 7 7\" fill=\"none\" stroke=\"currentColor\" stroke-width=\"2\" stroke-linecap=\"round\" stroke-linejoin=\"round\"\/>\n        <\/svg>\n        <span>Zur\u00fcck zur \u00dcbersicht<\/span>\n      <\/button>\n    <\/div>\n    \n  <!-- HERO \/ TOP SPLIT -->\n  <div class=\"ue-hero\">\n    <div class=\"ue-hero-row\">\n\n      <!-- Header Image -->\n      <div class=\"ue-hero-media\">\n                  <img decoding=\"async\" class=\"ue-hero-img\"\n               src=\"https:\/\/akademien.katholisch.de\/wp-content\/uploads\/2025\/12\/profil_muenster.jpg\"\n               alt=\"Archivnummer: 180316-93-000033\">\n                <div class=\"ue-hero-overlay\" aria-hidden=\"true\"><\/div>\n      <\/div>\n\n      <!-- Contact Panel -->\n      <div class=\"ue-hero-contact\">\n        <div class=\"ue-contact-kicker\">KONTAKT &amp; ADRESSE<\/div>\n\n        <div class=\"ue-contact-list\">\n                      <div class=\"ue-contact-item\">\n              <div class=\"ue-contact-label\">ANSCHRIFT<\/div>\n              <div class=\"ue-contact-value\">Kardinal-von-Galen-Ring 50, D-48149 M\u00fcnster<\/div>\n            <\/div>\n          \n                      <div class=\"ue-contact-item\">\n              <div class=\"ue-contact-label\">TELEFON<\/div>\n                              <a class=\"ue-contact-link\" href=\"tel:025198180\">0251 \/ 9818 - 0<\/a>\n                          <\/div>\n          \n                      <div class=\"ue-contact-item\">\n              <div class=\"ue-contact-label\">E-MAIL<\/div>\n                              <a class=\"ue-contact-link\" href=\"mailto:info@franz-hitze-haus.de\">info@franz-hitze-haus.de<\/a>\n                          <\/div>\n          \n                      <div class=\"ue-contact-item\">\n              <div class=\"ue-contact-label\">WEBSEITE<\/div>\n                              <a class=\"ue-contact-link\" href=\"https:\/\/www.franz-hitze-haus.de\" target=\"_blank\" rel=\"noopener\">www.franz-hitze-haus.de<\/a>\n                          <\/div>\n                  <\/div>\n      <\/div>\n\n    <\/div>\n\n    <!-- Accent Line -->\n    <div class=\"ue-hero-accent\" aria-hidden=\"true\"><\/div>\n  <\/div>\n\n  <!-- SUBLINE (dein blauer Titel darunter) -->\n      <div class=\"ue-subline-wrap\">\n      <!--<div class=\"ue-subline-accent\" aria-hidden=\"true\"><\/div>-->\n      <div class=\"ue-subline\">Akademie FRANZ HITZE HAUS<\/div>\n    <\/div>\n  \n  <!-- MAIN CONTENT -->\n  <div class=\"ue-main\">\n    <div class=\"ue-main-grid\">\n\n      <!-- Portrait -->\n        \n      <!-- Quote -->\n      <div class=\"ue-quote-col\">\n\n        <div class=\"ue-quote-block\">\n          <div class=\"ue-quote-mark\" aria-hidden=\"true\">\u201c<\/div>\n\n          \n          <div class=\"ue-author-stack\">\n            <div class=\"ue-author-line-row\">\n              <span class=\"ue-author-line\" aria-hidden=\"true\"><\/span>\n              <span class=\"ue-author\">Dr. Johannes Sabel<\/span>\n            <\/div>\n            <div class=\"ue-author-role\">Akademiedirektor<\/div>\n          <\/div>\n        <\/div>\n\n        <!-- Social + CTA -->\n        <div class=\"ue-social-cta\">\n                      <div class=\"ue-social\">\n              <div class=\"ue-social-label\">NETZWERK<\/div>\n              <div class=\"ue-social-icons\">\n\n                                  <a class=\"ue-iconbtn\" href=\"https:\/\/www.facebook.com\/Akademie.FranzHitzeHaus\" target=\"_blank\" rel=\"noopener\" aria-label=\"Facebook\">\n                    <svg viewBox=\"0 0 24 24\" aria-hidden=\"true\">\n                      <path d=\"M22 12a10 10 0 1 0-11.6 9.9v-7h-2.8V12h2.8V9.8c0-2.8 1.7-4.3 4.2-4.3\n                               1.2 0 2.5.2 2.5.2v2.7h-1.4c-1.4 0-1.8.9-1.8 1.7V12h3.1l-.5 2.9h-2.6v7A10\n                               10 0 0 0 22 12z\"\/>\n                    <\/svg>\n                  <\/a>\n                \n                \n                \n              <\/div>\n            <\/div>\n          \n                      <a class=\"ue-cta\" href=\"https:\/\/www.franz-hitze-haus.de\">\n              <span class=\"ue-cta-text\">Mehr Infos<\/span>\n              <svg class=\"ue-cta-arrow\" viewBox=\"0 0 24 24\" aria-hidden=\"true\">\n                <path d=\"M14 5l7 7m0 0l-7 7m7-7H3\" fill=\"none\" stroke=\"currentColor\" stroke-width=\"2.5\" stroke-linecap=\"round\" stroke-linejoin=\"round\"\/>\n              <\/svg>\n            <\/a>\n                  <\/div>\n\n      <\/div>\n    <\/div>\n  <\/div>\n\n<\/section>\n\n\n<\/div>\n<div class=\"ue-loc-item\">\n  <!-- NAV-Button (links) -->\n  <button type=\"button\" class=\"ue-loc-navbtn\">\n    <span class=\"ue-loc-nav-title\">N\u00fcrnberg<\/span>\n    <span class=\"ue-loc-nav-sub\">Akademie<\/span>\n    <span class=\"ue-loc-nav-mark\" aria-hidden=\"true\"><\/span>\n  <\/button>\n\n  <!-- PANEL (rechts) -->\n  <section class=\"ue-loc-panel\">\n\n    <div class=\"ue-panel-header\">\n      <button type=\"button\" class=\"ue-loc-closebtn\" aria-label=\"Zur\u00fcck zur \u00dcbersicht\">\n        <svg class=\"ue-close-icon\" viewBox=\"0 0 24 24\" aria-hidden=\"true\">\n          <path d=\"M19 12H5m7-7l-7 7 7 7\" fill=\"none\" stroke=\"currentColor\" stroke-width=\"2\" stroke-linecap=\"round\" stroke-linejoin=\"round\"\/>\n        <\/svg>\n        <span>Zur\u00fcck zur \u00dcbersicht<\/span>\n      <\/button>\n    <\/div>\n    \n  <!-- HERO \/ TOP SPLIT -->\n  <div class=\"ue-hero\">\n    <div class=\"ue-hero-row\">\n\n      <!-- Header Image -->\n      <div class=\"ue-hero-media\">\n                  <img decoding=\"async\" class=\"ue-hero-img\"\n               src=\"https:\/\/akademien.katholisch.de\/wp-content\/uploads\/2025\/12\/profil_nuernberg.jpg\"\n               alt=\"Archivnummer: 180316-93-000033\">\n                <div class=\"ue-hero-overlay\" aria-hidden=\"true\"><\/div>\n      <\/div>\n\n      <!-- Contact Panel -->\n      <div class=\"ue-hero-contact\">\n        <div class=\"ue-contact-kicker\">KONTAKT &amp; ADRESSE<\/div>\n\n        <div class=\"ue-contact-list\">\n                      <div class=\"ue-contact-item\">\n              <div class=\"ue-contact-label\">ANSCHRIFT<\/div>\n              <div class=\"ue-contact-value\">K\u00f6nigstra\u00dfe 64, 90402 N\u00fcrnberg<\/div>\n            <\/div>\n          \n                      <div class=\"ue-contact-item\">\n              <div class=\"ue-contact-label\">TELEFON<\/div>\n                              <a class=\"ue-contact-link\" href=\"tel:091123460\">0911 \/ 2346 - 0<\/a>\n                          <\/div>\n          \n                      <div class=\"ue-contact-item\">\n              <div class=\"ue-contact-label\">E-MAIL<\/div>\n                              <a class=\"ue-contact-link\" href=\"mailto:akademie@cph-nuernberg.de\">akademie@cph-nuernberg.de<\/a>\n                          <\/div>\n          \n                      <div class=\"ue-contact-item\">\n              <div class=\"ue-contact-label\">WEBSEITE<\/div>\n                              <a class=\"ue-contact-link\" href=\"https:\/\/www.cph-nuernberg.de\" target=\"_blank\" rel=\"noopener\">www.cph-nuernberg.de<\/a>\n                          <\/div>\n                  <\/div>\n      <\/div>\n\n    <\/div>\n\n    <!-- Accent Line -->\n    <div class=\"ue-hero-accent\" aria-hidden=\"true\"><\/div>\n  <\/div>\n\n  <!-- SUBLINE (dein blauer Titel darunter) -->\n      <div class=\"ue-subline-wrap\">\n      <!--<div class=\"ue-subline-accent\" aria-hidden=\"true\"><\/div>-->\n      <div class=\"ue-subline\">Akademie Caritas-Pirckheimer-Haus<\/div>\n    <\/div>\n  \n  <!-- MAIN CONTENT -->\n  <div class=\"ue-main\">\n    <div class=\"ue-main-grid\">\n\n      <!-- Portrait -->\n                  <img decoding=\"async\" class=\"ue-portrait\" src=\"https:\/\/akademien.katholisch.de\/wp-content\/uploads\/2025\/12\/portrait_nuernberg.png\" alt=\"\">\n        \n      <!-- Quote -->\n      <div class=\"ue-quote-col\">\n\n        <div class=\"ue-quote-block\">\n          <div class=\"ue-quote-mark\" aria-hidden=\"true\">\u201c<\/div>\n\n                      <blockquote class=\"ue-quote\">... Tankstellen f\u00fcr den Geist, ein Laboratorium gesellschaftlichen Wandels und ein Ort des Dialogs<\/blockquote>\n          \n          <div class=\"ue-author-stack\">\n            <div class=\"ue-author-line-row\">\n              <span class=\"ue-author-line\" aria-hidden=\"true\"><\/span>\n              <span class=\"ue-author\">Dr. Siegfried Grillmeyer<\/span>\n            <\/div>\n            <div class=\"ue-author-role\">Akademiedirektor<\/div>\n          <\/div>\n        <\/div>\n\n        <!-- Social + CTA -->\n        <div class=\"ue-social-cta\">\n                      <div class=\"ue-social\">\n              <div class=\"ue-social-label\">NETZWERK<\/div>\n              <div class=\"ue-social-icons\">\n\n                                  <a class=\"ue-iconbtn\" href=\"https:\/\/www.facebook.com\/akademiecph\" target=\"_blank\" rel=\"noopener\" aria-label=\"Facebook\">\n                    <svg viewBox=\"0 0 24 24\" aria-hidden=\"true\">\n                      <path d=\"M22 12a10 10 0 1 0-11.6 9.9v-7h-2.8V12h2.8V9.8c0-2.8 1.7-4.3 4.2-4.3\n                               1.2 0 2.5.2 2.5.2v2.7h-1.4c-1.4 0-1.8.9-1.8 1.7V12h3.1l-.5 2.9h-2.6v7A10\n                               10 0 0 0 22 12z\"\/>\n                    <\/svg>\n                  <\/a>\n                \n                \n                                  <a class=\"ue-iconbtn\" href=\"https:\/\/www.instagram.com\/cph_nuernberg\" target=\"_blank\" rel=\"noopener\" aria-label=\"Instagram\">\n                    <svg viewBox=\"0 0 24 24\" aria-hidden=\"true\">\n                      <path d=\"M12 2.163c3.204 0 3.584.012 4.85.07 3.252.148 4.771 1.691 4.919 4.919.058 1.265.069 1.645.069 4.849 0 3.205-.012 3.584-.069 4.849-.149 3.225-1.664 4.771-4.919 4.919-1.266.058-1.644.07-4.85.07-3.204 0-3.584-.012-4.849-.07-3.26-.149-4.771-1.699-4.919-4.92-.058-1.265-.07-1.644-.07-4.849 0-3.204.013-3.583.07-4.849.149-3.227 1.664-4.771 4.919-4.919 1.266-.057 1.645-.069 4.849-.069zm0-2.163c-3.259 0-3.667.014-4.947.072-4.358.2-6.78 2.618-6.98 6.98-.059 1.281-.073 1.689-.073 4.948 0 3.259.014 3.668.072 4.948.2 4.358 2.618 6.78 6.98 6.98 1.281.058 1.689.072 4.948.072 3.259 0 3.668-.014 4.948-.072 4.354-.2 6.782-2.618 6.979-6.98.059-1.28.073-1.689.073-4.948 0-3.259-.014-3.667-.072-4.947-.196-4.354-2.617-6.78-6.979-6.98-1.281-.059-1.69-.073-4.949-.073z\"\/>\n                    <\/svg>\n                  <\/a>\n                \n              <\/div>\n            <\/div>\n          \n                      <a class=\"ue-cta\" href=\"https:\/\/www.cph-nuernberg.de\">\n              <span class=\"ue-cta-text\">Mehr Infos<\/span>\n              <svg class=\"ue-cta-arrow\" viewBox=\"0 0 24 24\" aria-hidden=\"true\">\n                <path d=\"M14 5l7 7m0 0l-7 7m7-7H3\" fill=\"none\" stroke=\"currentColor\" stroke-width=\"2.5\" stroke-linecap=\"round\" stroke-linejoin=\"round\"\/>\n              <\/svg>\n            <\/a>\n                  <\/div>\n\n      <\/div>\n    <\/div>\n  <\/div>\n\n<\/section>\n\n\n<\/div>\n<div class=\"ue-loc-item\">\n  <!-- NAV-Button (links) -->\n  <button type=\"button\" class=\"ue-loc-navbtn\">\n    <span class=\"ue-loc-nav-title\">Schwerte<\/span>\n    <span class=\"ue-loc-nav-sub\">Akademie<\/span>\n    <span class=\"ue-loc-nav-mark\" aria-hidden=\"true\"><\/span>\n  <\/button>\n\n  <!-- PANEL (rechts) -->\n  <section class=\"ue-loc-panel\">\n\n    <div class=\"ue-panel-header\">\n      <button type=\"button\" class=\"ue-loc-closebtn\" aria-label=\"Zur\u00fcck zur \u00dcbersicht\">\n        <svg class=\"ue-close-icon\" viewBox=\"0 0 24 24\" aria-hidden=\"true\">\n          <path d=\"M19 12H5m7-7l-7 7 7 7\" fill=\"none\" stroke=\"currentColor\" stroke-width=\"2\" stroke-linecap=\"round\" stroke-linejoin=\"round\"\/>\n        <\/svg>\n        <span>Zur\u00fcck zur \u00dcbersicht<\/span>\n      <\/button>\n    <\/div>\n    \n  <!-- HERO \/ TOP SPLIT -->\n  <div class=\"ue-hero\">\n    <div class=\"ue-hero-row\">\n\n      <!-- Header Image -->\n      <div class=\"ue-hero-media\">\n                  <img decoding=\"async\" class=\"ue-hero-img\"\n               src=\"https:\/\/akademien.katholisch.de\/wp-content\/uploads\/2025\/12\/profil_schwerte.jpg\"\n               alt=\"Archivnummer: 180316-93-000033\">\n                <div class=\"ue-hero-overlay\" aria-hidden=\"true\"><\/div>\n      <\/div>\n\n      <!-- Contact Panel -->\n      <div class=\"ue-hero-contact\">\n        <div class=\"ue-contact-kicker\">KONTAKT &amp; ADRESSE<\/div>\n\n        <div class=\"ue-contact-list\">\n                      <div class=\"ue-contact-item\">\n              <div class=\"ue-contact-label\">ANSCHRIFT<\/div>\n              <div class=\"ue-contact-value\">Bergerhofweg 24, D-58239 Schwerte<\/div>\n            <\/div>\n          \n                      <div class=\"ue-contact-item\">\n              <div class=\"ue-contact-label\">TELEFON<\/div>\n                              <a class=\"ue-contact-link\" href=\"tel:023044770\">02304 \/ 477 - 0<\/a>\n                          <\/div>\n          \n                      <div class=\"ue-contact-item\">\n              <div class=\"ue-contact-label\">E-MAIL<\/div>\n                              <a class=\"ue-contact-link\" href=\"mailto:info@akademie-schwerte.de\">info@akademie-schwerte.de<\/a>\n                          <\/div>\n          \n                      <div class=\"ue-contact-item\">\n              <div class=\"ue-contact-label\">WEBSEITE<\/div>\n                              <a class=\"ue-contact-link\" href=\"https:\/\/www.akademie-schwerte.de\" target=\"_blank\" rel=\"noopener\">www.akademie-schwerte.de<\/a>\n                          <\/div>\n                  <\/div>\n      <\/div>\n\n    <\/div>\n\n    <!-- Accent Line -->\n    <div class=\"ue-hero-accent\" aria-hidden=\"true\"><\/div>\n  <\/div>\n\n  <!-- SUBLINE (dein blauer Titel darunter) -->\n      <div class=\"ue-subline-wrap\">\n      <!--<div class=\"ue-subline-accent\" aria-hidden=\"true\"><\/div>-->\n      <div class=\"ue-subline\">Katholische Akademie Schwerte<\/div>\n    <\/div>\n  \n  <!-- MAIN CONTENT -->\n  <div class=\"ue-main\">\n    <div class=\"ue-main-grid\">\n\n      <!-- Portrait -->\n        \n      <!-- Quote -->\n      <div class=\"ue-quote-col\">\n\n        <div class=\"ue-quote-block\">\n          <div class=\"ue-quote-mark\" aria-hidden=\"true\">\u201c<\/div>\n\n          \n          <div class=\"ue-author-stack\">\n            <div class=\"ue-author-line-row\">\n              <span class=\"ue-author-line\" aria-hidden=\"true\"><\/span>\n              <span class=\"ue-author\">Msgr. Dr. Michael Menke-Peitzmeyer<\/span>\n            <\/div>\n            <div class=\"ue-author-role\">Akademiedirektor<\/div>\n          <\/div>\n        <\/div>\n\n        <!-- Social + CTA -->\n        <div class=\"ue-social-cta\">\n          \n                      <a class=\"ue-cta\" href=\"https:\/\/www.akademie-schwerte.de\">\n              <span class=\"ue-cta-text\">Mehr Infos<\/span>\n              <svg class=\"ue-cta-arrow\" viewBox=\"0 0 24 24\" aria-hidden=\"true\">\n                <path d=\"M14 5l7 7m0 0l-7 7m7-7H3\" fill=\"none\" stroke=\"currentColor\" stroke-width=\"2.5\" stroke-linecap=\"round\" stroke-linejoin=\"round\"\/>\n              <\/svg>\n            <\/a>\n                  <\/div>\n\n      <\/div>\n    <\/div>\n  <\/div>\n\n<\/section>\n\n\n<\/div>\n<div class=\"ue-loc-item\">\n  <!-- NAV-Button (links) -->\n  <button type=\"button\" class=\"ue-loc-navbtn\">\n    <span class=\"ue-loc-nav-title\">Siegburg<\/span>\n    <span class=\"ue-loc-nav-sub\">Akademie<\/span>\n    <span class=\"ue-loc-nav-mark\" aria-hidden=\"true\"><\/span>\n  <\/button>\n\n  <!-- PANEL (rechts) -->\n  <section class=\"ue-loc-panel\">\n\n    <div class=\"ue-panel-header\">\n      <button type=\"button\" class=\"ue-loc-closebtn\" aria-label=\"Zur\u00fcck zur \u00dcbersicht\">\n        <svg class=\"ue-close-icon\" viewBox=\"0 0 24 24\" aria-hidden=\"true\">\n          <path d=\"M19 12H5m7-7l-7 7 7 7\" fill=\"none\" stroke=\"currentColor\" stroke-width=\"2\" stroke-linecap=\"round\" stroke-linejoin=\"round\"\/>\n        <\/svg>\n        <span>Zur\u00fcck zur \u00dcbersicht<\/span>\n      <\/button>\n    <\/div>\n    \n  <!-- HERO \/ TOP SPLIT -->\n  <div class=\"ue-hero\">\n    <div class=\"ue-hero-row\">\n\n      <!-- Header Image -->\n      <div class=\"ue-hero-media\">\n                  <img decoding=\"async\" class=\"ue-hero-img\"\n               src=\"https:\/\/akademien.katholisch.de\/wp-content\/uploads\/2025\/12\/profil_siegburg.jpg\"\n               alt=\"Archivnummer: 180316-93-000033\">\n                <div class=\"ue-hero-overlay\" aria-hidden=\"true\"><\/div>\n      <\/div>\n\n      <!-- Contact Panel -->\n      <div class=\"ue-hero-contact\">\n        <div class=\"ue-contact-kicker\">KONTAKT &amp; ADRESSE<\/div>\n\n        <div class=\"ue-contact-list\">\n                      <div class=\"ue-contact-item\">\n              <div class=\"ue-contact-label\">ANSCHRIFT<\/div>\n              <div class=\"ue-contact-value\">Bergstr. 26, 53721 Siegburg<\/div>\n            <\/div>\n          \n                      <div class=\"ue-contact-item\">\n              <div class=\"ue-contact-label\">TELEFON<\/div>\n                              <a class=\"ue-contact-link\" href=\"tel:0224125170\">02241 \/ 2517 - 0<\/a>\n                          <\/div>\n          \n                      <div class=\"ue-contact-item\">\n              <div class=\"ue-contact-label\">E-MAIL<\/div>\n                              <a class=\"ue-contact-link\" href=\"mailto:info@ksi.de\">info@ksi.de<\/a>\n                          <\/div>\n          \n                      <div class=\"ue-contact-item\">\n              <div class=\"ue-contact-label\">WEBSEITE<\/div>\n                              <a class=\"ue-contact-link\" href=\"https:\/\/tagen.erzbistum-koeln.de\/ksi\" target=\"_blank\" rel=\"noopener\">tagen.erzbistum-koeln.de\/ksi<\/a>\n                          <\/div>\n                  <\/div>\n      <\/div>\n\n    <\/div>\n\n    <!-- Accent Line -->\n    <div class=\"ue-hero-accent\" aria-hidden=\"true\"><\/div>\n  <\/div>\n\n  <!-- SUBLINE (dein blauer Titel darunter) -->\n      <div class=\"ue-subline-wrap\">\n      <!--<div class=\"ue-subline-accent\" aria-hidden=\"true\"><\/div>-->\n      <div class=\"ue-subline\">KSI Siegburg<\/div>\n    <\/div>\n  \n  <!-- MAIN CONTENT -->\n  <div class=\"ue-main\">\n    <div class=\"ue-main-grid\">\n\n      <!-- Portrait -->\n        \n      <!-- Quote -->\n      <div class=\"ue-quote-col\">\n\n        <div class=\"ue-quote-block\">\n          <div class=\"ue-quote-mark\" aria-hidden=\"true\">\u201c<\/div>\n\n          \n          <div class=\"ue-author-stack\">\n            <div class=\"ue-author-line-row\">\n              <span class=\"ue-author-line\" aria-hidden=\"true\"><\/span>\n              <span class=\"ue-author\"><\/span>\n            <\/div>\n            <div class=\"ue-author-role\"><\/div>\n          <\/div>\n        <\/div>\n\n        <!-- Social + CTA -->\n        <div class=\"ue-social-cta\">\n                      <div class=\"ue-social\">\n              <div class=\"ue-social-label\">NETZWERK<\/div>\n              <div class=\"ue-social-icons\">\n\n                                  <a class=\"ue-iconbtn\" href=\"https:\/\/www.facebook.com\/ksisiegburg\" target=\"_blank\" rel=\"noopener\" aria-label=\"Facebook\">\n                    <svg viewBox=\"0 0 24 24\" aria-hidden=\"true\">\n                      <path d=\"M22 12a10 10 0 1 0-11.6 9.9v-7h-2.8V12h2.8V9.8c0-2.8 1.7-4.3 4.2-4.3\n                               1.2 0 2.5.2 2.5.2v2.7h-1.4c-1.4 0-1.8.9-1.8 1.7V12h3.1l-.5 2.9h-2.6v7A10\n                               10 0 0 0 22 12z\"\/>\n                    <\/svg>\n                  <\/a>\n                \n                \n                                  <a class=\"ue-iconbtn\" href=\"https:\/\/www.instagram.com\/katholisch_soziales_institut\/\" target=\"_blank\" rel=\"noopener\" aria-label=\"Instagram\">\n                    <svg viewBox=\"0 0 24 24\" aria-hidden=\"true\">\n                      <path d=\"M12 2.163c3.204 0 3.584.012 4.85.07 3.252.148 4.771 1.691 4.919 4.919.058 1.265.069 1.645.069 4.849 0 3.205-.012 3.584-.069 4.849-.149 3.225-1.664 4.771-4.919 4.919-1.266.058-1.644.07-4.85.07-3.204 0-3.584-.012-4.849-.07-3.26-.149-4.771-1.699-4.919-4.92-.058-1.265-.07-1.644-.07-4.849 0-3.204.013-3.583.07-4.849.149-3.227 1.664-4.771 4.919-4.919 1.266-.057 1.645-.069 4.849-.069zm0-2.163c-3.259 0-3.667.014-4.947.072-4.358.2-6.78 2.618-6.98 6.98-.059 1.281-.073 1.689-.073 4.948 0 3.259.014 3.668.072 4.948.2 4.358 2.618 6.78 6.98 6.98 1.281.058 1.689.072 4.948.072 3.259 0 3.668-.014 4.948-.072 4.354-.2 6.782-2.618 6.979-6.98.059-1.28.073-1.689.073-4.948 0-3.259-.014-3.667-.072-4.947-.196-4.354-2.617-6.78-6.979-6.98-1.281-.059-1.69-.073-4.949-.073z\"\/>\n                    <\/svg>\n                  <\/a>\n                \n              <\/div>\n            <\/div>\n          \n                      <a class=\"ue-cta\" href=\"https:\/\/tagen.erzbistum-koeln.de\/ksi\">\n              <span class=\"ue-cta-text\">Mehr Infos<\/span>\n              <svg class=\"ue-cta-arrow\" viewBox=\"0 0 24 24\" aria-hidden=\"true\">\n                <path d=\"M14 5l7 7m0 0l-7 7m7-7H3\" fill=\"none\" stroke=\"currentColor\" stroke-width=\"2.5\" stroke-linecap=\"round\" stroke-linejoin=\"round\"\/>\n              <\/svg>\n            <\/a>\n                  <\/div>\n\n      <\/div>\n    <\/div>\n  <\/div>\n\n<\/section>\n\n\n<\/div>\n<div class=\"ue-loc-item\">\n  <!-- NAV-Button (links) -->\n  <button type=\"button\" class=\"ue-loc-navbtn\">\n    <span class=\"ue-loc-nav-title\">Stuttgart<\/span>\n    <span class=\"ue-loc-nav-sub\">Akademie<\/span>\n    <span class=\"ue-loc-nav-mark\" aria-hidden=\"true\"><\/span>\n  <\/button>\n\n  <!-- PANEL (rechts) -->\n  <section class=\"ue-loc-panel\">\n\n    <div class=\"ue-panel-header\">\n      <button type=\"button\" class=\"ue-loc-closebtn\" aria-label=\"Zur\u00fcck zur \u00dcbersicht\">\n        <svg class=\"ue-close-icon\" viewBox=\"0 0 24 24\" aria-hidden=\"true\">\n          <path d=\"M19 12H5m7-7l-7 7 7 7\" fill=\"none\" stroke=\"currentColor\" stroke-width=\"2\" stroke-linecap=\"round\" stroke-linejoin=\"round\"\/>\n        <\/svg>\n        <span>Zur\u00fcck zur \u00dcbersicht<\/span>\n      <\/button>\n    <\/div>\n    \n  <!-- HERO \/ TOP SPLIT -->\n  <div class=\"ue-hero\">\n    <div class=\"ue-hero-row\">\n\n      <!-- Header Image -->\n      <div class=\"ue-hero-media\">\n                  <img decoding=\"async\" class=\"ue-hero-img\"\n               src=\"https:\/\/akademien.katholisch.de\/wp-content\/uploads\/2025\/12\/profil_stuttgart.jpg\"\n               alt=\"Archivnummer: 180316-93-000033\">\n                <div class=\"ue-hero-overlay\" aria-hidden=\"true\"><\/div>\n      <\/div>\n\n      <!-- Contact Panel -->\n      <div class=\"ue-hero-contact\">\n        <div class=\"ue-contact-kicker\">KONTAKT &amp; ADRESSE<\/div>\n\n        <div class=\"ue-contact-list\">\n                      <div class=\"ue-contact-item\">\n              <div class=\"ue-contact-label\">ANSCHRIFT<\/div>\n              <div class=\"ue-contact-value\">Im Schellenk\u00f6nig 61, 70184 Stuttgart<\/div>\n            <\/div>\n          \n                      <div class=\"ue-contact-item\">\n              <div class=\"ue-contact-label\">TELEFON<\/div>\n                              <a class=\"ue-contact-link\" href=\"tel:07111640600\">0711 \/ 1640 - 600<\/a>\n                          <\/div>\n          \n                      <div class=\"ue-contact-item\">\n              <div class=\"ue-contact-label\">E-MAIL<\/div>\n                              <a class=\"ue-contact-link\" href=\"mailto:info@akademie-rs.de\">info@akademie-rs.de<\/a>\n                          <\/div>\n          \n                      <div class=\"ue-contact-item\">\n              <div class=\"ue-contact-label\">WEBSEITE<\/div>\n                              <a class=\"ue-contact-link\" href=\"https:\/\/www.akademie-rs.de\" target=\"_blank\" rel=\"noopener\">www.akademie-rs.de<\/a>\n                          <\/div>\n                  <\/div>\n      <\/div>\n\n    <\/div>\n\n    <!-- Accent Line -->\n    <div class=\"ue-hero-accent\" aria-hidden=\"true\"><\/div>\n  <\/div>\n\n  <!-- SUBLINE (dein blauer Titel darunter) -->\n      <div class=\"ue-subline-wrap\">\n      <!--<div class=\"ue-subline-accent\" aria-hidden=\"true\"><\/div>-->\n      <div class=\"ue-subline\">Akademie Rottenburg-Stuttgart<\/div>\n    <\/div>\n  \n  <!-- MAIN CONTENT -->\n  <div class=\"ue-main\">\n    <div class=\"ue-main-grid\">\n\n      <!-- Portrait -->\n        \n      <!-- Quote -->\n      <div class=\"ue-quote-col\">\n\n        <div class=\"ue-quote-block\">\n          <div class=\"ue-quote-mark\" aria-hidden=\"true\">\u201c<\/div>\n\n          \n          <div class=\"ue-author-stack\">\n            <div class=\"ue-author-line-row\">\n              <span class=\"ue-author-line\" aria-hidden=\"true\"><\/span>\n              <span class=\"ue-author\"><\/span>\n            <\/div>\n            <div class=\"ue-author-role\">Akademiedirektorin<\/div>\n          <\/div>\n        <\/div>\n\n        <!-- Social + CTA -->\n        <div class=\"ue-social-cta\">\n          \n                      <a class=\"ue-cta\" href=\"https:\/\/www.akademie-rs.de\">\n              <span class=\"ue-cta-text\">Mehr Infos<\/span>\n              <svg class=\"ue-cta-arrow\" viewBox=\"0 0 24 24\" aria-hidden=\"true\">\n                <path d=\"M14 5l7 7m0 0l-7 7m7-7H3\" fill=\"none\" stroke=\"currentColor\" stroke-width=\"2.5\" stroke-linecap=\"round\" stroke-linejoin=\"round\"\/>\n              <\/svg>\n            <\/a>\n                  <\/div>\n\n      <\/div>\n    <\/div>\n  <\/div>\n\n<\/section>\n\n\n<\/div>\n<div class=\"ue-loc-item\">\n  <!-- NAV-Button (links) -->\n  <button type=\"button\" class=\"ue-loc-navbtn\">\n    <span class=\"ue-loc-nav-title\">W\u00fcrzburg<\/span>\n    <span class=\"ue-loc-nav-sub\">Akademie<\/span>\n    <span class=\"ue-loc-nav-mark\" aria-hidden=\"true\"><\/span>\n  <\/button>\n\n  <!-- PANEL (rechts) -->\n  <section class=\"ue-loc-panel\">\n\n    <div class=\"ue-panel-header\">\n      <button type=\"button\" class=\"ue-loc-closebtn\" aria-label=\"Zur\u00fcck zur \u00dcbersicht\">\n        <svg class=\"ue-close-icon\" viewBox=\"0 0 24 24\" aria-hidden=\"true\">\n          <path d=\"M19 12H5m7-7l-7 7 7 7\" fill=\"none\" stroke=\"currentColor\" stroke-width=\"2\" stroke-linecap=\"round\" stroke-linejoin=\"round\"\/>\n        <\/svg>\n        <span>Zur\u00fcck zur \u00dcbersicht<\/span>\n      <\/button>\n    <\/div>\n    \n  <!-- HERO \/ TOP SPLIT -->\n  <div class=\"ue-hero\">\n    <div class=\"ue-hero-row\">\n\n      <!-- Header Image -->\n      <div class=\"ue-hero-media\">\n                  <img decoding=\"async\" class=\"ue-hero-img\"\n               src=\"https:\/\/akademien.katholisch.de\/wp-content\/uploads\/2025\/12\/profil_wuerzburg.jpg\"\n               alt=\"Archivnummer: 180316-93-000033\">\n                <div class=\"ue-hero-overlay\" aria-hidden=\"true\"><\/div>\n      <\/div>\n\n      <!-- Contact Panel -->\n      <div class=\"ue-hero-contact\">\n        <div class=\"ue-contact-kicker\">KONTAKT &amp; ADRESSE<\/div>\n\n        <div class=\"ue-contact-list\">\n                      <div class=\"ue-contact-item\">\n              <div class=\"ue-contact-label\">ANSCHRIFT<\/div>\n              <div class=\"ue-contact-value\">Am Bruderhof 1, 97070 W\u00fcrzburg<\/div>\n            <\/div>\n          \n                      <div class=\"ue-contact-item\">\n              <div class=\"ue-contact-label\">TELEFON<\/div>\n                              <a class=\"ue-contact-link\" href=\"tel:093138643111\">0931 \/ 386 - 43 111<\/a>\n                          <\/div>\n          \n                      <div class=\"ue-contact-item\">\n              <div class=\"ue-contact-label\">E-MAIL<\/div>\n                              <a class=\"ue-contact-link\" href=\"mailto:info@domschule-wuerzburg.de\">info@domschule-wuerzburg.de<\/a>\n                          <\/div>\n          \n                      <div class=\"ue-contact-item\">\n              <div class=\"ue-contact-label\">WEBSEITE<\/div>\n                              <a class=\"ue-contact-link\" href=\"https:\/\/www.domschule-wuerzburg.de\" target=\"_blank\" rel=\"noopener\">www.domschule-wuerzburg.de<\/a>\n                          <\/div>\n                  <\/div>\n      <\/div>\n\n    <\/div>\n\n    <!-- Accent Line -->\n    <div class=\"ue-hero-accent\" aria-hidden=\"true\"><\/div>\n  <\/div>\n\n  <!-- SUBLINE (dein blauer Titel darunter) -->\n      <div class=\"ue-subline-wrap\">\n      <!--<div class=\"ue-subline-accent\" aria-hidden=\"true\"><\/div>-->\n      <div class=\"ue-subline\">Domschule W\u00fcrzburg<\/div>\n    <\/div>\n  \n  <!-- MAIN CONTENT -->\n  <div class=\"ue-main\">\n    <div class=\"ue-main-grid\">\n\n      <!-- Portrait -->\n                  <img decoding=\"async\" class=\"ue-portrait\" src=\"https:\/\/akademien.katholisch.de\/wp-content\/uploads\/2025\/12\/portrait_wuerzburg.png\" alt=\"\">\n        \n      <!-- Quote -->\n      <div class=\"ue-quote-col\">\n\n        <div class=\"ue-quote-block\">\n          <div class=\"ue-quote-mark\" aria-hidden=\"true\">\u201c<\/div>\n\n                      <blockquote class=\"ue-quote\">\u2026 schaffen Orte, an denen Menschen die Luft atmen k\u00f6nnen, die sie zum Leben brauchen<\/blockquote>\n          \n          <div class=\"ue-author-stack\">\n            <div class=\"ue-author-line-row\">\n              <span class=\"ue-author-line\" aria-hidden=\"true\"><\/span>\n              <span class=\"ue-author\">Dr. Rainer Dvorak<\/span>\n            <\/div>\n            <div class=\"ue-author-role\">Akademiedirektor<\/div>\n          <\/div>\n        <\/div>\n\n        <!-- Social + CTA -->\n        <div class=\"ue-social-cta\">\n                      <div class=\"ue-social\">\n              <div class=\"ue-social-label\">NETZWERK<\/div>\n              <div class=\"ue-social-icons\">\n\n                                  <a class=\"ue-iconbtn\" href=\"https:\/\/www.facebook.com\/Domschule\/\" target=\"_blank\" rel=\"noopener\" aria-label=\"Facebook\">\n                    <svg viewBox=\"0 0 24 24\" aria-hidden=\"true\">\n                      <path d=\"M22 12a10 10 0 1 0-11.6 9.9v-7h-2.8V12h2.8V9.8c0-2.8 1.7-4.3 4.2-4.3\n                               1.2 0 2.5.2 2.5.2v2.7h-1.4c-1.4 0-1.8.9-1.8 1.7V12h3.1l-.5 2.9h-2.6v7A10\n                               10 0 0 0 22 12z\"\/>\n                    <\/svg>\n                  <\/a>\n                \n                \n                \n              <\/div>\n            <\/div>\n          \n                      <a class=\"ue-cta\" href=\"https:\/\/www.domschule-wuerzburg.de\">\n              <span class=\"ue-cta-text\">Mehr Infos<\/span>\n              <svg class=\"ue-cta-arrow\" viewBox=\"0 0 24 24\" aria-hidden=\"true\">\n                <path d=\"M14 5l7 7m0 0l-7 7m7-7H3\" fill=\"none\" stroke=\"currentColor\" stroke-width=\"2.5\" stroke-linecap=\"round\" stroke-linejoin=\"round\"\/>\n              <\/svg>\n            <\/a>\n                  <\/div>\n\n      <\/div>\n    <\/div>\n  <\/div>\n\n<\/section>\n\n\n<\/div>\n<div class=\"ue-loc-item\">\n  <!-- NAV-Button (links) -->\n  <button type=\"button\" class=\"ue-loc-navbtn\">\n    <span class=\"ue-loc-nav-title\">Brixen<\/span>\n    <span class=\"ue-loc-nav-sub\">Akademie<\/span>\n    <span class=\"ue-loc-nav-mark\" aria-hidden=\"true\"><\/span>\n  <\/button>\n\n  <!-- PANEL (rechts) -->\n  <section class=\"ue-loc-panel\">\n\n    <div class=\"ue-panel-header\">\n      <button type=\"button\" class=\"ue-loc-closebtn\" aria-label=\"Zur\u00fcck zur \u00dcbersicht\">\n        <svg class=\"ue-close-icon\" viewBox=\"0 0 24 24\" aria-hidden=\"true\">\n          <path d=\"M19 12H5m7-7l-7 7 7 7\" fill=\"none\" stroke=\"currentColor\" stroke-width=\"2\" stroke-linecap=\"round\" stroke-linejoin=\"round\"\/>\n        <\/svg>\n        <span>Zur\u00fcck zur \u00dcbersicht<\/span>\n      <\/button>\n    <\/div>\n    \n  <!-- HERO \/ TOP SPLIT -->\n  <div class=\"ue-hero\">\n    <div class=\"ue-hero-row\">\n\n      <!-- Header Image -->\n      <div class=\"ue-hero-media\">\n                  <img decoding=\"async\" class=\"ue-hero-img\"\n               src=\"https:\/\/akademien.katholisch.de\/wp-content\/uploads\/2025\/12\/profil_brixen.jpg\"\n               alt=\"Archivnummer: 180316-93-000033\">\n                <div class=\"ue-hero-overlay\" aria-hidden=\"true\"><\/div>\n      <\/div>\n\n      <!-- Contact Panel -->\n      <div class=\"ue-hero-contact\">\n        <div class=\"ue-contact-kicker\">KONTAKT &amp; ADRESSE<\/div>\n\n        <div class=\"ue-contact-list\">\n                      <div class=\"ue-contact-item\">\n              <div class=\"ue-contact-label\">ANSCHRIFT<\/div>\n              <div class=\"ue-contact-value\">Seminarplatz 2, 39042 Brixen, S\u00fcdtirol (BZ), Italien<\/div>\n            <\/div>\n          \n                      <div class=\"ue-contact-item\">\n              <div class=\"ue-contact-label\">TELEFON<\/div>\n                              <a class=\"ue-contact-link\" href=\"tel:0433367030\">043 336 70 30<\/a>\n                          <\/div>\n          \n                      <div class=\"ue-contact-item\">\n              <div class=\"ue-contact-label\">E-MAIL<\/div>\n                              <a class=\"ue-contact-link\" href=\"mailto:info@cusanus.bz.it\">info@cusanus.bz.it<\/a>\n                          <\/div>\n          \n                      <div class=\"ue-contact-item\">\n              <div class=\"ue-contact-label\">WEBSEITE<\/div>\n                              <a class=\"ue-contact-link\" href=\"https:\/\/www.cusanus.bz.it\" target=\"_blank\" rel=\"noopener\">www.cusanus.bz.it<\/a>\n                          <\/div>\n                  <\/div>\n      <\/div>\n\n    <\/div>\n\n    <!-- Accent Line -->\n    <div class=\"ue-hero-accent\" aria-hidden=\"true\"><\/div>\n  <\/div>\n\n  <!-- SUBLINE (dein blauer Titel darunter) -->\n      <div class=\"ue-subline-wrap\">\n      <!--<div class=\"ue-subline-accent\" aria-hidden=\"true\"><\/div>-->\n      <div class=\"ue-subline\">Cusanus-Akademie Brixen<\/div>\n    <\/div>\n  \n  <!-- MAIN CONTENT -->\n  <div class=\"ue-main\">\n    <div class=\"ue-main-grid\">\n\n      <!-- Portrait -->\n        \n      <!-- Quote -->\n      <div class=\"ue-quote-col\">\n\n        <div class=\"ue-quote-block\">\n          <div class=\"ue-quote-mark\" aria-hidden=\"true\">\u201c<\/div>\n\n          \n          <div class=\"ue-author-stack\">\n            <div class=\"ue-author-line-row\">\n              <span class=\"ue-author-line\" aria-hidden=\"true\"><\/span>\n              <span class=\"ue-author\"><\/span>\n            <\/div>\n            <div class=\"ue-author-role\"><\/div>\n          <\/div>\n        <\/div>\n\n        <!-- Social + CTA -->\n        <div class=\"ue-social-cta\">\n                      <div class=\"ue-social\">\n              <div class=\"ue-social-label\">NETZWERK<\/div>\n              <div class=\"ue-social-icons\">\n\n                                  <a class=\"ue-iconbtn\" href=\"https:\/\/www.facebook.com\/Cusanus.Akademie\/\" target=\"_blank\" rel=\"noopener\" aria-label=\"Facebook\">\n                    <svg viewBox=\"0 0 24 24\" aria-hidden=\"true\">\n                      <path d=\"M22 12a10 10 0 1 0-11.6 9.9v-7h-2.8V12h2.8V9.8c0-2.8 1.7-4.3 4.2-4.3\n                               1.2 0 2.5.2 2.5.2v2.7h-1.4c-1.4 0-1.8.9-1.8 1.7V12h3.1l-.5 2.9h-2.6v7A10\n                               10 0 0 0 22 12z\"\/>\n                    <\/svg>\n                  <\/a>\n                \n                \n                \n              <\/div>\n            <\/div>\n          \n                      <a class=\"ue-cta\" href=\"https:\/\/www.cusanus.bz.it\">\n              <span class=\"ue-cta-text\">Mehr Infos<\/span>\n              <svg class=\"ue-cta-arrow\" viewBox=\"0 0 24 24\" aria-hidden=\"true\">\n                <path d=\"M14 5l7 7m0 0l-7 7m7-7H3\" fill=\"none\" stroke=\"currentColor\" stroke-width=\"2.5\" stroke-linecap=\"round\" stroke-linejoin=\"round\"\/>\n              <\/svg>\n            <\/a>\n                  <\/div>\n\n      <\/div>\n    <\/div>\n  <\/div>\n\n<\/section>\n\n\n<\/div>\n<div class=\"ue-loc-item\">\n  <!-- NAV-Button (links) -->\n  <button type=\"button\" class=\"ue-loc-navbtn\">\n    <span class=\"ue-loc-nav-title\">Wien<\/span>\n    <span class=\"ue-loc-nav-sub\">Akademie<\/span>\n    <span class=\"ue-loc-nav-mark\" aria-hidden=\"true\"><\/span>\n  <\/button>\n\n  <!-- PANEL (rechts) -->\n  <section class=\"ue-loc-panel\">\n\n    <div class=\"ue-panel-header\">\n      <button type=\"button\" class=\"ue-loc-closebtn\" aria-label=\"Zur\u00fcck zur \u00dcbersicht\">\n        <svg class=\"ue-close-icon\" viewBox=\"0 0 24 24\" aria-hidden=\"true\">\n          <path d=\"M19 12H5m7-7l-7 7 7 7\" fill=\"none\" stroke=\"currentColor\" stroke-width=\"2\" stroke-linecap=\"round\" stroke-linejoin=\"round\"\/>\n        <\/svg>\n        <span>Zur\u00fcck zur \u00dcbersicht<\/span>\n      <\/button>\n    <\/div>\n    \n  <!-- HERO \/ TOP SPLIT -->\n  <div class=\"ue-hero\">\n    <div class=\"ue-hero-row\">\n\n      <!-- Header Image -->\n      <div class=\"ue-hero-media\">\n                  <img decoding=\"async\" class=\"ue-hero-img\"\n               src=\"https:\/\/akademien.katholisch.de\/wp-content\/uploads\/2025\/12\/profil_wien.jpg\"\n               alt=\"Archivnummer: 180316-93-000033\">\n                <div class=\"ue-hero-overlay\" aria-hidden=\"true\"><\/div>\n      <\/div>\n\n      <!-- Contact Panel -->\n      <div class=\"ue-hero-contact\">\n        <div class=\"ue-contact-kicker\">KONTAKT &amp; ADRESSE<\/div>\n\n        <div class=\"ue-contact-list\">\n                      <div class=\"ue-contact-item\">\n              <div class=\"ue-contact-label\">ANSCHRIFT<\/div>\n              <div class=\"ue-contact-value\">Stephansplatz 3, 1010 Wien<\/div>\n            <\/div>\n          \n                      <div class=\"ue-contact-item\">\n              <div class=\"ue-contact-label\">TELEFON<\/div>\n                              <a class=\"ue-contact-link\" href=\"tel:+431515523708\">+43 \/ 1 \/ 51552 - 3708<\/a>\n                          <\/div>\n          \n                      <div class=\"ue-contact-item\">\n              <div class=\"ue-contact-label\">E-MAIL<\/div>\n                              <a class=\"ue-contact-link\" href=\"mailto:akademie-am-dom@theologischekurse.at\">akademie-am-dom@theologischekurse.at<\/a>\n                          <\/div>\n          \n                      <div class=\"ue-contact-item\">\n              <div class=\"ue-contact-label\">WEBSEITE<\/div>\n                              <a class=\"ue-contact-link\" href=\"https:\/\/www.theologischekurse.at\" target=\"_blank\" rel=\"noopener\">www.theologischekurse.at<\/a>\n                          <\/div>\n                  <\/div>\n      <\/div>\n\n    <\/div>\n\n    <!-- Accent Line -->\n    <div class=\"ue-hero-accent\" aria-hidden=\"true\"><\/div>\n  <\/div>\n\n  <!-- SUBLINE (dein blauer Titel darunter) -->\n      <div class=\"ue-subline-wrap\">\n      <!--<div class=\"ue-subline-accent\" aria-hidden=\"true\"><\/div>-->\n      <div class=\"ue-subline\">AKADEMIE am DOM - THEOLOGISCHE KURSE<\/div>\n    <\/div>\n  \n  <!-- MAIN CONTENT -->\n  <div class=\"ue-main\">\n    <div class=\"ue-main-grid\">\n\n      <!-- Portrait -->\n                  <img decoding=\"async\" class=\"ue-portrait\" src=\"https:\/\/akademien.katholisch.de\/wp-content\/uploads\/2025\/12\/portrait_wien.png\" alt=\"\">\n        \n      <!-- Quote -->\n      <div class=\"ue-quote-col\">\n\n        <div class=\"ue-quote-block\">\n          <div class=\"ue-quote-mark\" aria-hidden=\"true\">\u201c<\/div>\n\n                      <blockquote class=\"ue-quote\">\u2026 ein Raum des Lernens, des ungehinderten Fragens und des offenen Gespr\u00e4chs<\/blockquote>\n          \n          <div class=\"ue-author-stack\">\n            <div class=\"ue-author-line-row\">\n              <span class=\"ue-author-line\" aria-hidden=\"true\"><\/span>\n              <span class=\"ue-author\">Mag. Erhard Lesacher<\/span>\n            <\/div>\n            <div class=\"ue-author-role\">Akademiedirektor<\/div>\n          <\/div>\n        <\/div>\n\n        <!-- Social + CTA -->\n        <div class=\"ue-social-cta\">\n                      <div class=\"ue-social\">\n              <div class=\"ue-social-label\">NETZWERK<\/div>\n              <div class=\"ue-social-icons\">\n\n                                  <a class=\"ue-iconbtn\" href=\"https:\/\/www.facebook.com\/Theologische-Kurse-1654028211551133\/timeline\" target=\"_blank\" rel=\"noopener\" aria-label=\"Facebook\">\n                    <svg viewBox=\"0 0 24 24\" aria-hidden=\"true\">\n                      <path d=\"M22 12a10 10 0 1 0-11.6 9.9v-7h-2.8V12h2.8V9.8c0-2.8 1.7-4.3 4.2-4.3\n                               1.2 0 2.5.2 2.5.2v2.7h-1.4c-1.4 0-1.8.9-1.8 1.7V12h3.1l-.5 2.9h-2.6v7A10\n                               10 0 0 0 22 12z\"\/>\n                    <\/svg>\n                  <\/a>\n                \n                \n                                  <a class=\"ue-iconbtn\" href=\"https:\/\/www.instagram.com\/theologische_kurse\/\" target=\"_blank\" rel=\"noopener\" aria-label=\"Instagram\">\n                    <svg viewBox=\"0 0 24 24\" aria-hidden=\"true\">\n                      <path d=\"M12 2.163c3.204 0 3.584.012 4.85.07 3.252.148 4.771 1.691 4.919 4.919.058 1.265.069 1.645.069 4.849 0 3.205-.012 3.584-.069 4.849-.149 3.225-1.664 4.771-4.919 4.919-1.266.058-1.644.07-4.85.07-3.204 0-3.584-.012-4.849-.07-3.26-.149-4.771-1.699-4.919-4.92-.058-1.265-.07-1.644-.07-4.849 0-3.204.013-3.583.07-4.849.149-3.227 1.664-4.771 4.919-4.919 1.266-.057 1.645-.069 4.849-.069zm0-2.163c-3.259 0-3.667.014-4.947.072-4.358.2-6.78 2.618-6.98 6.98-.059 1.281-.073 1.689-.073 4.948 0 3.259.014 3.668.072 4.948.2 4.358 2.618 6.78 6.98 6.98 1.281.058 1.689.072 4.948.072 3.259 0 3.668-.014 4.948-.072 4.354-.2 6.782-2.618 6.979-6.98.059-1.28.073-1.689.073-4.948 0-3.259-.014-3.667-.072-4.947-.196-4.354-2.617-6.78-6.979-6.98-1.281-.059-1.69-.073-4.949-.073z\"\/>\n                    <\/svg>\n                  <\/a>\n                \n              <\/div>\n            <\/div>\n          \n                      <a class=\"ue-cta\" href=\"https:\/\/www.theologischekurse.at\">\n              <span class=\"ue-cta-text\">Mehr Infos<\/span>\n              <svg class=\"ue-cta-arrow\" viewBox=\"0 0 24 24\" aria-hidden=\"true\">\n                <path d=\"M14 5l7 7m0 0l-7 7m7-7H3\" fill=\"none\" stroke=\"currentColor\" stroke-width=\"2.5\" stroke-linecap=\"round\" stroke-linejoin=\"round\"\/>\n              <\/svg>\n            <\/a>\n                  <\/div>\n\n      <\/div>\n    <\/div>\n  <\/div>\n\n<\/section>\n\n\n<\/div>\n<div class=\"ue-loc-item\">\n  <!-- NAV-Button (links) -->\n  <button type=\"button\" class=\"ue-loc-navbtn\">\n    <span class=\"ue-loc-nav-title\">Z\u00fcrich<\/span>\n    <span class=\"ue-loc-nav-sub\">Akademie<\/span>\n    <span class=\"ue-loc-nav-mark\" aria-hidden=\"true\"><\/span>\n  <\/button>\n\n  <!-- PANEL (rechts) -->\n  <section class=\"ue-loc-panel\">\n\n    <div class=\"ue-panel-header\">\n      <button type=\"button\" class=\"ue-loc-closebtn\" aria-label=\"Zur\u00fcck zur \u00dcbersicht\">\n        <svg class=\"ue-close-icon\" viewBox=\"0 0 24 24\" aria-hidden=\"true\">\n          <path d=\"M19 12H5m7-7l-7 7 7 7\" fill=\"none\" stroke=\"currentColor\" stroke-width=\"2\" stroke-linecap=\"round\" stroke-linejoin=\"round\"\/>\n        <\/svg>\n        <span>Zur\u00fcck zur \u00dcbersicht<\/span>\n      <\/button>\n    <\/div>\n    \n  <!-- HERO \/ TOP SPLIT -->\n  <div class=\"ue-hero\">\n    <div class=\"ue-hero-row\">\n\n      <!-- Header Image -->\n      <div class=\"ue-hero-media\">\n                  <img decoding=\"async\" class=\"ue-hero-img\"\n               src=\"https:\/\/akademien.katholisch.de\/wp-content\/uploads\/2025\/12\/profil_zuerich.jpg\"\n               alt=\"Archivnummer: 180316-93-000033\">\n                <div class=\"ue-hero-overlay\" aria-hidden=\"true\"><\/div>\n      <\/div>\n\n      <!-- Contact Panel -->\n      <div class=\"ue-hero-contact\">\n        <div class=\"ue-contact-kicker\">KONTAKT &amp; ADRESSE<\/div>\n\n        <div class=\"ue-contact-list\">\n                      <div class=\"ue-contact-item\">\n              <div class=\"ue-contact-label\">ANSCHRIFT<\/div>\n              <div class=\"ue-contact-value\">Pfingstweidstrasse 28, 8005 Z\u00fcrich<\/div>\n            <\/div>\n          \n                      <div class=\"ue-contact-item\">\n              <div class=\"ue-contact-label\">TELEFON<\/div>\n                              <a class=\"ue-contact-link\" href=\"tel:0433367030\">043 336 70 30<\/a>\n                          <\/div>\n          \n                      <div class=\"ue-contact-item\">\n              <div class=\"ue-contact-label\">E-MAIL<\/div>\n                              <a class=\"ue-contact-link\" href=\"mailto:info@paulusakademie.ch\">info@paulusakademie.ch<\/a>\n                          <\/div>\n          \n                      <div class=\"ue-contact-item\">\n              <div class=\"ue-contact-label\">WEBSEITE<\/div>\n                              <a class=\"ue-contact-link\" href=\"https:\/\/www.paulusakademie.ch\" target=\"_blank\" rel=\"noopener\">www.paulusakademie.ch<\/a>\n                          <\/div>\n                  <\/div>\n      <\/div>\n\n    <\/div>\n\n    <!-- Accent Line -->\n    <div class=\"ue-hero-accent\" aria-hidden=\"true\"><\/div>\n  <\/div>\n\n  <!-- SUBLINE (dein blauer Titel darunter) -->\n      <div class=\"ue-subline-wrap\">\n      <!--<div class=\"ue-subline-accent\" aria-hidden=\"true\"><\/div>-->\n      <div class=\"ue-subline\">Paulus Akademie Z\u00fcrich<\/div>\n    <\/div>\n  \n  <!-- MAIN CONTENT -->\n  <div class=\"ue-main\">\n    <div class=\"ue-main-grid\">\n\n      <!-- Portrait -->\n                  <img decoding=\"async\" class=\"ue-portrait\" src=\"https:\/\/akademien.katholisch.de\/wp-content\/uploads\/2025\/12\/portrait_zuerich.png\" alt=\"\">\n        \n      <!-- Quote -->\n      <div class=\"ue-quote-col\">\n\n        <div class=\"ue-quote-block\">\n          <div class=\"ue-quote-mark\" aria-hidden=\"true\">\u201c<\/div>\n\n                      <blockquote class=\"ue-quote\">... wollen als Orte des Dialogs zu Fragen der Zeit sich f\u00fcr die freie Mitverantwortung des Menschen in Kirche und Gesellschaft engagieren.<\/blockquote>\n          \n          <div class=\"ue-author-stack\">\n            <div class=\"ue-author-line-row\">\n              <span class=\"ue-author-line\" aria-hidden=\"true\"><\/span>\n              <span class=\"ue-author\">Csongor Kozma<\/span>\n            <\/div>\n            <div class=\"ue-author-role\">Akademiedirektor<\/div>\n          <\/div>\n        <\/div>\n\n        <!-- Social + CTA -->\n        <div class=\"ue-social-cta\">\n                      <div class=\"ue-social\">\n              <div class=\"ue-social-label\">NETZWERK<\/div>\n              <div class=\"ue-social-icons\">\n\n                                  <a class=\"ue-iconbtn\" href=\"https:\/\/www.facebook.com\/paulusakademie\" target=\"_blank\" rel=\"noopener\" aria-label=\"Facebook\">\n                    <svg viewBox=\"0 0 24 24\" aria-hidden=\"true\">\n                      <path d=\"M22 12a10 10 0 1 0-11.6 9.9v-7h-2.8V12h2.8V9.8c0-2.8 1.7-4.3 4.2-4.3\n                               1.2 0 2.5.2 2.5.2v2.7h-1.4c-1.4 0-1.8.9-1.8 1.7V12h3.1l-.5 2.9h-2.6v7A10\n                               10 0 0 0 22 12z\"\/>\n                    <\/svg>\n                  <\/a>\n                \n                \n                \n              <\/div>\n            <\/div>\n          \n                      <a class=\"ue-cta\" href=\"https:\/\/www.paulusakademie.ch\">\n              <span class=\"ue-cta-text\">Mehr Infos<\/span>\n              <svg class=\"ue-cta-arrow\" viewBox=\"0 0 24 24\" aria-hidden=\"true\">\n                <path d=\"M14 5l7 7m0 0l-7 7m7-7H3\" fill=\"none\" stroke=\"currentColor\" stroke-width=\"2.5\" stroke-linecap=\"round\" stroke-linejoin=\"round\"\/>\n              <\/svg>\n            <\/a>\n                  <\/div>\n\n      <\/div>\n    <\/div>\n  <\/div>\n\n<\/section>\n\n\n<\/div>\n\n  <\/div>\n\n<\/main>\n\n  <\/div>\n<\/div>\n<!-- end Standorte Detail -->\t\t\t\t<\/div>\n\t\t\t\t<\/div>\n\t\t\t\t\t<\/div>\n\t\t\t\t<\/div>\n\t\t\t\t<\/div>\n\t\t","protected":false},"excerpt":{"rendered":"<p>\u00dcbersichtskarte der katholischen Akademien Akademie w\u00e4hlen \u00a9 Katholische Akademien 2025 Die Katholischen Akademien Hier finden Sie die Standorte aller katholischen Akademien im deutschsprachigen Raum \u2013 von Aachen bis Z\u00fcrich. Klicken Sie auf einen Standort, um mehr \u00fcber die jeweilige Akademie zu erfahren. Katholische Akademien sind gesellschaftliche Laboratorien. Sie arbeiten an Grenzen, die zugleich Schwellen sind: [&hellip;]<\/p>\n","protected":false},"author":1,"featured_media":0,"parent":0,"menu_order":0,"comment_status":"closed","ping_status":"closed","template":"","meta":{"footnotes":""},"class_list":["post-9","page","type-page","status-publish","hentry"],"_links":{"self":[{"href":"https:\/\/akademien.katholisch.de\/index.php?rest_route=\/wp\/v2\/pages\/9","targetHints":{"allow":["GET"]}}],"collection":[{"href":"https:\/\/akademien.katholisch.de\/index.php?rest_route=\/wp\/v2\/pages"}],"about":[{"href":"https:\/\/akademien.katholisch.de\/index.php?rest_route=\/wp\/v2\/types\/page"}],"author":[{"embeddable":true,"href":"https:\/\/akademien.katholisch.de\/index.php?rest_route=\/wp\/v2\/users\/1"}],"replies":[{"embeddable":true,"href":"https:\/\/akademien.katholisch.de\/index.php?rest_route=%2Fwp%2Fv2%2Fcomments&post=9"}],"version-history":[{"count":135,"href":"https:\/\/akademien.katholisch.de\/index.php?rest_route=\/wp\/v2\/pages\/9\/revisions"}],"predecessor-version":[{"id":242,"href":"https:\/\/akademien.katholisch.de\/index.php?rest_route=\/wp\/v2\/pages\/9\/revisions\/242"}],"wp:attachment":[{"href":"https:\/\/akademien.katholisch.de\/index.php?rest_route=%2Fwp%2Fv2%2Fmedia&parent=9"}],"curies":[{"name":"wp","href":"https:\/\/api.w.org\/{rel}","templated":true}]}}